{"id":3273,"date":"2020-08-11T19:20:34","date_gmt":"2020-08-11T19:20:34","guid":{"rendered":"https:\/\/multimediamenard.org\/?page_id=3273"},"modified":"2020-08-11T20:49:45","modified_gmt":"2020-08-11T20:49:45","slug":"m-s-a-provincia-de-canada","status":"publish","type":"page","link":"https:\/\/multimediamenard.org\/en\/m-s-a-provincia-de-canada\/","title":{"rendered":"PROVINCE OF CANADA"},"content":{"rendered":"<div id=\"pl-3273\"  class=\"panel-layout\" ><div id=\"pg-3273-0\"  class=\"panel-grid panel-no-style\" ><div id=\"pgc-3273-0-0\"  class=\"panel-grid-cell panel-grid-cell-empty\" ><\/div><div id=\"pgc-3273-0-1\"  class=\"panel-grid-cell panel-grid-cell-mobile-last\" ><div id=\"panel-3273-0-1-0\" class=\"so-panel widget widget_sow-editor panel-first-child\" data-index=\"0\" ><div\n\t\t\t\n\t\t\tclass=\"so-widget-sow-editor so-widget-sow-editor-base\"\n\t\t\t\n\t\t>\n<div class=\"siteorigin-widget-tinymce textwidget\">\n\t<h3><img decoding=\"async\" class=\"size-full wp-image-3232 alignleft\" src=\"https:\/\/multimediamenard.org\/wp-content\/uploads\/2020\/08\/Foto_02_08_2020.png\" alt=\"\" width=\"253\" height=\"192\" \/><\/h3>\n<h3><em>\"Many of the m.s.a. workers in the \"Provincial Vineyard\" have reached the biblical age, the age of the brave.\u00a0 Their attachment to the family has not grown old; they are witnesses who challenge us with their ever-present concern for the Work to be continued; if physically they have laid down their apron, they always carry it in their heart and trust in Providence.<\/em><\/h3>\n<h3><em>\u00a0\u00a0\u00a0\u00a0\u00a0\u00a0\u00a0\u00a0\u00a0\u00a0\u00a0 The Msa Province of Canada joyfully accompanies the Delegation of Africa.\u00a0 There too, as in the past in the Society, we meet members who are attentive and generous in their concern to give priests to the Church and to accompany them.\u00a0 It is and will be indispensable to give priority to the preparation of these accompaniers.<\/em><\/h3>\n<h3><em>\u00a0\u00a0\u00a0\u00a0\u00a0\u00a0\u00a0\u00a0\u00a0\u00a0\u00a0 It is our wish that we be concerned about our community life, the source of all vital development of the Work entrusted to us by the Church in the name of Christ the Lord.<\/em><\/h3>\n<h3><em>\u00a0\u00a0\u00a0\u00a0\u00a0\u00a0\u00a0\u00a0\u00a0\u00a0\u00a0 This community life cannot be the project of a single person according to his or her individual objectives.\u00a0 The solidity of a building depends on the precious place of each stone and its adherence to its neighbor.<\/em><\/h3>\n<h3><em>\u00a0\u00a0\u00a0\u00a0\u00a0\u00a0\u00a0\u00a0\u00a0\u00a0\u00a0 If this community life requires openness to each person, it would benefit from being strengthened by the discovery and greater knowledge of the Msa communities living in other Provinces, Delegations, Local Communities of various countries or continents.<\/em><\/h3>\n<h3><em>\u00a0\u00a0\u00a0\u00a0\u00a0\u00a0\u00a0\u00a0\u00a0\u00a0\u00a0 Finally, it will be greatly favoured if the different levels of authority, of the service of communion, meet regularly at the same table. <\/em><\/h3>\n<h3><em>\u00a0\u00a0\u00a0\u00a0\u00a0\u00a0\u00a0\u00a0\u00a0\u00a0\u00a0 This is what concerns me essentially and what the confreres have shared their wishes with me.\u00a0 The fact remains that through our differences, our challenges, we are attached to the Work, to its history, concerned about carrying out the legacy of our founders, Fr. Eus\u00e8be and M. Durand. \u00bb<\/em><\/h3>\n<h3><strong>Yvon Jutras, M.S.A. <\/strong><\/h3>\n<h3>At the 2017 General Assembly in Colombia.<\/h3>\n<\/p>\n<h3><\/h3>\n<\/div>\n<\/div><\/div><div id=\"panel-3273-0-1-1\" class=\"so-panel widget widget_sow-accordion panel-last-child\" data-index=\"1\" ><div\n\t\t\t\n\t\t\tclass=\"so-widget-sow-accordion so-widget-sow-accordion-default-9ab81f6899c1-3273\"\n\t\t\t data-max-open-panels=\"0\" data-use-anchor-tags=\"false\" data-initial-scroll-panel=\"0\"\n\t\t><h3 class=\"widget-title\">Province of Canada<\/h3><div>\n\t<div class=\"sow-accordion\">\n\t\t\t<div class=\"sow-accordion-panel\n\t\t\t\t\t\"\n\t\t\t\tdata-anchor-id=\"1-presentation\">\n\t\t\t\t\t<div class=\"sow-accordion-panel-header-container\" role=\"heading\" aria-level=\"2\">\n\t\t\t\t\t<div class=\"sow-accordion-panel-header\" tabindex=\"0\" role=\"button\" id=\"accordion-label-1-presentation\" aria-controls=\"accordion-content-1-presentation\" aria-expanded=\"false\">\n\t\t\t\t\t\t<div class=\"sow-accordion-title sow-accordion-title-icon-left\">\n\t\t\t\t\t\t\t\t\t\t\t\t\t\t1.PRESENTATION\t\t\t\t\t\t\t\t\t\t\t\t\t<\/div>\n\t\t\t\t\t\t<div class=\"sow-accordion-open-close-button\">\n\t\t\t\t\t\t\t<div class=\"sow-accordion-open-button\">\n\t\t\t\t\t\t\t\t<span class=\"sow-icon-fontawesome sow-fas\" data-sow-icon=\"&#x2b;\"\n\t\t \n\t\taria-hidden=\"true\"><\/span>\t\t\t\t\t\t\t<\/div>\n\t\t\t\t\t\t\t<div class=\"sow-accordion-close-button\">\n\t\t\t\t\t\t\t\t<span class=\"sow-icon-fontawesome sow-fas\" data-sow-icon=\"&#xf068;\"\n\t\t \n\t\taria-hidden=\"true\"><\/span>\t\t\t\t\t\t\t<\/div>\n\t\t\t\t\t\t<\/div>\n\t\t\t\t\t<\/div>\n\t\t\t\t<\/div>\n\n\t\t\t<div\n\t\t\t\tclass=\"sow-accordion-panel-content\"\n\t\t\t\trole=\"region\"\n\t\t\t\taria-labelledby=\"accordion-label-1-presentation\"\n\t\t\t\tid=\"accordion-content-1-presentation\"\n\t\t\t\tstyle=\"display: none;\"\t\t\t>\n\t\t\t\t<div class=\"sow-accordion-panel-border\">\n\t\t\t\t\t<h3><\/h3>\n<h3><strong>1.2.4 La collaboration avec les la\u00efcs<\/strong><\/h3>\n<ul>\n<li>\n<h3>Pour la gestion des biens communautaires, sp\u00e9cialement la COSA, le secr\u00e9tariat et l\u2019\u00e9conomat.<\/h3>\n<\/li>\n<li>\n<h3>L\u2019Animation, la gestion, le b\u00e9n\u00e9volat au Centre Marial Dioc\u00e9sain Marie-Reine-des-C\u0153urs et la promotion de p\u00e8lerinages (Partenaires de Marie).<\/h3>\n<\/li>\n<li>\n<h3>L\u2019implication dans les divers mouvements spirituels.<\/h3>\n<\/li>\n<\/ul>\n<h3><\/h3>\n<h3><strong><img decoding=\"async\" class=\"size-full wp-image-3233 alignleft\" src=\"https:\/\/multimediamenard.org\/wp-content\/uploads\/2020\/08\/Foto_03_08_2020.png\" alt=\"\" width=\"210\" height=\"158\" \/>1.1 Summary Description of the Province<\/strong><\/h3>\n<h3>The Delegation of Africa depends on the Province of Canada.<\/h3>\n<h3><\/h3>\n<h3><strong>1.1.1 Members<\/strong><\/h3>\n<ul>\n<li>\n<h3>We are currently 29 members with definite promises, whose average age is 82.5 years. Only two confreres are under 65 years of age, about ten have an active full-time ministry, including those assigned to community services.<\/h3>\n<\/li>\n<li>\n<h3>During the last few years, we have no members in formation (aspirants, postulants, probanist\u2026.)<\/h3>\n<\/li>\n<\/ul>\n<h3><\/h3>\n<h3><strong><em>1.1.2 Works<\/em><\/strong><\/h3>\n<ul>\n<li>\n<h3>Diocesan Marian Centre Marie-Reine-des-C\u0153urs.<\/h3>\n<\/li>\n<li>\n<h3>Delegation of Africa.<\/h3>\n<\/li>\n<li>\n<h3>Charismatic Centre of the Jordan River.<\/h3>\n<\/li>\n<li>\n<h3>Collaboration with Cromwell Seminary.<\/h3>\n<\/li>\n<li>\n<h3>Management and animation of voluntary work in the Monasteries of France.<\/h3>\n<\/li>\n<li>\n<h3>Periodically the Vocational Centre of Assisi.<\/h3>\n<\/li>\n<\/ul>\n<h3><\/h3>\n<h3><strong><em>1.1.3 Apostolates<\/em><\/strong><\/h3>\n<ul>\n<li>\n<h3>Preaching<\/h3>\n<\/li>\n<li>\n<h3>Parish communities.<\/h3>\n<\/li>\n<li>\n<h3>Chaplaincies<\/h3>\n<\/li>\n<li>\n<h3>Movements and associations.<\/h3>\n<\/li>\n<li>\n<h3>Collaboration with the laity.<\/h3>\n<\/li>\n<li>\n<h3>Spiritual accompaniment.<\/h3>\n<\/li>\n<li>\n<h3>Teaching<\/h3>\n<\/li>\n<li>\n<h3>Administration<\/h3>\n<\/li>\n<\/ul>\n<h3><strong><em>1.2 Our Commitment (Art.11)<\/em><\/strong><\/h3>\n<h3><strong><em>1.2.1 Charism and mission<\/em><\/strong><\/h3>\n<h3><strong><em><img decoding=\"async\" class=\"size-full wp-image-3234 alignleft\" src=\"https:\/\/multimediamenard.org\/wp-content\/uploads\/2020\/08\/Foto_04_08_2020.png\" alt=\"\" width=\"245\" height=\"185\" \/><\/em><\/strong><\/h3>\n<ul>\n<li>\n<h3>The many pensioners are fervent in prayer.<\/h3>\n<\/li>\n<li>\n<h3>Our charism is mainly exercised in preaching, accompaniment, animation of spiritual movements.<\/h3>\n<\/li>\n<\/ul>\n<h3><\/h3>\n<h3><\/h3>\n<h3><\/h3>\n<h3><\/h3>\n<h3><strong><em>1.2.2 Apostolic life\u00a0<\/em><\/strong><\/h3>\n<h3><strong><em><img loading=\"lazy\" decoding=\"async\" class=\"size-full wp-image-3235 alignleft\" src=\"https:\/\/multimediamenard.org\/wp-content\/uploads\/2020\/08\/Foto_05_08_2020.png\" alt=\"\" width=\"194\" height=\"135\" \/><\/em><\/strong><\/h3>\n<ul>\n<li>\n<h3>Another is a full-time chaplain to the elderly.<\/h3>\n<\/li>\n<li>\n<h3>Another is Father of a Foyer de Charit\u00e9.<\/h3>\n<\/li>\n<li>\n<h3>Preaching retreats.<\/h3>\n<\/li>\n<li>\n<h3>Occasional help and parish administration.<\/h3>\n<\/li>\n<li>\n<h3>Spiritual animation in the movements (Cursillo, Charismatic Renewal, Knights of Columbus, etc.).<\/h3>\n<\/li>\n<\/ul>\n<h3><\/h3>\n<h3><strong><em>1.2.3 Fraternal life<\/em><\/strong><\/h3>\n<h3><img loading=\"lazy\" decoding=\"async\" class=\"size-full wp-image-3236 alignleft\" src=\"https:\/\/multimediamenard.org\/wp-content\/uploads\/2020\/08\/Foto_06_08_2020.png\" alt=\"\" width=\"203\" height=\"153\" \/><\/h3>\n<ul>\n<li>\n<h3>A certain number of confreres live in fraternity and those who live alone are grouped together.<\/h3>\n<\/li>\n<\/ul>\n<h3>To a local community.<\/h3>\n<ul>\n<li>\n<h3>Some confreres are in retirement homes.<\/h3>\n<\/li>\n<li>\n<h3>Community gatherings (retreats, liturgical feasts, jubilees, etc.) bring together the majority of the confreres in a spirit of joyful reunion.<\/h3>\n<\/li>\n<li>\n<h3>Attention is given to each confrere: individual meetings, telephone calls, birthday wishes, etc.<\/h3>\n<\/li>\n<\/ul>\n<h3><strong><em>1.2.4 Collaboration with the laity<\/em><\/strong><\/h3>\n<ul>\n<li>\n<h3>For the management of Community assets, especially the COSA, the Secretariat and the Commissary.<\/h3>\n<\/li>\n<li>\n<h3>Animation, management, volunteer work at the Diocesan Marian Centre Marie-Reine-des-C\u0153urs and the promotion of pilgrimages (Partners of Mary).<\/h3>\n<\/li>\n<li>\n<h3>Involvement in various spiritual movements.<\/h3>\n<\/li>\n<\/ul>\n<h3><\/h3>\t\t\t\t<\/div>\n\t\t\t<\/div>\n\t\t<\/div>\n\t\t\t<div class=\"sow-accordion-panel\n\t\t\t\t\t\"\n\t\t\t\tdata-anchor-id=\"2-analysis-of-the-situation\">\n\t\t\t\t\t<div class=\"sow-accordion-panel-header-container\" role=\"heading\" aria-level=\"2\">\n\t\t\t\t\t<div class=\"sow-accordion-panel-header\" tabindex=\"0\" role=\"button\" id=\"accordion-label-2-analysis-of-the-situation\" aria-controls=\"accordion-content-2-analysis-of-the-situation\" aria-expanded=\"false\">\n\t\t\t\t\t\t<div class=\"sow-accordion-title sow-accordion-title-icon-left\">\n\t\t\t\t\t\t\t\t\t\t\t\t\t\t2. ANALYSIS OF THE SITUATION\t\t\t\t\t\t\t\t\t\t\t\t\t<\/div>\n\t\t\t\t\t\t<div class=\"sow-accordion-open-close-button\">\n\t\t\t\t\t\t\t<div class=\"sow-accordion-open-button\">\n\t\t\t\t\t\t\t\t<span class=\"sow-icon-fontawesome sow-fas\" data-sow-icon=\"&#x2b;\"\n\t\t \n\t\taria-hidden=\"true\"><\/span>\t\t\t\t\t\t\t<\/div>\n\t\t\t\t\t\t\t<div class=\"sow-accordion-close-button\">\n\t\t\t\t\t\t\t\t<span class=\"sow-icon-fontawesome sow-fas\" data-sow-icon=\"&#xf068;\"\n\t\t \n\t\taria-hidden=\"true\"><\/span>\t\t\t\t\t\t\t<\/div>\n\t\t\t\t\t\t<\/div>\n\t\t\t\t\t<\/div>\n\t\t\t\t<\/div>\n\n\t\t\t<div\n\t\t\t\tclass=\"sow-accordion-panel-content\"\n\t\t\t\trole=\"region\"\n\t\t\t\taria-labelledby=\"accordion-label-2-analysis-of-the-situation\"\n\t\t\t\tid=\"accordion-content-2-analysis-of-the-situation\"\n\t\t\t\tstyle=\"display: none;\"\t\t\t>\n\t\t\t\t<div class=\"sow-accordion-panel-border\">\n\t\t\t\t\t<h3><\/h3>\n<h3><strong>2. ANALYSIS OF THE SITUATION<\/strong><\/h3>\n<h3><\/h3>\n<h3><strong><u>2.1 What are the strengths?<\/u><\/strong><\/h3>\n<ul>\n<li>\n<h3>The majority of the confreres participate in fraternal meetings.<\/h3>\n<\/li>\n<li>\n<h3>Regular meetings of the Provincial Animator and his Provincial Council, as well as the various boards of directors.<\/h3>\n<\/li>\n<li>\n<h3>Great attention to health care.<\/h3>\n<\/li>\n<li>\n<h3>A generous spirit of service.<\/h3>\n<\/li>\n<li>\n<h3>Special attention to people.<\/h3>\n<\/li>\n<\/ul>\n<h3><\/h3>\n<h3><strong><u>2.2 What are the weaknesses?<\/u><\/strong><\/h3>\n<ul>\n<li>\n<h3>Aging of the limbs.<\/h3>\n<\/li>\n<li>\n<h3>Lack of vocations<\/h3>\n<\/li>\n<li>\n<h3>Lack of members to consolidate our works<\/h3>\n<\/li>\n<li>\n<h3>Preparation of members to ensure succession<\/h3>\n<\/li>\n<\/ul>\n<h3><\/h3>\n<h3><strong>2.3 What is the financial situation?<\/strong><\/h3>\n<h3><\/h3>\n<h3><strong>2.3.1 General operations?<\/strong><\/h3>\n<ul>\n<li>\n<h3>Competent lay people ensure good management with the confreres in charge of finances.<\/h3>\n<\/li>\n<li>\n<h3>Budgets are prepared and approved with good follow-up.<\/h3>\n<\/li>\n<li>\n<h3>The financial statement of the Province is communicated to the members at the Annual General Assembly.<\/h3>\n<\/li>\n<\/ul>\n<h3><\/h3>\n<h3><strong>2.3.2. At the level of the members<\/strong><\/h3>\n<ul>\n<li>\n<h3>Each member is invited to share his or her departmental, work, old age security pension and annuity income.<\/h3>\n<\/li>\n<li>\n<h3>The Province provides for housing, board, lodging, and other special maintenance costs (e.g. expensive health care).<\/h3>\n<\/li>\n<li>\n<h3>Each member receives a monthly allowance to defray personal expenses (clothing, medication, vacation, transportation, etc.).<\/h3>\n<\/li>\n<\/ul>\n<h3><\/h3>\n<h3><strong>2.3.3 Funds<\/strong><\/h3>\n<ul>\n<li>\n<h3>The Hector-Durand Fund assists in the health care of elderly and sick members.<\/h3>\n<\/li>\n<\/ul>\n<h3><\/h3>\n<h3><strong>2.3.4 Properties<\/strong><\/h3>\n<ul>\n<li>\n<h3>The COSA (Corporation of the Work of the Holy Apostles) owns and administers the houses and property of the Province:<\/h3>\n<\/li>\n<li>\n<h3>Pascal\u2019s House, which welcomes confreres passing through.<\/h3>\n<\/li>\n<li>\n<h3>Maison Eus\u00e8be-M\u00e9nard, which provides the premises for the administration of the Province.<\/h3>\n<\/li>\n<li>\n<h3>Diocesan Marian Centre Marie-Reine-des-C\u0153urs.<\/h3>\n<\/li>\n<li>\n<h3>General House allocated to the General Council.<\/h3>\n<\/li>\n<\/ul>\n<h3><\/h3>\n<h3><\/h3>\t\t\t\t<\/div>\n\t\t\t<\/div>\n\t\t<\/div>\n\t\t\t<div class=\"sow-accordion-panel\n\t\t\t\t\t\"\n\t\t\t\tdata-anchor-id=\"3-future-prospects\">\n\t\t\t\t\t<div class=\"sow-accordion-panel-header-container\" role=\"heading\" aria-level=\"2\">\n\t\t\t\t\t<div class=\"sow-accordion-panel-header\" tabindex=\"0\" role=\"button\" id=\"accordion-label-3-future-prospects\" aria-controls=\"accordion-content-3-future-prospects\" aria-expanded=\"false\">\n\t\t\t\t\t\t<div class=\"sow-accordion-title sow-accordion-title-icon-left\">\n\t\t\t\t\t\t\t\t\t\t\t\t\t\t3. FUTURE PROSPECTS\t\t\t\t\t\t\t\t\t\t\t\t\t<\/div>\n\t\t\t\t\t\t<div class=\"sow-accordion-open-close-button\">\n\t\t\t\t\t\t\t<div class=\"sow-accordion-open-button\">\n\t\t\t\t\t\t\t\t<span class=\"sow-icon-fontawesome sow-fas\" data-sow-icon=\"&#x2b;\"\n\t\t \n\t\taria-hidden=\"true\"><\/span>\t\t\t\t\t\t\t<\/div>\n\t\t\t\t\t\t\t<div class=\"sow-accordion-close-button\">\n\t\t\t\t\t\t\t\t<span class=\"sow-icon-fontawesome sow-fas\" data-sow-icon=\"&#xf068;\"\n\t\t \n\t\taria-hidden=\"true\"><\/span>\t\t\t\t\t\t\t<\/div>\n\t\t\t\t\t\t<\/div>\n\t\t\t\t\t<\/div>\n\t\t\t\t<\/div>\n\n\t\t\t<div\n\t\t\t\tclass=\"sow-accordion-panel-content\"\n\t\t\t\trole=\"region\"\n\t\t\t\taria-labelledby=\"accordion-label-3-future-prospects\"\n\t\t\t\tid=\"accordion-content-3-future-prospects\"\n\t\t\t\tstyle=\"display: none;\"\t\t\t>\n\t\t\t\t<div class=\"sow-accordion-panel-border\">\n\t\t\t\t\t<h3><\/h3>\n<h3><img loading=\"lazy\" decoding=\"async\" class=\"size-medium wp-image-3237 alignleft\" src=\"https:\/\/multimediamenard.org\/wp-content\/uploads\/2020\/08\/Foto_07_08_2020-300x226.png\" alt=\"\" width=\"300\" height=\"226\" srcset=\"https:\/\/multimediamenard.org\/wp-content\/uploads\/2020\/08\/Foto_07_08_2020-300x226.png 300w, https:\/\/multimediamenard.org\/wp-content\/uploads\/2020\/08\/Foto_07_08_2020.png 332w\" sizes=\"(max-width: 300px) 100vw, 300px\" \/><\/h3>\n<ul>\n<li>\n<h3>The future prospects arise from the reflections and implementation of the General Assembly's proposals.<\/h3>\n<\/li>\n<li>\n<h3>Their application must be carried out in regular consultation with the general coordinator and his council.<\/h3>\n<\/li>\n<li>\n<h3>However, these future perspectives belong above all to Providence. Has not Father M\u00e9nard transmitted the faith to us? \"What I know of tomorrow is that Providence will rise before the sun. \u00bb<\/h3>\n<\/li>\n<\/ul>\n<h3>Full of hope, may we allow ourselves to be challenged by the Lord: <em>\"Go therefore and make disciples of all the nations, teaching them to observe all that I have commanded you.\u00a0 And I am with you always, to the end of the world\" (Mt 28:19-20).<\/em><\/h3>\n<h3><em>\u00a0<\/em><\/h3>\n<p><em>\u00a0<\/em><\/p>\t\t\t\t<\/div>\n\t\t\t<\/div>\n\t\t<\/div>\n\t\t<\/div>\n<\/div>\n<\/div><\/div><\/div><div id=\"pgc-3273-0-2\"  class=\"panel-grid-cell panel-grid-cell-empty\" ><\/div><\/div><div id=\"pg-3273-1\"  class=\"panel-grid panel-no-style\" ><div id=\"pgc-3273-1-0\"  class=\"panel-grid-cell panel-grid-cell-empty\" ><\/div><div id=\"pgc-3273-1-1\"  class=\"panel-grid-cell panel-grid-cell-mobile-last\" ><\/div><div id=\"pgc-3273-1-2\"  class=\"panel-grid-cell panel-grid-cell-empty\" ><\/div><\/div><\/div>","protected":false},"excerpt":{"rendered":"<p>&#8220;Many of the m.s.a. workers in the &#8220;Provincial Vineyard&#8221; have reached the biblical age, the age of the brave.\u00a0 Their attachment to the family has not grown old; they are witnesses who challenge us with their ever-present concern for the Work to be continued; if physically they have laid down their apron, they always carry [&hellip;]<\/p>\n","protected":false},"author":1,"featured_media":0,"parent":0,"menu_order":0,"comment_status":"closed","ping_status":"closed","template":"","meta":{"footnotes":""},"guten_post_layout_featured_media_urls":{"full":false,"thumbnail":false,"medium":false,"medium_large":false,"large":false,"1536x1536":false,"2048x2048":false,"guten_post_layout_landscape_large":false,"guten_post_layout_portrait_large":false,"guten_post_layout_square_large":false,"guten_post_layout_landscape":false,"guten_post_layout_portrait":false,"guten_post_layout_square":false,"post-thumbnail":false,"vantage-thumbnail-no-sidebar":false,"vantage-slide":false,"vantage-carousel":false,"vantage-grid-loop":false,"sow-carousel-default":false,"sow-post-carousel-overlay-theme":false},"rttpg_featured_image_url":null,"rttpg_author":{"display_name":"admin","author_link":"https:\/\/multimediamenard.org\/en\/author\/admin\/"},"rttpg_comment":0,"rttpg_category":null,"rttpg_excerpt":"\"Many of the m.s.a. workers in the \"Provincial Vineyard\" have reached the biblical age, the age of the brave.\u00a0 Their attachment to the family has not grown old; they are witnesses who challenge us with their ever-present concern for the Work to be continued; if physically they have laid down their apron, they always carry&hellip;","_links":{"self":[{"href":"https:\/\/multimediamenard.org\/en\/wp-json\/wp\/v2\/pages\/3273"}],"collection":[{"href":"https:\/\/multimediamenard.org\/en\/wp-json\/wp\/v2\/pages"}],"about":[{"href":"https:\/\/multimediamenard.org\/en\/wp-json\/wp\/v2\/types\/page"}],"author":[{"embeddable":true,"href":"https:\/\/multimediamenard.org\/en\/wp-json\/wp\/v2\/users\/1"}],"replies":[{"embeddable":true,"href":"https:\/\/multimediamenard.org\/en\/wp-json\/wp\/v2\/comments?post=3273"}],"version-history":[{"count":43,"href":"https:\/\/multimediamenard.org\/en\/wp-json\/wp\/v2\/pages\/3273\/revisions"}],"predecessor-version":[{"id":3321,"href":"https:\/\/multimediamenard.org\/en\/wp-json\/wp\/v2\/pages\/3273\/revisions\/3321"}],"wp:attachment":[{"href":"https:\/\/multimediamenard.org\/en\/wp-json\/wp\/v2\/media?parent=3273"}],"curies":[{"name":"wp","href":"https:\/\/api.w.org\/{rel}","templated":true}]}}