{"id":2014,"date":"2019-10-31T14:38:58","date_gmt":"2019-10-31T14:38:58","guid":{"rendered":"https:\/\/multimediamenard.org\/?page_id=2014"},"modified":"2019-10-31T14:38:58","modified_gmt":"2019-10-31T14:38:58","slug":"noviembre-comunidad-local-viet","status":"publish","type":"page","link":"https:\/\/multimediamenard.org\/fr\/noviembre-comunidad-local-viet\/","title":{"rendered":"Novembre: Viet Local Community"},"content":{"rendered":"<div id=\"pl-2014\"  class=\"panel-layout\" ><div id=\"pg-2014-0\"  class=\"panel-grid panel-no-style\" ><div id=\"pgc-2014-0-0\"  class=\"panel-grid-cell panel-grid-cell-empty\" ><\/div><div id=\"pgc-2014-0-1\"  class=\"panel-grid-cell panel-grid-cell-mobile-last\" ><div id=\"panel-2014-0-1-0\" class=\"so-panel widget widget_media_image panel-first-child panel-last-child\" data-index=\"0\" ><img fetchpriority=\"high\" decoding=\"async\" width=\"720\" height=\"540\" src=\"https:\/\/multimediamenard.org\/wp-content\/uploads\/2019\/10\/nov_viet_01-1024x768.jpg\" class=\"image wp-image-1951  attachment-large size-large\" alt=\"\" style=\"max-width: 100%; height: auto;\" srcset=\"https:\/\/multimediamenard.org\/wp-content\/uploads\/2019\/10\/nov_viet_01-1024x768.jpg 1024w, https:\/\/multimediamenard.org\/wp-content\/uploads\/2019\/10\/nov_viet_01-300x225.jpg 300w, https:\/\/multimediamenard.org\/wp-content\/uploads\/2019\/10\/nov_viet_01-768x576.jpg 768w, https:\/\/multimediamenard.org\/wp-content\/uploads\/2019\/10\/nov_viet_01.jpg 1431w\" sizes=\"(max-width: 720px) 100vw, 720px\" \/><\/div><\/div><div id=\"pgc-2014-0-2\"  class=\"panel-grid-cell panel-grid-cell-empty\" ><\/div><\/div><div id=\"pg-2014-1\"  class=\"panel-grid panel-no-style\" ><div id=\"pgc-2014-1-0\"  class=\"panel-grid-cell panel-grid-cell-empty\" ><\/div><div id=\"pgc-2014-1-1\"  class=\"panel-grid-cell panel-grid-cell-mobile-last\" ><div id=\"panel-2014-1-1-0\" class=\"so-panel widget widget_text panel-first-child panel-last-child\" data-index=\"1\" >\t\t\t<div class=\"textwidget\"><p>&nbsp;<\/p>\n<p><em>La Parole de Dieu est la lampe qui \u00e9claire la route,<\/em><\/p>\n<p><em>La lumi\u00e8re qui me guide. (<\/em>Ps.119-105)<\/p>\n<p>&nbsp;<\/p>\n<p><strong><u>\u00a0A- G\u00e9n\u00e9ralit\u00e9s sur la Communaut\u00e9 :\u00a0<\/u><\/strong><\/p>\n<p>&nbsp;<\/p>\n<p><strong><em><u>1-Histoire de la Communaut\u00e9\u00a0:<\/u><\/em><\/strong><\/p>\n<p>&nbsp;<\/p>\n<p>La Communaut\u00e9 \u00a0\u00bbParole de Dieu\u00a0\u00bb est \u00e0 l&rsquo;origine de l&rsquo;Ordre \u00a0\u00bbParole de Dieu\u00a0\u00bb, du Dioc\u00e8se\u00a0de Vinh, fond\u00e9\u00a0par P. Martin Nguy\u00ean Xu\u00e2n Hoang en 2001 dont les R\u00e8gles et Constitutions \u00e9taient approuv\u00e9es par Mgr. Paul Marie Cao Dinh Thuy\u00ean, \u00e9v\u00eaque du dioc\u00e8se de Vinh en 2009.<\/p>\n<p>La Communaut\u00e9 a eu beaucoup de difficult\u00e9s financi\u00e8rement, ainsi elle se d\u00e9veloppe tr\u00e8s lentement. Et quand Mgr Paul Nguy\u00ean Tha\u00ef Hop est devenu \u00e9v\u00eaque de Vinh, il a sugg\u00e9r\u00e9\u00a0P. Martin \u00e0\u00a0chercher un Ordre compatible et de s&rsquo;y affilier pour avoir de meilleurs\u00a0moyens de d\u00e9veloppement dans le Dioc\u00e8se. Apr\u00e8s une ann\u00e9e, l&rsquo;Ordre \u00a0\u00bbParole de Dieu \u00a0\u00bb et la Soci\u00e9t\u00e9 M.S.A. se rencontrent pour se comprendre et enfin de s&rsquo;affilier l\u00e9galement. Ainsi<\/p>\n<p>Le 02-04-2013: P. Isaac, Animateur g\u00e9n\u00e9ral\u00a0et P.\u00a0Edward ont fait une visite au Vietnam, et ensemble ont travaill\u00e9 avec le P. Martin et les membres de la Communaut\u00e9.<\/p>\n<p>Le 13-07-2014: P. Christian et P. Edward, envoy\u00e9s par P. Isaac, Animateur g\u00e9n\u00e9ral, \u00e9taient venus au Vietnam et avaient anim\u00e9 une retraite pour les Membres de la Communaut\u00e9 et \u00e0 cette occasion, Ils ont pu assist\u00e9 \u00e0 la c\u00e9r\u00e9monie des premi\u00e8res promesses de fid\u00e9lit\u00e9 des 4 membres M.S.A., sous la Pr\u00e9sidence de l&rsquo;\u00e9v\u00eaque de Vinh, de nombreux pr\u00eatres,\u00a0religieux, religieuses et paroissiens. Ce fut une Journ\u00e9e sp\u00e9ciale, de Gr\u00e2ces pour ces Fr\u00e8res comme pour la Communaut\u00e9 enti\u00e8re. Depuis ce jour, la Communaut\u00e9 s&rsquo;est engag\u00e9e \u00e0 une page de l&rsquo;histoire plein d&rsquo;essor et d&rsquo;espoir pour le d\u00e9veloppement de la\u00a0Communaut\u00e9.<\/p>\n<p>Le 15-08-2014: 5 Fr\u00e8res, aux \u00e9tudes au S\u00e9minaire des Saints-Ap\u00f4tres (\u00c9tats-Unis), ont prononc\u00e9 leurs promesses pour la premi\u00e8re fois, chez les M.S.A. Ce fut encore une journ\u00e9e de Gr\u00e2ces pour ces Fr\u00e8res et pour la Communaut\u00e9.<\/p>\n<p>Le 15-01-2017: 4 Fr\u00e8res pronon\u00e7aient leurs premi\u00e8res promesses de fid\u00e9lit\u00e9 au P\u00e9rou. Gr\u00e2ce au guide, \u00e0\u00a0la formation et de l&rsquo;aide du P. Isaac, des membres du Conseil, de l\u2019\u00e9quipe de Formation des M.S.A., la Communaut\u00e9 s&rsquo;int\u00e8gre, se d\u00e9veloppe spirituellement et \u00e0\u00a0sa Mission dans la Soci\u00e9t\u00e9 M.S.A.<\/p>\n<p>L\u2019ann\u00e9e derni\u00e8re nous avons assist\u00e9 \u00e0 l\u2019ordination de 4 nouveaux pr\u00eatres et cette ann\u00e9e avec la gr\u00e2ce de Dieu nous aurons une nouvelle ordination.\u00a0 Et \u00e0 la premi\u00e8re promesse de fid\u00e9lit\u00e9 de 5 fr\u00e8res.<\/p>\n<p>&nbsp;<\/p>\n<p><strong><em><u>2- Le Personnel <\/u><\/em><\/strong><strong><em>:<\/em><\/strong><\/p>\n<p>&nbsp;<\/p>\n<p>Actuellement, la Communaut\u00e9 a 42 membres:<\/p>\n<ul>\n<li>4 Membres d\u00e9finitifs pr\u00eatres<\/li>\n<\/ul>\n<p>&#8211;\u00a0\u00a0\u00a0 13 Membres temporaires.<\/p>\n<p>&#8211;\u00a0\u00a0\u00a0 3 Probanistes au P\u00e9rou.<\/p>\n<p>&#8211;\u00a0\u00a0\u00a0 22 postulants:<\/p>\n<p>Bien qu&rsquo;ils ne sont pas encore nombreux, cependant il y a beaucoup d&rsquo;espoir, de promesse dans l&rsquo;avenir pour servir la Communaut\u00e9, dans le champ des Missions d&rsquo;aujourd&rsquo;hui.<\/p>\n<p>Dans le futur, la Communaut\u00e9\u00a0aura d&rsquo;autres vocations car\u00a0l&rsquo;\u00c9glise du Vietnam se contient beaucoup de jeunes qui voudraient se donner pour suivre J\u00e9sus dans les Communaut\u00e9s religieuses et au Grand S\u00e9minaire dioc\u00e9sain.<\/p>\n<p>La Communaut\u00e9 organisera comme d\u2019habitude l\u2019admission des vocations l&rsquo;\u00e9t\u00e9 prochain.<\/p>\n<\/div>\n\t\t<\/div><\/div><div id=\"pgc-2014-1-2\"  class=\"panel-grid-cell panel-grid-cell-empty\" ><\/div><\/div><div id=\"pg-2014-2\"  class=\"panel-grid panel-no-style\" ><div id=\"pgc-2014-2-0\"  class=\"panel-grid-cell panel-grid-cell-empty\" ><\/div><div id=\"pgc-2014-2-1\"  class=\"panel-grid-cell panel-grid-cell-mobile-last\" ><div id=\"panel-2014-2-1-0\" class=\"so-panel widget widget_text panel-first-child panel-last-child\" data-index=\"2\" >\t\t\t<div class=\"textwidget\"><div><\/div>\n<\/div>\n\t\t<\/div><\/div><div id=\"pgc-2014-2-2\"  class=\"panel-grid-cell panel-grid-cell-empty\" ><\/div><\/div><div id=\"pg-2014-3\"  class=\"panel-grid panel-no-style\" ><div id=\"pgc-2014-3-0\"  class=\"panel-grid-cell panel-grid-cell-empty\" ><\/div><div id=\"pgc-2014-3-1\"  class=\"panel-grid-cell panel-grid-cell-mobile-last\" ><div id=\"panel-2014-3-1-0\" class=\"so-panel widget widget_text panel-first-child panel-last-child\" data-index=\"3\" >\t\t\t<div class=\"textwidget\"><p><strong><em><u>3-\u00a0Travaux et Activit\u00e9s missionnaires :<\/u><\/em><\/strong><\/p>\n<p>&nbsp;<\/p>\n<p>Actuellement, puisque tous les membres de la Communaut\u00e9 sont au stade de formation et aux \u00e9tudes, alors hors des heures d&rsquo;\u00e9tudes, certains aident dans l&rsquo;administration, d&rsquo;autres aupr\u00e8s des jeunes des\u00a0autres communaut\u00e9s dans leurs \u00e9tudes et dans la vie de pri\u00e8re pour qu&rsquo;ils puissent d\u00e9couvrir\u00a0peu \u00e0 peu leur vocation dans l&rsquo;\u00c9glise et dans la Soci\u00e9t\u00e9 o\u00f9 ils vivent.<\/p>\n<p>Parall\u00e8lement, d&rsquo;autres encore, collaborent avec les Cur\u00e9s dans les cours de cat\u00e9chisme, de guide spirituelle dans diff\u00e9rentes associations de la Paroisse environnante.<\/p>\n<p>En \u00e9t\u00e9, la Communaut\u00e9 envoie en stage les Fr\u00e8res qui sont en train de faire de la philosophie\u00a0dans les Paroisses du Dioc\u00e8se de Vinh pour la pratique en Pastorale.<\/p>\n<p>&nbsp;<\/p>\n<p><strong><em><u>4- Objectifs :<\/u><\/em><\/strong><\/p>\n<p>&nbsp;<\/p>\n<p>La Communaut\u00e9 \u00a0\u00bbParole de Dieu\u00a0\u00bb fait partie de M.S.A. depuis 6 ans et s&rsquo;int\u00e8gre bien profond\u00e9ment dans le Charisme et la Mission des M.S.A. au sein\u00a0de l&rsquo;\u00c9glise locale et internationale.<\/p>\n<p>Presque tous les membres sont en formation,\u00a0mais la Communaut\u00e9 s&rsquo;organise pour que ses membres\u00a0participent aux activit\u00e9s\u00a0missionnaires da la Paroisse pour\u00a0r\u00e9aliser ainsi\u00a0l&rsquo;esprit d&rsquo;unit\u00e9 et de service dans l&rsquo;\u00c9glise locale.<\/p>\n<p>&nbsp;<\/p>\n<p><u>Vie fraternelle\u00a0de la Communaut\u00e9 :<\/u><\/p>\n<p>&nbsp;<\/p>\n<p>Les membres sont ouverts, fraternels, respectueux, et s&rsquo;aiment comme les membres d&rsquo;une m\u00eame famille. Chacun est\u00a0conscient \u00e0 b\u00e2tir les relations fraternelles et le sens des responsabilit\u00e9s. Chacun a sa place\u00a0dans la Communaut\u00e9, la joie et\u00a0le respect mutuel y r\u00e8gnent.<\/p>\n<p>Ceux qui sont aux \u00e9tudes, loin, \u00e0 l&rsquo;\u00e9tranger et ceux qui sont\u00a0dans cette communaut\u00e9 sont toujours en contact: se donner des nouvelles, s&rsquo;encourager par le lien \u00a0\u00bbon line\u00a0\u00bb.\u00a0Ils peuvent se parler, se donner des nouvelles\u00a0de la\u00a0Communaut\u00e9 du Vietnam. Ils ont imm\u00e9diatement des nouvelles de sant\u00e9, de la vie, de la formation de ceux qui sont en formation\u00a0ou autre.<\/p>\n<p>&nbsp;<\/p>\n<p><u>\u00a0Vie dans les Paroisses :<\/u><\/p>\n<p>&nbsp;<\/p>\n<p>La Communaut\u00e9 a un bon contact avec les paroissiens, bien s\u00fbr qu&rsquo;elle n&rsquo;a pas encore pu organiser un groupe de paroissiens qui pourraient aider la Communaut\u00e9 dans les activit\u00e9s pastorales ou charitables.<\/p>\n<p>Dans un proche avenir, la Communaut\u00e9 va fonder une Association des paroissiens M.S.A. dans l&rsquo;esprit du P. Fondateur, P. M\u00e9nard, pour d\u00e9velopper la Vocation et la Mission M.S.A.\u00a0au Vietnam et dans d&rsquo;autres pays.<\/p>\n<p>&nbsp;<\/p>\n<p><u>La communication dans les r\u00e9seaux sociaux :<\/u><\/p>\n<p>&nbsp;<\/p>\n<p>La Communaut\u00e9 a un site Web\u00a0mais cela ne se d\u00e9veloppe pas encore beaucoup. Ainsi, on ne peut donner\u00a0ni l&rsquo;\u00c9vangile, ni les nouvelles \u00e9ducatives au peuple de Dieu et \u00e0 la Soci\u00e9t\u00e9.<\/p>\n<p>Le site Web de la Communaut\u00e9 fournit seulement\u00a0quelques br\u00e8ves\u00a0nouvelles, quelques \u00e9v\u00e8nements, quelques photos, quelques traits de la Communaut\u00e9 M.S.A.<\/p>\n<p>La Communaut\u00e9 s&rsquo;efforce de faire d\u00e9velopper prochainement\u00a0la Mission par T\u00e9l\u00e9diffusion et T\u00e9l\u00e9communication.<\/p>\n<p>&nbsp;<\/p>\n<p><strong>B-Situation de la Communaut\u00e9 :<\/strong><\/p>\n<p>&nbsp;<\/p>\n<p><strong><em><u>1-Points forts :<\/u><\/em><\/strong><\/p>\n<p>&nbsp;<\/p>\n<p>La Communaut\u00e9 \u00a0\u00bbParole de Dieu\u00a0\u00bb est une Communaut\u00e9\u00a0jeune, plein de vie, de talent. Gr\u00e2ce \u00e0 cela, beaucoup des vocations de jeunes, de bonne volont\u00e9, qui aiment les \u00e9tudes nous sommes remplis de promesse d&rsquo;avenir pour l&rsquo;annonce de l&rsquo;\u00c9vangile afin d&rsquo;\u00eatre au service de la Communaut\u00e9, de\u00a0l&rsquo;\u00c9glise et de\u00a0la Soci\u00e9t\u00e9.<\/p>\n<p>&nbsp;<\/p>\n<p><strong><em><u>2- Points \u00e0 am\u00e9liorer (faibles) :<\/u><\/em><\/strong><\/p>\n<p>&nbsp;<\/p>\n<p>Puisque c&rsquo;est une Communaut\u00e9\u00a0nouvelle, elle manque donc d&rsquo;exp\u00e9rience, elle ne peut pas assumer les activit\u00e9s pastorales ni \u00e0 la Paroisse, ni au Dioc\u00e8se.\u00a0Elle n&rsquo;est pas encore pr\u00e9par\u00e9e suffisamment pour g\u00e9rer\u00a0ou diriger la Communaut\u00e9 locale. Les ressources mat\u00e9rielles de la Communaut\u00e9 sont bien rudimentaires et pauvres.<\/p>\n<p>&nbsp;<\/p>\n<p><strong><em><u>3-Finances:<\/u><\/em><\/strong><\/p>\n<p>&nbsp;<\/p>\n<p>Depuis l&rsquo;insertion, la Communaut\u00e9 vit aux d\u00e9pens, du point de vue Finances, de l&rsquo;aide\u00a0de l\u2019Animateur g\u00e9n\u00e9ral, des membres du Conseil, par exemple pour former les membres de la Communaut\u00e9, acheter du mat\u00e9riel pour la r\u00e9paration de la maison de la Communaut\u00e9.<\/p>\n<p>Notre Communaut\u00e9\u00a0n&rsquo;a aucune finance\u00a0r\u00e9serv\u00e9e pour le d\u00e9veloppement et pour la formation.<\/p>\n<p>Si le P\u00e8re Animateur g\u00e9n\u00e9ral et les membres du Conseil n\u2019aident pas financi\u00e8rement la Communaut\u00e9 \u00e0\u00a0tous les ans, nos projets et activit\u00e9s seront an\u00e9antis et n&rsquo;auront pas d&rsquo;issue.<\/p>\n<p>Or, confiant et en ayant de l\u2019espoir dans l&rsquo;avenir, la Communaut\u00e9 voit beaucoup de ses membres, finissant leurs \u00e9tudes, ordonn\u00e9s pr\u00eatres, qui pourront \u00eatre au service de la Communaut\u00e9\u00a0et de l&rsquo;\u00c9glise et par suite ils auront l&rsquo;occasion de chercher des ressources pour aider la Communaut\u00e9.<\/p>\n<p>Les membres de la Communaut\u00e9 \u00a0\u00bbParole de Dieu\u00a0\u00bb ne cessent de lutter, de se d\u00e9velopper\u00a0afin d&rsquo;all\u00e9ger dans un futur proche le \u00a0\u00bbfardeau financier\u00a0\u00bb du P\u00e8re Animateur g\u00e9n\u00e9ral, les membres du Conseil ainsi que celui\u00a0de la grande famille M.S.A.<\/p>\n<p>&nbsp;<\/p>\n<p><strong><em><u>4- Situation financi\u00e8re\u00a0:<\/u><\/em><\/strong><\/p>\n<p>&nbsp;<\/p>\n<p>La Communaut\u00e9 \u00a0\u00bbParole de Dieu a 4 Maisons:<\/p>\n<ul>\n<li>Y\u00ean Dai (communaut\u00e9 m\u00e8re).<\/li>\n<li>T\u00e2n L\u00f4c.<\/li>\n<li>Cua L\u00f2.<\/li>\n<li>Ha Ma.<\/li>\n<\/ul>\n<p>Les installations physiques sont encore rudimentaires, sans confort mais l&rsquo;espace est assez\u00a0suffisant,\u00a0bon, stable et sain pour assurer la vie, les activit\u00e9s et la formation\u00a0des membres.<\/p>\n<p>Je vous prie, P. Animateur g\u00e9n\u00e9ral et tous les Pr\u00eatres, de continuer \u00e0 prier et \u00e0 soutenir\u00a0notre Communaut\u00e9 \u00a0\u00bbParole de Dieu\u00a0\u00bb.<\/p>\n<p>En dernier lieu, je remercie vivement P. Isaac, Animateur g\u00e9n\u00e9ral, P. Christian, P. Roma, P. Jean Braconin, P. Edward, tous les Pr\u00eatres et tous les membres de M.S.A.<\/p>\n<p>Que le Seigneur b\u00e9nisse P. Animateur g\u00e9n\u00e9ral Luis Luna Barrera, MSA et son conseil. Tous les pr\u00eatres ainsi que les Membres de la famille M.S.A.<\/p>\n<p>Unis dans le Seigneur J\u00e9sus,<\/p>\n<p>&nbsp;<\/p>\n<p>Rendons Gr\u00e2ce \u00e0 Dieu, son Amour s&rsquo;\u00e9tend d&rsquo;\u00e2ge en \u00e2ge. (Ps.136,3).<\/p>\n<p>&nbsp;<\/p>\n<p>Unis dans le Seigneur Jesus<\/p>\n<p>&nbsp;<\/p>\n<\/div>\n\t\t<\/div><\/div><div id=\"pgc-2014-3-2\"  class=\"panel-grid-cell panel-grid-cell-empty\" ><\/div><\/div><\/div>","protected":false},"excerpt":{"rendered":"<p>&nbsp; La Parole de Dieu est la lampe qui \u00e9claire la route, La lumi\u00e8re qui me guide. (Ps.119-105) &nbsp; \u00a0A- G\u00e9n\u00e9ralit\u00e9s sur la Communaut\u00e9 :\u00a0 &nbsp; 1-Histoire de la Communaut\u00e9\u00a0: &nbsp; La Communaut\u00e9 \u00a0\u00bbParole de Dieu\u00a0\u00bb est \u00e0 l&rsquo;origine de l&rsquo;Ordre \u00a0\u00bbParole de Dieu\u00a0\u00bb, du Dioc\u00e8se\u00a0de Vinh, fond\u00e9\u00a0par P. Martin Nguy\u00ean Xu\u00e2n Hoang en 2001 [&hellip;]<\/p>\n","protected":false},"author":1,"featured_media":0,"parent":0,"menu_order":0,"comment_status":"closed","ping_status":"closed","template":"","meta":{"footnotes":""},"guten_post_layout_featured_media_urls":{"full":false,"thumbnail":false,"medium":false,"medium_large":false,"large":false,"1536x1536":false,"2048x2048":false,"guten_post_layout_landscape_large":false,"guten_post_layout_portrait_large":false,"guten_post_layout_square_large":false,"guten_post_layout_landscape":false,"guten_post_layout_portrait":false,"guten_post_layout_square":false,"post-thumbnail":false,"vantage-thumbnail-no-sidebar":false,"vantage-slide":false,"vantage-carousel":false,"vantage-grid-loop":false,"sow-carousel-default":false,"sow-post-carousel-overlay-theme":false},"rttpg_featured_image_url":null,"rttpg_author":{"display_name":"admin","author_link":"https:\/\/multimediamenard.org\/fr\/author\/admin\/"},"rttpg_comment":0,"rttpg_category":null,"rttpg_excerpt":"&nbsp; La Parole de Dieu est la lampe qui \u00e9claire la route, La lumi\u00e8re qui me guide. (Ps.119-105) &nbsp; \u00a0A- G\u00e9n\u00e9ralit\u00e9s sur la Communaut\u00e9 :\u00a0 &nbsp; 1-Histoire de la Communaut\u00e9\u00a0: &nbsp; La Communaut\u00e9 ''Parole de Dieu\u00a0\u00bb est \u00e0 l'origine de l'Ordre ''Parole de Dieu'', du Dioc\u00e8se\u00a0de Vinh, fond\u00e9\u00a0par P. Martin Nguy\u00ean Xu\u00e2n Hoang en 2001\u2026","_links":{"self":[{"href":"https:\/\/multimediamenard.org\/fr\/wp-json\/wp\/v2\/pages\/2014"}],"collection":[{"href":"https:\/\/multimediamenard.org\/fr\/wp-json\/wp\/v2\/pages"}],"about":[{"href":"https:\/\/multimediamenard.org\/fr\/wp-json\/wp\/v2\/types\/page"}],"author":[{"embeddable":true,"href":"https:\/\/multimediamenard.org\/fr\/wp-json\/wp\/v2\/users\/1"}],"replies":[{"embeddable":true,"href":"https:\/\/multimediamenard.org\/fr\/wp-json\/wp\/v2\/comments?post=2014"}],"version-history":[{"count":18,"href":"https:\/\/multimediamenard.org\/fr\/wp-json\/wp\/v2\/pages\/2014\/revisions"}],"predecessor-version":[{"id":2065,"href":"https:\/\/multimediamenard.org\/fr\/wp-json\/wp\/v2\/pages\/2014\/revisions\/2065"}],"wp:attachment":[{"href":"https:\/\/multimediamenard.org\/fr\/wp-json\/wp\/v2\/media?parent=2014"}],"curies":[{"name":"wp","href":"https:\/\/api.w.org\/{rel}","templated":true}]}}