{"id":2105,"date":"2019-11-29T19:57:06","date_gmt":"2019-11-29T19:57:06","guid":{"rendered":"https:\/\/multimediamenard.org\/?page_id=2105"},"modified":"2019-11-29T19:57:06","modified_gmt":"2019-11-29T19:57:06","slug":"escuela-teologica-de-san-cipriano-de-ngoya-en-camerun","status":"publish","type":"page","link":"https:\/\/multimediamenard.org\/fr\/escuela-teologica-de-san-cipriano-de-ngoya-en-camerun\/","title":{"rendered":"\u00c9COLE TH\u00c9OLOGIQUE SAINT CYPRIEN DE NGOYA-AU CAMEROUN"},"content":{"rendered":"<div id=\"pl-2105\"  class=\"panel-layout\" ><div id=\"pg-2105-0\"  class=\"panel-grid panel-no-style\" ><div id=\"pgc-2105-0-0\"  class=\"panel-grid-cell panel-grid-cell-empty\" ><\/div><div id=\"pgc-2105-0-1\"  class=\"panel-grid-cell\" ><div id=\"panel-2105-0-1-0\" class=\"so-panel widget widget_media_image panel-first-child panel-last-child\" data-index=\"0\" ><img fetchpriority=\"high\" decoding=\"async\" width=\"280\" height=\"184\" src=\"https:\/\/multimediamenard.org\/wp-content\/uploads\/2019\/11\/dec01.png\" class=\"image wp-image-2083  attachment-full size-full\" alt=\"\" style=\"max-width: 100%; height: auto;\" \/><\/div><\/div><div id=\"pgc-2105-0-2\"  class=\"panel-grid-cell panel-grid-cell-mobile-last\" ><div id=\"panel-2105-0-2-0\" class=\"so-panel widget widget_media_image panel-first-child panel-last-child\" data-index=\"1\" ><img decoding=\"async\" width=\"283\" height=\"181\" src=\"https:\/\/multimediamenard.org\/wp-content\/uploads\/2019\/11\/dec02.png\" class=\"image wp-image-2100  attachment-full size-full\" alt=\"\" style=\"max-width: 100%; height: auto;\" \/><\/div><\/div><div id=\"pgc-2105-0-3\"  class=\"panel-grid-cell panel-grid-cell-empty\" ><\/div><\/div><div id=\"pg-2105-1\"  class=\"panel-grid panel-no-style\" ><div id=\"pgc-2105-1-0\"  class=\"panel-grid-cell\" ><div id=\"panel-2105-1-0-0\" class=\"so-panel widget widget_text panel-first-child panel-last-child\" data-index=\"2\" >\t\t\t<div class=\"textwidget\"><p>Le S\u00e9minaire Th\u00e9ologique Saint-Cyprien ouvrit ses portes, le 1<sup>er<\/sup>\u00a0octobre 1979, \u00e0 cinq scolastiques CICM venus de Kinshasa (Za\u00efre).\u00a0 Par \u00ab S\u00e9minaire Th\u00e9ologique Saint-Cyprien \u00bb, on entendait alors le complexe comprenant la communaut\u00e9 de formation cicm et l\u2019\u00e9tablissement scolaire.<\/p>\n<p>Fond\u00e9 par la Congr\u00e9gation du C\u0153ur Immacul\u00e9 de Marie (Missionnaires de Scheut) pour la formation de ses membres, le S\u00e9minaire Th\u00e9ologique Saint-Cyprien accueillit, d\u00e8s la rentr\u00e9e 1980, des religieux membres d\u2019autres Congr\u00e9gations ou Instituts. Concernant le corps professoral, il convient de noter que, d\u00e8s le d\u00e9but, il y avait d\u00e9j\u00e0 des non cicm qui fonctionnaient comme professeurs vacataires. Par ailleurs, il n\u2019est pas inutile de rappeler que le S\u00e9minaire Th\u00e9ologique Saint-Cyprien entendait \u00eatre une Institution pour la formation de jeunes religieux clercs missionnaires.<\/p>\n<p>A la fin de l\u2019ann\u00e9e acad\u00e9mique 1981-1982, lorsque les premiers finalistes terminaient le cursus institutionnel, le S\u00e9minaire Th\u00e9ologique Saint- Cyprien pouvait se r\u00e9jouir d\u2019avoir accueilli 32 \u00e9tudiants.\u00a0 Au cours de l\u2019ann\u00e9e 1982, le S\u00e9minaire Th\u00e9ologique Saint-Cyprien connut une profonde m\u00e9tamorphose: r\u00e9uni au Mont-F\u00ebbe du 12 au 17 avril 1982, le Comit\u00e9 restreint de la R\u00e9gion cicm d\u2019Afrique et la Commission r\u00e9gionale pour la Formation initiale cicm d\u00e9cid\u00e8rent de s\u00e9parer l\u2019\u00e9tablissement scolaire de la communaut\u00e9 de formation.\u00a0 A partir de ce moment, l\u2019\u00e9tablissement scolaire fut appel\u00e9 \u00c9cole Th\u00e9ologique Saint-Cyprien.<\/p>\n<\/div>\n\t\t<\/div><\/div><\/div><div id=\"pg-2105-2\"  class=\"panel-grid panel-no-style\" ><div id=\"pgc-2105-2-0\"  class=\"panel-grid-cell panel-grid-cell-empty\" ><\/div><div id=\"pgc-2105-2-1\"  class=\"panel-grid-cell\" ><div id=\"panel-2105-2-1-0\" class=\"so-panel widget widget_media_image panel-first-child panel-last-child\" data-index=\"3\" ><img decoding=\"async\" width=\"275\" height=\"180\" src=\"https:\/\/multimediamenard.org\/wp-content\/uploads\/2019\/11\/dec03.png\" class=\"image wp-image-2101  attachment-full size-full\" alt=\"\" style=\"max-width: 100%; height: auto;\" \/><\/div><\/div><div id=\"pgc-2105-2-2\"  class=\"panel-grid-cell panel-grid-cell-mobile-last\" ><div id=\"panel-2105-2-2-0\" class=\"so-panel widget widget_media_image panel-first-child panel-last-child\" data-index=\"4\" ><img loading=\"lazy\" decoding=\"async\" width=\"274\" height=\"179\" src=\"https:\/\/multimediamenard.org\/wp-content\/uploads\/2019\/11\/dec04.png\" class=\"image wp-image-2102  attachment-full size-full\" alt=\"\" style=\"max-width: 100%; height: auto;\" srcset=\"https:\/\/multimediamenard.org\/wp-content\/uploads\/2019\/11\/dec04.png 274w, https:\/\/multimediamenard.org\/wp-content\/uploads\/2019\/11\/dec04-272x179.png 272w\" sizes=\"(max-width: 274px) 100vw, 274px\" \/><\/div><\/div><div id=\"pgc-2105-2-3\"  class=\"panel-grid-cell panel-grid-cell-empty\" ><\/div><\/div><div id=\"pg-2105-3\"  class=\"panel-grid panel-no-style\" ><div id=\"pgc-2105-3-0\"  class=\"panel-grid-cell\" ><div id=\"panel-2105-3-0-0\" class=\"so-panel widget widget_text panel-first-child panel-last-child\" data-index=\"5\" >\t\t\t<div class=\"textwidget\"><p><em><strong><u>CONSORTIUM<\/u><\/strong><\/em><\/p>\n<p>Le changement fut b\u00e9n\u00e9fique pour l\u2019\u00c9cole. Il lui permit, \u00e0 long terme, de s\u2019ouvrir sans difficult\u00e9 \u00e0 l\u2019id\u00e9e d\u2019un \u00e9ventuel \u00ab Consortium \u00bb. L\u2019\u00c9cole Th\u00e9ologique Saint-Cyprien attira un nombre croissant d\u2019\u00e9tudiants religieux clercs, en attendant d\u2019accueillir des religieuses ou des candidats religieux comme \u00e9tudiants libres.\u00a0 Cependant, le Conseil g\u00e9n\u00e9ral cicm estima le moment venu de lancer l\u2019id\u00e9e d\u2019un \u00ab Consortium \u00bb qui permettrait \u00e0 plusieurs Congr\u00e9gations ou Instituts missionnaires de prendre solidairement en charge la responsabilit\u00e9 de l\u2019\u00c9cole, tant au niveau financier qu\u2019\u00e0 celui des cadres administratifs et enseignants.<\/p>\n<p>Apr\u00e8s de nombreuses consultations d\u2019experts et des instances g\u00e9n\u00e9ralices de quelques Instituts missionnaires au Cameroun, les Missionnaires du C\u0153ur Immacul\u00e9 de Marie, les Missionnaires du Sacr\u00e9-C\u0153ur et les Pr\u00eatres du Sacr\u00e9-C\u0153ur d\u00e9cid\u00e8rent de constituer un Consortium, avec l\u2019espoir que d\u2019autres Instituts missionnaires se joignent \u00e0 eux.<\/p>\n<p>Le 26 juin 1985, l\u2019\u00c9cole Th\u00e9ologique Saint-Cyprien devint l\u2019\u00c9cole Th\u00e9ologique Inter-instituts Saint-Cyprien.<\/p>\n<p>De nouveaux Statuts furent adopt\u00e9s pour un an seulement.\u00a0 L\u2019ann\u00e9e 1986 fut mise \u00e0 profit pour en arriver \u00e0 des Statuts d\u00e9finitifs, acceptables par le droit canonique et par le droit civil camerounais.\u00a0 Le 26 d\u00e9cembre 1986, une Assembl\u00e9e g\u00e9n\u00e9rale constitutive \u00e9rigea l\u2019Association de l\u2019\u00c9cole Saint-Cyprien et en approuva les Statuts. L\u2019\u00c9cole Th\u00e9ologique Inter-Instituts Saint Cyprien redevint \u00c9cole Th\u00e9ologique Saint-Cyprien.<\/p>\n<p>&nbsp;<\/p>\n<p>Enfin, par son d\u00e9cret N\u00b0 20\/87\/95, Mgr Jean ZOA, Archev\u00eaque de Yaound\u00e9, \u00e9rigea l\u2019Association de l\u2019\u00c9cole Saint-Cyprien en personne juridique priv\u00e9e. De ce fait, l\u2019\u00c9cole Th\u00e9ologique Saint-Cyprien fut reconnue comme l\u2019\u0153uvre de l\u2019Association dont elle porte le nom.<\/p>\n<p>Notons qu\u2019aux trois Instituts \u00ab fondateurs \u00bb se sont joints sept autres Instituts : les Missionnaires Fils du C\u0153ur Immacul\u00e9 de Marie (cmf) les Missionnaires Xav\u00e9riens (sx), les Missionnaires des Saints-Ap\u00f4tres (msa), la Soci\u00e9t\u00e9 de l\u2019apostolat catholique (sac), les Piaristes (sch. p.), les Spiritains (cssp) et les Sal\u00e9siens (sdb).<\/p>\n<p>Et c\u2019est dans cette \u00c9cole Th\u00e9ologique s\u00e9rieux que nos jeunes membres font leurs quatre ann\u00e9es de Th\u00e9ologie.<\/p>\n<\/div>\n\t\t<\/div><\/div><\/div><div id=\"pg-2105-4\"  class=\"panel-grid panel-no-style\" ><div id=\"pgc-2105-4-0\"  class=\"panel-grid-cell panel-grid-cell-empty\" ><\/div><div id=\"pgc-2105-4-1\"  class=\"panel-grid-cell\" ><div id=\"panel-2105-4-1-0\" class=\"so-panel widget widget_media_image panel-first-child panel-last-child\" data-index=\"6\" ><img loading=\"lazy\" decoding=\"async\" width=\"274\" height=\"182\" src=\"https:\/\/multimediamenard.org\/wp-content\/uploads\/2019\/11\/dec05.png\" class=\"image wp-image-2103  attachment-full size-full\" alt=\"\" style=\"max-width: 100%; height: auto;\" srcset=\"https:\/\/multimediamenard.org\/wp-content\/uploads\/2019\/11\/dec05.png 274w, https:\/\/multimediamenard.org\/wp-content\/uploads\/2019\/11\/dec05-272x182.png 272w\" sizes=\"(max-width: 274px) 100vw, 274px\" \/><\/div><\/div><div id=\"pgc-2105-4-2\"  class=\"panel-grid-cell panel-grid-cell-mobile-last\" ><div id=\"panel-2105-4-2-0\" class=\"so-panel widget widget_media_image panel-first-child panel-last-child\" data-index=\"7\" ><img loading=\"lazy\" decoding=\"async\" width=\"285\" height=\"182\" src=\"https:\/\/multimediamenard.org\/wp-content\/uploads\/2019\/11\/dec06.png\" class=\"image wp-image-2104  attachment-full size-full\" alt=\"\" style=\"max-width: 100%; height: auto;\" \/><\/div><\/div><div id=\"pgc-2105-4-3\"  class=\"panel-grid-cell panel-grid-cell-empty\" ><\/div><\/div><\/div>","protected":false},"excerpt":{"rendered":"<p>Le S\u00e9minaire Th\u00e9ologique Saint-Cyprien ouvrit ses portes, le 1er\u00a0octobre 1979, \u00e0 cinq scolastiques CICM venus de Kinshasa (Za\u00efre).\u00a0 Par \u00ab S\u00e9minaire Th\u00e9ologique Saint-Cyprien \u00bb, on entendait alors le complexe comprenant la communaut\u00e9 de formation cicm et l\u2019\u00e9tablissement scolaire. Fond\u00e9 par la Congr\u00e9gation du C\u0153ur Immacul\u00e9 de Marie (Missionnaires de Scheut) pour la formation de ses [&hellip;]<\/p>\n","protected":false},"author":1,"featured_media":0,"parent":0,"menu_order":0,"comment_status":"closed","ping_status":"closed","template":"","meta":{"footnotes":""},"guten_post_layout_featured_media_urls":{"full":false,"thumbnail":false,"medium":false,"medium_large":false,"large":false,"1536x1536":false,"2048x2048":false,"guten_post_layout_landscape_large":false,"guten_post_layout_portrait_large":false,"guten_post_layout_square_large":false,"guten_post_layout_landscape":false,"guten_post_layout_portrait":false,"guten_post_layout_square":false,"post-thumbnail":false,"vantage-thumbnail-no-sidebar":false,"vantage-slide":false,"vantage-carousel":false,"vantage-grid-loop":false,"sow-carousel-default":false,"sow-post-carousel-overlay-theme":false},"rttpg_featured_image_url":null,"rttpg_author":{"display_name":"admin","author_link":"https:\/\/multimediamenard.org\/fr\/author\/admin\/"},"rttpg_comment":0,"rttpg_category":null,"rttpg_excerpt":"Le S\u00e9minaire Th\u00e9ologique Saint-Cyprien ouvrit ses portes, le 1er\u00a0octobre 1979, \u00e0 cinq scolastiques CICM venus de Kinshasa (Za\u00efre).\u00a0 Par \u00ab S\u00e9minaire Th\u00e9ologique Saint-Cyprien \u00bb, on entendait alors le complexe comprenant la communaut\u00e9 de formation cicm et l\u2019\u00e9tablissement scolaire. Fond\u00e9 par la Congr\u00e9gation du C\u0153ur Immacul\u00e9 de Marie (Missionnaires de Scheut) pour la formation de ses\u2026","_links":{"self":[{"href":"https:\/\/multimediamenard.org\/fr\/wp-json\/wp\/v2\/pages\/2105"}],"collection":[{"href":"https:\/\/multimediamenard.org\/fr\/wp-json\/wp\/v2\/pages"}],"about":[{"href":"https:\/\/multimediamenard.org\/fr\/wp-json\/wp\/v2\/types\/page"}],"author":[{"embeddable":true,"href":"https:\/\/multimediamenard.org\/fr\/wp-json\/wp\/v2\/users\/1"}],"replies":[{"embeddable":true,"href":"https:\/\/multimediamenard.org\/fr\/wp-json\/wp\/v2\/comments?post=2105"}],"version-history":[{"count":25,"href":"https:\/\/multimediamenard.org\/fr\/wp-json\/wp\/v2\/pages\/2105\/revisions"}],"predecessor-version":[{"id":2155,"href":"https:\/\/multimediamenard.org\/fr\/wp-json\/wp\/v2\/pages\/2105\/revisions\/2155"}],"wp:attachment":[{"href":"https:\/\/multimediamenard.org\/fr\/wp-json\/wp\/v2\/media?parent=2105"}],"curies":[{"name":"wp","href":"https:\/\/api.w.org\/{rel}","templated":true}]}}