{"id":2712,"date":"2020-04-01T11:44:29","date_gmt":"2020-04-01T11:44:29","guid":{"rendered":"https:\/\/multimediamenard.org\/?page_id=2712"},"modified":"2020-05-05T01:37:46","modified_gmt":"2020-05-05T01:37:46","slug":"abril-2020","status":"publish","type":"page","link":"https:\/\/multimediamenard.org\/fr\/abril-2020\/","title":{"rendered":"Avril 2020"},"content":{"rendered":"<div id=\"pl-2712\"  class=\"panel-layout\" ><div id=\"pg-2712-0\"  class=\"panel-grid panel-no-style\" ><div id=\"pgc-2712-0-0\"  class=\"panel-grid-cell panel-grid-cell-empty\" ><\/div><div id=\"pgc-2712-0-1\"  class=\"panel-grid-cell\" ><div id=\"panel-2712-0-1-0\" class=\"so-panel widget widget_sow-editor panel-first-child\" data-index=\"0\" ><div\n\t\t\t\n\t\t\tclass=\"so-widget-sow-editor so-widget-sow-editor-base\"\n\t\t\t\n\t\t><h3 class=\"widget-title\">L'AP\u00d4TRE DES VOCATIONS TARDIVES: UN SAINT POUR NOTRE TEMPS?<\/h3>\n<div class=\"siteorigin-widget-tinymce textwidget\">\n\t<h3><img fetchpriority=\"high\" fetchpriority=\"high\" decoding=\"async\" class=\"size-full wp-image-2713 alignleft\" src=\"https:\/\/multimediamenard.org\/wp-content\/uploads\/2020\/04\/avril01_2020.png\" alt=\"\" width=\"180\" height=\"281\" align=\"&quot;left\" \/><br \/>\n<span style=\"font-family: arial, helvetica, sans-serif;\"><\/span><br \/>\n<span style=\"font-family: arial, helvetica, sans-serif;\">Aujourd'hui, en souvenir du 33 anniversaire du d\u00e9part du P\u00e8re Eus\u00e8be Menard \u00e0 la Maison de Notre P\u00e8re C\u00e9leste, je veux vous faire d\u00e9couvrir l'homme-pr\u00eatre qui fut notre bien-aim\u00e9 fondateur et cette petite r\u00e9flexion se veut un instrument qui nous motive dans notre travail vocationnel.<\/span><\/h3>\n<h3><span style=\"font-family: arial, helvetica, sans-serif;\">Parlez de l'homme-pr\u00eatre P\u00e8re Eus\u00e8be Enrique Menard, O.F.M. Il nous am\u00e8ne \u00e0 explorer \u00e0 partir de la perception de ses fils, ceux de la premi\u00e8re et de la deuxi\u00e8me heure, et l'h\u00e9ritage qu'il a laiss\u00e9 aux nouveaux membres de la famille des Saints-Ap\u00f4tres qui ne le connaissaient pas.<\/span><\/h3>\n<h3><span style=\"font-family: arial, helvetica, sans-serif;\">Tout d'abord, nous avons d\u00e9couvert qu'il \u00e9tait un homme tr\u00e8s controvers\u00e9. Certains le canonisent, d'autres le critiquent et le condamnent, mais personne n'\u00e9tait indiff\u00e9rent. Cela nous dit d\u00e9j\u00e0 que c'\u00e9tait une authentique vocation sacerdotale, \u00e0 la mani\u00e8re de l'\u00c9vangile, Dieu appelle ceux qui ne sont pas sp\u00e9ciaux aux yeux du monde.<\/span><\/h3>\n<h3><span style=\"font-family: arial, helvetica, sans-serif;\">Il venait d'une famille catholique simple et travailleuse. Le sixi\u00e8me enfant d'une famille de onze enfants, deux femmes et neuf hommes. C'est l\u00e0 qu'il apprend les fondements de sa foi, qui lui seront par la suite tr\u00e8s utiles dans ses fondations. Tr\u00e8s jeune, il commence ses fondations: des hommes et des femmes, aujourd'hui dispers\u00e9s dans dix pays au monde. La mission de ses fondations: \"Donner de saints pr\u00eatres pour l'\u00c9glise\".<\/span><\/h3>\n<h3><span style=\"font-family: arial, helvetica, sans-serif;\"><\/span><\/h3>\n<p><audio src=\"https:\/\/multimediamenard.org\/wp-content\/uploads\/2019\/04\/Gente_de_fe.mp3\" autoplay=\"autoplay\" loop=\"loop\"><br \/>\nTu navegador no implementa el elemento audio.<br \/>\n<\/audio><\/p>\n<\/div>\n<\/div><\/div><div id=\"panel-2712-0-1-1\" class=\"so-panel widget widget_sow-accordion panel-last-child\" data-index=\"1\" ><div\n\t\t\t\n\t\t\tclass=\"so-widget-sow-accordion so-widget-sow-accordion-default-91a833127e40-2712\"\n\t\t\t data-max-open-panels=\"1\" data-use-anchor-tags=\"false\" data-initial-scroll-panel=\"0\"\n\t\t><div>\n\t<div class=\"sow-accordion\">\n\t\t\t<div class=\"sow-accordion-panel\n\t\t\t\t\t\"\n\t\t\t\tdata-anchor-id=\"plus-de-details\">\n\t\t\t\t\t<div class=\"sow-accordion-panel-header-container\" role=\"heading\" aria-level=\"2\">\n\t\t\t\t\t<div class=\"sow-accordion-panel-header\" tabindex=\"0\" role=\"button\" id=\"accordion-label-plus-de-d%c3%a9tails\" aria-controls=\"accordion-content-plus-de-d%c3%a9tails\" aria-expanded=\"false\">\n\t\t\t\t\t\t<div class=\"sow-accordion-title sow-accordion-title-icon-left\">\n\t\t\t\t\t\t\t\t\t\t\t\t\t\tPlus de d\u00e9tails\t\t\t\t\t\t\t\t\t\t\t\t\t<\/div>\n\t\t\t\t\t\t<div class=\"sow-accordion-open-close-button\">\n\t\t\t\t\t\t\t<div class=\"sow-accordion-open-button\">\n\t\t\t\t\t\t\t\t<span class=\"sow-icon-ionicons\" data-sow-icon=\"&#xf123;\"\n\t\t \n\t\taria-hidden=\"true\"><\/span>\t\t\t\t\t\t\t<\/div>\n\t\t\t\t\t\t\t<div class=\"sow-accordion-close-button\">\n\t\t\t\t\t\t\t\t<span class=\"sow-icon-ionicons\" data-sow-icon=\"&#xf126;\"\n\t\t \n\t\taria-hidden=\"true\"><\/span>\t\t\t\t\t\t\t<\/div>\n\t\t\t\t\t\t<\/div>\n\t\t\t\t\t<\/div>\n\t\t\t\t<\/div>\n\n\t\t\t<div\n\t\t\t\tclass=\"sow-accordion-panel-content\"\n\t\t\t\trole=\"region\"\n\t\t\t\taria-labelledby=\"accordion-label-plus-de-d%c3%a9tails\"\n\t\t\t\tid=\"accordion-content-plus-de-d%c3%a9tails\"\n\t\t\t\tstyle=\"display: none;\"\t\t\t>\n\t\t\t\t<div class=\"sow-accordion-panel-border\">\n\t\t\t\t\t<p><\/p>\n<h3>De ses fondations, sont ses enfants qui donneront une image du P\u00e8re M\u00e9nard!<\/h3>\n<h3>Pour certains, il \u00e9tait un saint, aimant toujours ceux qui \u00e9taient en difficult\u00e9, en particulier les pr\u00eatres qui avaient besoin d'aide, il les a emmen\u00e9s vivre dans les maisons de la famille des Saints-Ap\u00f4tres, bien que ce soient parfois ceux qui ont port\u00e9s des accusations et des trahisons, mais dans le p\u00e8re M\u00e9nard, il n'y aura que le pardon et la compr\u00e9hension, il a dit: \"Je vais m'agenouiller et embrasser les mains qui m'accusent\".<\/h3>\n<h3>Pour d'autres, un p\u00e9cheur, ils diront de vilaines choses contre lui, il est jug\u00e9 n\u00e9gativement, diront qu\u2019il se m\u00e9lange avec les p\u00e9cheurs et les voleurs, les d\u00e9munis, en bref, les abandonn\u00e9s du monde, tout est vrai, mais notre p\u00e8re verra J\u00e9sus lui-m\u00eame en eux.<\/h3>\n<h3>Pour d'autres, un p\u00e8re qui les aime inconditionnellement, qui les accompagne dans leur cheminement vocationnel, qui se sacrifie pour leur donner un toit et une maison o\u00f9 ils peuvent \u00eatre form\u00e9s, qui les emm\u00e8ne \u00e0 l'h\u00f4pital s'ils sont malades, qui les tol\u00e8re s'ils ne r\u00e9ussissent pas leurs \u00e9tudes, qui veut qu'ils soient les missionnaires de notre temps.<br \/>\nPour d'autres, un dictateur, qui ne tol\u00e8re pas les erreurs, exige o\u00f9 il n'a pas sem\u00e9, les fait travailler trop dur, ne les comprend pas, les demande toujours \u00e0 \u00eatre parfaits, ne leur permet pas de faire ce dont ils r\u00eavent. Mais ils oublient qu'il est un jeune pr\u00eatre, sans aide, il doit tout faire, alors il s'ouvre aux la\u00efcs, la main qui tient la sienne, pour continuer \u00e0 donner des pr\u00eatres au monde. Mais le p\u00e8re devait aussi m\u00fbrir en tant qu'\u00eatre humain et \u00eatre plus tol\u00e9rant, ce qu'il fera quand il sera plus \u00e2g\u00e9, ses enfants verront en lui un grand-p\u00e8re qui les aime beaucoup.<\/h3>\n<h3>Pour les autres, ami des p\u00e9cheurs, leur temps libre, il en avait tr\u00e8s peu, il les d\u00e9die \u00e0 les chercher, \u00e0 les \u00e9couter, \u00e0 leur montrer qu'il y a une autre voie pour eux, une voie de r\u00e9demption leur a dit \"Je ne te juge pas, J\u00e9sus est aussi mort pour vous \u00bb. Et combien de c\u0153urs ramen\u00e9s sur le chemin du bien, combien de voleurs et de malfaiteurs sont venus vivre avec leurs s\u00e9minaristes, et ils ont appris \u00e0 chercher les brebis perdues.<\/h3>\n<h3>Pour d'autres, trop g\u00e9n\u00e9reux, il faisait trop confiance \u00e0 l'\u00eatre humain, ils abusaient de sa g\u00e9n\u00e9rosit\u00e9, le volaient litt\u00e9ralement, mais cela n'inqui\u00e9tait pas notre p\u00e8re, il s'inqui\u00e9tait pour son salut, et disait que petit \u00e0 petit ils apprendraient que Dieu les aime davantage, au-del\u00e0 de leurs d\u00e9fauts, car ils ont la capacit\u00e9 de voler le ciel, ils nous pr\u00e9c\u00e9deront, a-t-il r\u00e9p\u00e9t\u00e9.<\/h3>\n<h3>Pour d'autres, un ami d'enfants abandonn\u00e9s, il les a recherch\u00e9s dans les rues de Lima, combien des jugement n\u00e9gatif et incompr\u00e9hension de leurs enfants spirituels. Il a parl\u00e9 aux enfants du Royaume des Cieux, les a b\u00e9nis, les a nourris, a achet\u00e9 du poulet grill\u00e9 pour tout le monde, leur a fait passer une merveilleuse journ\u00e9e, m\u00eame une fois par mois, et quand les enfants l'ont vu, ils ont dit \"viens \u00e0 nous notre p\u00e8re le gringo fou \u00bb, il est vrai qu'il \u00e9tait un p\u00e8re fou d'amour pour son salut.<\/h3>\n<h3>Pour les indigents, en particulier les malades, un p\u00e8re mis\u00e9ricordieux qui les \u00e9coutait, gu\u00e9rissait leurs blessures, leur apportait de la nourriture, en particulier pour ceux qui avaient la l\u00e8pre, et pour les abandonn\u00e9s et les mourants, cr\u00e9ait un foyer pour eux, \u00ab Hogar San Pedro \u00bb, et demandait \u00e0 ses s\u00e9minaristes de laver les plaies, de gu\u00e9rir leur c\u0153ur, alors seulement ils comprendraient combien Dieu nous aimait.<\/h3>\n<h3>Pour ceux qui l'ont connu comme s\u00e9minariste, un mod\u00e8le, demandant toujours que nous pers\u00e9v\u00e9rions dans notre vocation, il y a beaucoup \u00e0 faire pour sauver nos fr\u00e8res et s\u0153urs, porter l'Eucharistie, pr\u00eacher l'\u00c9vangile, les r\u00e9concilier avec Dieu, vous \u00eates appel\u00e9s parce que Dieu compte sur vous, il nous a r\u00e9p\u00e9t\u00e9.<\/h3>\n<h3>Grand pr\u00e9dicateur, ses messes \u00e9taient une c\u00e9l\u00e9bration pleine de la pr\u00e9sence du Saint-Esprit, pleine de louanges et de feu, nous sommes partis transform\u00e9s, pr\u00eats \u00e0 conqu\u00e9rir le monde, quel grand homme de foi et d'esp\u00e9rance.<\/h3>\n<h3>Mais personne ne lui \u00e9tait indiff\u00e9rent!<\/h3>\n<h3>Cet ap\u00f4tre des vocations tardives aimait former des pr\u00eatres, il comprenait le myst\u00e8re de la vocation sacerdotale, \"c'est J\u00e9sus qui appelle, il ne regarde pas vos perfections, mais il regarde votre c\u0153ur\", a-t-il r\u00e9p\u00e9t\u00e9. Il a recommand\u00e9 de ne pas perdre espoir, si la formation d'une vocation sacerdotale a pris encore plus de cinquante ans, il ne faut pas s'inqui\u00e9ter, car tout avait un sens quand il a c\u00e9l\u00e9br\u00e9, m\u00eame si une seule messe dans sa vie, nous aurons rempli notre mission.<\/h3>\n<h3>Pour tout cela, il nous a rappel\u00e9 que nous devons tr\u00e8s bien former les vocations que Dieu nous envoie, car elles seront toujours sous l'\u0153il critique des personnes n\u00e9gatives. S'ils ne sont pas bien form\u00e9s, ils critiqueront tout, de la nourriture, leurs coll\u00e8gues, enfin les pires critiques seront faites contre leurs sup\u00e9rieurs, les consid\u00e9rant comme les pires de tous. Nous ne devons pas nous concentrer uniquement sur les d\u00e9fauts des gens, mais nous devons apprendre \u00e0 voir leurs qualit\u00e9s, \"apprendre \u00e0 aimer compl\u00e8tement son prochain, avec tous ses d\u00e9fauts, comme vous vous aimez avec tous vos d\u00e9fauts\", a-t-il r\u00e9p\u00e9t\u00e9 dans sa lettre aux pr\u00eatres du 16 novembre 1981.<\/h3>\n<h3>Chaque matin, vous devez trouver le Seigneur pour vivre toute la journ\u00e9e dans les t\u00e9n\u00e8bres de la foi. Pour en trouver d'autres, apprenez d'abord \u00e0 ouvrir les yeux. Apprenez \u00e0 aimer les autres jusqu'\u00e0 ce que vous disparaissiez vous-m\u00eame, c'est le secret de votre vocation, nous dit-il.<\/h3>\n<h3>Et notre fondateur, c'\u00e9tait un saint de notre temps?<\/h3>\n<h3>Merci beaucoup, P\u00e8re Eus\u00e8be M\u00e9nard pour ce que vous \u00e9tiez, pour ce que vous avez laiss\u00e9, et pour la mission que vous nous avez confi\u00e9e, vous devez continuer \u00e0 interc\u00e9der pour votre \u0152uvre des Saints-Ap\u00f4tres.<br \/>\nUnis dans le Seigneur J\u00e9sus,<\/h3>\n<h3>Pere Luis LUNA BARRERA, M.S.A.<br \/>\nAnimateur General<\/h3>\n<p><\/p>\t\t\t\t<\/div>\n\t\t\t<\/div>\n\t\t<\/div>\n\t\t<\/div>\n<\/div>\n<\/div><\/div><\/div><div id=\"pgc-2712-0-2\"  class=\"panel-grid-cell\" ><div id=\"panel-2712-0-2-0\" class=\"so-panel widget widget_sow-editor panel-first-child\" data-index=\"2\" ><div\n\t\t\t\n\t\t\tclass=\"so-widget-sow-editor so-widget-sow-editor-base\"\n\t\t\t\n\t\t>\n<div class=\"siteorigin-widget-tinymce textwidget\">\n\t<p><span style=\"font-family: 'arial black', sans-serif;\"> Emplacement <\/span><\/p>\n<\/div>\n<\/div><\/div><div id=\"panel-2712-0-2-1\" class=\"widget_text so-panel widget widget_custom_html\" data-index=\"3\" ><div class=\"textwidget custom-html-widget\"><iframe src=\"https:\/\/www.google.com\/maps\/embed?pb=!1m18!1m12!1m3!1d2794.2517872975336!2d-73.63898828500726!3d45.54526023605293!2m3!1f0!2f0!3f0!3m2!1i1024!2i768!4f13.1!3m3!1m2!1s0x4cc918dfda6d5bfd%3A0xaaaf1844e280381b!2s8594%20Rue%20Berri%2C%20Montr%C3%A9al%2C%20QC%20H2P%202Z4!5e0!3m2!1sfr!2sca!4v1585780186918!5m2!1sfr!2sca\" width=\"500\" height=\"200\" frameborder=\"0\" style=\"border:0;\" allowfullscreen=\"\" aria-hidden=\"false\" tabindex=\"0\"><\/iframe><\/div><\/div><div id=\"panel-2712-0-2-2\" class=\"so-panel widget widget_sow-editor\" data-index=\"4\" ><div\n\t\t\t\n\t\t\tclass=\"so-widget-sow-editor so-widget-sow-editor-base\"\n\t\t\t\n\t\t>\n<div class=\"siteorigin-widget-tinymce textwidget\">\n\t<p><span style=\"font-family: 'arial black', sans-serif;\"><strong> Les publications \u00a0 2019-2020<\/strong><\/span><\/p>\n<\/div>\n<\/div><\/div><\/div><\/div><\/div>","protected":false},"excerpt":{"rendered":"<p>Aujourd&rsquo;hui, en souvenir du 33 anniversaire du d\u00e9part du P\u00e8re Eus\u00e8be Menard \u00e0 la Maison de Notre P\u00e8re C\u00e9leste, je veux vous faire d\u00e9couvrir l&rsquo;homme-pr\u00eatre qui fut notre bien-aim\u00e9 fondateur et cette petite r\u00e9flexion se veut un instrument qui nous motive dans notre travail vocationnel. Parlez de l&rsquo;homme-pr\u00eatre P\u00e8re Eus\u00e8be Enrique Menard, O.F.M. Il nous [&hellip;]<\/p>\n","protected":false},"author":1,"featured_media":0,"parent":0,"menu_order":0,"comment_status":"closed","ping_status":"closed","template":"","meta":{"footnotes":""},"guten_post_layout_featured_media_urls":{"full":false,"thumbnail":false,"medium":false,"medium_large":false,"large":false,"1536x1536":false,"2048x2048":false,"guten_post_layout_landscape_large":false,"guten_post_layout_portrait_large":false,"guten_post_layout_square_large":false,"guten_post_layout_landscape":false,"guten_post_layout_portrait":false,"guten_post_layout_square":false,"post-thumbnail":false,"vantage-thumbnail-no-sidebar":false,"vantage-slide":false,"vantage-carousel":false,"vantage-grid-loop":false,"sow-carousel-default":false,"sow-post-carousel-overlay-theme":false},"rttpg_featured_image_url":null,"rttpg_author":{"display_name":"admin","author_link":"https:\/\/multimediamenard.org\/fr\/author\/admin\/"},"rttpg_comment":0,"rttpg_category":null,"rttpg_excerpt":"Aujourd'hui, en souvenir du 33 anniversaire du d\u00e9part du P\u00e8re Eus\u00e8be Menard \u00e0 la Maison de Notre P\u00e8re C\u00e9leste, je veux vous faire d\u00e9couvrir l'homme-pr\u00eatre qui fut notre bien-aim\u00e9 fondateur et cette petite r\u00e9flexion se veut un instrument qui nous motive dans notre travail vocationnel. Parlez de l'homme-pr\u00eatre P\u00e8re Eus\u00e8be Enrique Menard, O.F.M. Il nous\u2026","_links":{"self":[{"href":"https:\/\/multimediamenard.org\/fr\/wp-json\/wp\/v2\/pages\/2712"}],"collection":[{"href":"https:\/\/multimediamenard.org\/fr\/wp-json\/wp\/v2\/pages"}],"about":[{"href":"https:\/\/multimediamenard.org\/fr\/wp-json\/wp\/v2\/types\/page"}],"author":[{"embeddable":true,"href":"https:\/\/multimediamenard.org\/fr\/wp-json\/wp\/v2\/users\/1"}],"replies":[{"embeddable":true,"href":"https:\/\/multimediamenard.org\/fr\/wp-json\/wp\/v2\/comments?post=2712"}],"version-history":[{"count":28,"href":"https:\/\/multimediamenard.org\/fr\/wp-json\/wp\/v2\/pages\/2712\/revisions"}],"predecessor-version":[{"id":2856,"href":"https:\/\/multimediamenard.org\/fr\/wp-json\/wp\/v2\/pages\/2712\/revisions\/2856"}],"wp:attachment":[{"href":"https:\/\/multimediamenard.org\/fr\/wp-json\/wp\/v2\/media?parent=2712"}],"curies":[{"name":"wp","href":"https:\/\/api.w.org\/{rel}","templated":true}]}}