{"id":3273,"date":"2020-08-11T19:20:34","date_gmt":"2020-08-11T19:20:34","guid":{"rendered":"https:\/\/multimediamenard.org\/?page_id=3273"},"modified":"2020-08-11T20:49:45","modified_gmt":"2020-08-11T20:49:45","slug":"m-s-a-provincia-de-canada","status":"publish","type":"page","link":"https:\/\/multimediamenard.org\/fr\/m-s-a-provincia-de-canada\/","title":{"rendered":"PROVINCE DU CANADA"},"content":{"rendered":"<div id=\"pl-3273\"  class=\"panel-layout\" ><div id=\"pg-3273-0\"  class=\"panel-grid panel-no-style\" ><div id=\"pgc-3273-0-0\"  class=\"panel-grid-cell panel-grid-cell-empty\" ><\/div><div id=\"pgc-3273-0-1\"  class=\"panel-grid-cell panel-grid-cell-mobile-last\" ><div id=\"panel-3273-0-1-0\" class=\"so-panel widget widget_sow-editor panel-first-child\" data-index=\"0\" ><div\n\t\t\t\n\t\t\tclass=\"so-widget-sow-editor so-widget-sow-editor-base\"\n\t\t\t\n\t\t>\n<div class=\"siteorigin-widget-tinymce textwidget\">\n\t<h3><img decoding=\"async\" class=\"size-full wp-image-3232 alignleft\" src=\"https:\/\/multimediamenard.org\/wp-content\/uploads\/2020\/08\/Foto_02_08_2020.png\" alt=\"\" width=\"253\" height=\"192\" \/><\/h3>\n<h3><em>\u00ab\u00a0Les ouvriers m.s.a. de la \u00ab Vigne provinciale \u00bb ont atteint pour plusieurs l\u2019\u00e2ge biblique, celui que vivent les valeureux.\u00a0 Leur attachement \u00e0 la famille n\u2019a pas vieilli; ils sont des t\u00e9moins qui nous interpellent par leur pr\u00e9occupation toujours pr\u00e9sente de l\u2019\u0152uvre \u00e0 poursuivre; si physiquement ils ont d\u00e9pos\u00e9 le tablier, ils le portent toujours dans leur c\u0153ur et la confiance en la Providence.<\/em><\/h3>\n<h3><em>\u00a0\u00a0\u00a0\u00a0\u00a0\u00a0 La Province msa du Canada accompagne avec joie la D\u00e9l\u00e9gation d\u2019Afrique.\u00a0 L\u00e0 aussi, comme par le pass\u00e9 dans la Soci\u00e9t\u00e9, on rencontre des soci\u00e9taires attentifs et g\u00e9n\u00e9reux dans la pr\u00e9occupation de donner des pr\u00eatres \u00e0 l\u2019\u00c9glise et de les accompagner.\u00a0 Il est et sera indispensable de mettre en priorit\u00e9 la pr\u00e9paration de ces accompagnateurs.<\/em><\/h3>\n<h3><em>\u00a0\u00a0\u00a0\u00a0\u00a0\u00a0 Le souhait port\u00e9 ici est que nous nous pr\u00e9occupions de notre vie communautaire, source de tout d\u00e9veloppement vital de l\u2019\u0152uvre qui nous est confi\u00e9e par l\u2019\u00c9glise au nom du Christ Seigneur.<\/em><\/h3>\n<h3><em>Cette vie communautaire ne peut-\u00eatre le projet d\u2019une seule personne selon ses objectifs individuels.\u00a0 La solidit\u00e9 d\u2019une construction d\u00e9pend de la place pr\u00e9cieuse de chaque pierre et de son adh\u00e9rence \u00e0 sa voisine.<\/em><\/h3>\n<h3><em>\u00a0\u00a0\u00a0\u00a0\u00a0\u00a0 Si cette vie communautaire requiert l\u2019ouverture \u00e0 chacun, elle aurait avantage \u00e0 se fortifier par la d\u00e9couverte et la connaissance plus grande des communaut\u00e9s msa vivant dans les autres Provinces, D\u00e9l\u00e9gations, Communaut\u00e9s locales des divers pays ou continents.<\/em><\/h3>\n<h3><em>\u00a0\u00a0\u00a0\u00a0\u00a0\u00a0 Enfin, elle sera grandement favoris\u00e9e si les diff\u00e9rents paliers d\u2019autorit\u00e9, du service de la communion, se rencontrent r\u00e9guli\u00e8rement \u00e0 la m\u00eame table. <\/em><\/h3>\n<h3><em>\u00a0<\/em><\/h3>\n<h3><em>\u00a0\u00a0\u00a0\u00a0\u00a0\u00a0 Voil\u00e0 ce qui me pr\u00e9occupe essentiellement et ce sur quoi les confr\u00e8res m\u2019ont partag\u00e9 leurs souhaits.\u00a0 Il reste qu\u2019\u00e0 travers nos diff\u00e9rences, nos d\u00e9fis, nous sommes attach\u00e9s \u00e0 l\u2019\u0152uvre, \u00e0 son histoire, pr\u00e9occup\u00e9s de mener \u00e0 bien l\u2019h\u00e9ritage de nos fondateurs, P. Eus\u00e8be et M. Durand.\u00a0\u00bb<\/em><\/h3>\n<h3><strong>Yvon Jutras, m.s.a.<\/strong><\/h3>\n<h3>Lors de l\u2019Assembl\u00e9e g\u00e9n\u00e9rale 2017 en Colombie.<\/h3>\n<h3>\n<h3><\/h3>\n<\/div>\n<\/div><\/div><div id=\"panel-3273-0-1-1\" class=\"so-panel widget widget_sow-accordion panel-last-child\" data-index=\"1\" ><div\n\t\t\t\n\t\t\tclass=\"so-widget-sow-accordion so-widget-sow-accordion-default-9ab81f6899c1-3273\"\n\t\t\t data-max-open-panels=\"0\" data-use-anchor-tags=\"false\" data-initial-scroll-panel=\"0\"\n\t\t><h3 class=\"widget-title\">Province du Canada<\/h3><div>\n\t<div class=\"sow-accordion\">\n\t\t\t<div class=\"sow-accordion-panel\n\t\t\t\t\t\"\n\t\t\t\tdata-anchor-id=\"1-presentation\">\n\t\t\t\t\t<div class=\"sow-accordion-panel-header-container\" role=\"heading\" aria-level=\"2\">\n\t\t\t\t\t<div class=\"sow-accordion-panel-header\" tabindex=\"0\" role=\"button\" id=\"accordion-label-1-pr%c3%a9sentation\" aria-controls=\"accordion-content-1-pr%c3%a9sentation\" aria-expanded=\"false\">\n\t\t\t\t\t\t<div class=\"sow-accordion-title sow-accordion-title-icon-left\">\n\t\t\t\t\t\t\t\t\t\t\t\t\t\t1. PR\u00c9SENTATION\t\t\t\t\t\t\t\t\t\t\t\t\t<\/div>\n\t\t\t\t\t\t<div class=\"sow-accordion-open-close-button\">\n\t\t\t\t\t\t\t<div class=\"sow-accordion-open-button\">\n\t\t\t\t\t\t\t\t<span class=\"sow-icon-fontawesome sow-fas\" data-sow-icon=\"&#x2b;\"\n\t\t \n\t\taria-hidden=\"true\"><\/span>\t\t\t\t\t\t\t<\/div>\n\t\t\t\t\t\t\t<div class=\"sow-accordion-close-button\">\n\t\t\t\t\t\t\t\t<span class=\"sow-icon-fontawesome sow-fas\" data-sow-icon=\"&#xf068;\"\n\t\t \n\t\taria-hidden=\"true\"><\/span>\t\t\t\t\t\t\t<\/div>\n\t\t\t\t\t\t<\/div>\n\t\t\t\t\t<\/div>\n\t\t\t\t<\/div>\n\n\t\t\t<div\n\t\t\t\tclass=\"sow-accordion-panel-content\"\n\t\t\t\trole=\"region\"\n\t\t\t\taria-labelledby=\"accordion-label-1-pr%c3%a9sentation\"\n\t\t\t\tid=\"accordion-content-1-pr%c3%a9sentation\"\n\t\t\t\tstyle=\"display: none;\"\t\t\t>\n\t\t\t\t<div class=\"sow-accordion-panel-border\">\n\t\t\t\t\t<h3><\/h3>\n<h3><strong><img decoding=\"async\" class=\"size-full wp-image-3233 alignleft\" src=\"https:\/\/multimediamenard.org\/wp-content\/uploads\/2020\/08\/Foto_03_08_2020.png\" alt=\"\" width=\"210\" height=\"158\" \/>1.1. Description sommaire de la Province<\/strong><\/h3>\n<h3>La D\u00e9l\u00e9gation d\u2019Afrique d\u00e9pend de la Province du Canada.<\/h3>\n<h3><\/h3>\n<h3><strong>1.1.1 Membres<\/strong><\/h3>\n<ul>\n<li>\n<h3>Nous sommes actuellement 29 membres avec promesse d\u00e9finitive dont l\u2019\u00e2ge moyen est de 82,5 ans.Seulement deux confr\u00e8res ont moins de 65 ans, une dizaine ont peuvent un minist\u00e8re actif \u00e0 temps plein, y compris ceux qui sont affect\u00e9s aux services communautaires.<\/h3>\n<\/li>\n<li>\n<h3>Pendant ces derni\u00e8res ann\u00e9es, nous n\u2019avons pas de membres en formations (aspirants, postulants, probaniste.<\/h3>\n<\/li>\n<\/ul>\n<h3><\/h3>\n<h3><strong>1.1.2. \u0152uvres<\/strong><\/h3>\n<ul>\n<li>\n<h3>Centre Marial Dioc\u00e9sain Marie-Reine-des-C\u0153urs.<\/h3>\n<\/li>\n<li>\n<h3>D\u00e9l\u00e9gation d\u2019Afrique.<\/h3>\n<\/li>\n<li>\n<h3>Centre Charismatique le Jourdain.<\/h3>\n<\/li>\n<li>\n<h3>Collaboration de certains membres comme formateur au S\u00e9minaire de Cromwell.<\/h3>\n<\/li>\n<li>\n<h3>Gestion et animation de b\u00e9n\u00e9volat dans les Monast\u00e8res de France.<\/h3>\n<\/li>\n<li>\n<h3>P\u00e9riodiquement le Centre vocationnel d\u2019Assise.<\/h3>\n<\/li>\n<\/ul>\n<h3><\/h3>\n<h3><strong>1.1.3. Apostolats<\/strong><\/h3>\n<ul>\n<li>\n<h3>Pr\u00e9dication.<\/h3>\n<\/li>\n<li>\n<h3>Communaut\u00e9s paroissiales.<\/h3>\n<\/li>\n<li>\n<h3>Aum\u00f4neries.<\/h3>\n<\/li>\n<li>\n<h3>Mouvements et associations.<\/h3>\n<\/li>\n<li>\n<h3>Collaboration avec les la\u00efcs.<\/h3>\n<\/li>\n<li>\n<h3>Accompagnement spirituel.<\/h3>\n<\/li>\n<\/ul>\n<h3><\/h3>\n<h3><strong>1.2 Notre Engagement (Art.11)<\/strong><\/h3>\n<h3><strong>\u00a01.2.1 <\/strong><strong>Le charisme et la mission<\/strong><strong>\u00a0<\/strong><\/h3>\n<h3><img decoding=\"async\" class=\"size-full wp-image-3234 alignleft\" src=\"https:\/\/multimediamenard.org\/wp-content\/uploads\/2020\/08\/Foto_04_08_2020.png\" alt=\"\" width=\"245\" height=\"185\" \/><\/h3>\n<ul>\n<li>\n<h3>Les nombreux retrait\u00e9s sont fervents dans la pri\u00e8re.<\/h3>\n<\/li>\n<li>\n<h3>Notre charisme s\u2019exerce principalement dans la pr\u00e9dication, l\u2019accompagnement, l\u2019animation des mouvements spirituels.<\/h3>\n<\/li>\n<\/ul>\n<h3><\/h3>\n<h3><\/h3>\n<h3><\/h3>\n<h3><\/h3>\n<h3><strong>1.2.2 La vie apostolique<\/strong><\/h3>\n<h3><img loading=\"lazy\" decoding=\"async\" class=\"size-full wp-image-3235 alignleft\" src=\"https:\/\/multimediamenard.org\/wp-content\/uploads\/2020\/08\/Foto_05_08_2020.png\" alt=\"\" width=\"194\" height=\"135\" \/><\/h3>\n<ul>\n<li>\n<h3>Un autre est aum\u00f4nier \u00e0 temps plein aupr\u00e8s des personnes \u00e2g\u00e9es.<\/h3>\n<\/li>\n<li>\n<h3>Un autre est P\u00e8re d\u2019un Foyer de Charit\u00e9.<\/h3>\n<\/li>\n<li>\n<h3>Pr\u00e9dication de retraites.<\/h3>\n<\/li>\n<li>\n<h3>Aide ponctuelleet administrationen paroisse.<\/h3>\n<\/li>\n<li>\n<h3>Animation spirituelle dans les mouvements (Cursillo, Renouveau charismatique, Chevaliers de Colomb, etc.)<\/h3>\n<\/li>\n<\/ul>\n<h3><\/h3>\n<h3><strong>1.2.3 La vie fraternelle<\/strong><\/h3>\n<h3><strong><img loading=\"lazy\" decoding=\"async\" class=\"size-full wp-image-3236 alignleft\" src=\"https:\/\/multimediamenard.org\/wp-content\/uploads\/2020\/08\/Foto_06_08_2020.png\" alt=\"\" width=\"203\" height=\"153\" \/><\/strong><\/h3>\n<ul>\n<li>\n<h3>Un certain nombre de confr\u00e8res vivent en fraternit\u00e9 et ceux qui vivent seuls sont regroup\u00e9s \u00e0 une communaut\u00e9 locale.<\/h3>\n<\/li>\n<li>\n<h3>Certains confr\u00e8res sont en r\u00e9sidence de personnes retrait\u00e9es.<\/h3>\n<\/li>\n<li>\n<h3>Les rassemblements communautaires (retraites, f\u00eates liturgiques, jubil\u00e9s, etc.) rassemblent la majorit\u00e9 des confr\u00e8res dans un esprit de joyeuses retrouvailles.<\/h3>\n<\/li>\n<li>\n<h3>Une attention est port\u00e9e \u00e0 chaque confr\u00e8re\u00a0: rencontres individuelles, t\u00e9l\u00e9phones, souhaits d\u2019anniversaire, etc.<\/h3>\n<\/li>\n<\/ul>\n<h3><\/h3>\n<h3><\/h3>\t\t\t\t<\/div>\n\t\t\t<\/div>\n\t\t<\/div>\n\t\t\t<div class=\"sow-accordion-panel\n\t\t\t\t\t\"\n\t\t\t\tdata-anchor-id=\"2-analyse-de-la-situation\">\n\t\t\t\t\t<div class=\"sow-accordion-panel-header-container\" role=\"heading\" aria-level=\"2\">\n\t\t\t\t\t<div class=\"sow-accordion-panel-header\" tabindex=\"0\" role=\"button\" id=\"accordion-label-2-analyse-de-la-situation\" aria-controls=\"accordion-content-2-analyse-de-la-situation\" aria-expanded=\"false\">\n\t\t\t\t\t\t<div class=\"sow-accordion-title sow-accordion-title-icon-left\">\n\t\t\t\t\t\t\t\t\t\t\t\t\t\t2. ANALYSE DE LA SITUATION\t\t\t\t\t\t\t\t\t\t\t\t\t<\/div>\n\t\t\t\t\t\t<div class=\"sow-accordion-open-close-button\">\n\t\t\t\t\t\t\t<div class=\"sow-accordion-open-button\">\n\t\t\t\t\t\t\t\t<span class=\"sow-icon-fontawesome sow-fas\" data-sow-icon=\"&#x2b;\"\n\t\t \n\t\taria-hidden=\"true\"><\/span>\t\t\t\t\t\t\t<\/div>\n\t\t\t\t\t\t\t<div class=\"sow-accordion-close-button\">\n\t\t\t\t\t\t\t\t<span class=\"sow-icon-fontawesome sow-fas\" data-sow-icon=\"&#xf068;\"\n\t\t \n\t\taria-hidden=\"true\"><\/span>\t\t\t\t\t\t\t<\/div>\n\t\t\t\t\t\t<\/div>\n\t\t\t\t\t<\/div>\n\t\t\t\t<\/div>\n\n\t\t\t<div\n\t\t\t\tclass=\"sow-accordion-panel-content\"\n\t\t\t\trole=\"region\"\n\t\t\t\taria-labelledby=\"accordion-label-2-analyse-de-la-situation\"\n\t\t\t\tid=\"accordion-content-2-analyse-de-la-situation\"\n\t\t\t\tstyle=\"display: none;\"\t\t\t>\n\t\t\t\t<div class=\"sow-accordion-panel-border\">\n\t\t\t\t\t<h3><\/h3>\n<h3><strong><br \/>\n2. ANALYSE DE LA SITUATION<\/strong><\/h3>\n<h3><strong>2.1.\u00a0 <\/strong><strong>Quels sont les points forts?<\/strong><\/h3>\n<ul>\n<li>\n<h3>La majorit\u00e9 des confr\u00e8res participent aux rencontres fraternelles.<\/h3>\n<\/li>\n<li>\n<h3>R\u00e9unions r\u00e9guli\u00e8res de l\u2019Animateur provincial et de son Conseil provincial, de m\u00eame que les divers conseils d\u2019administration.<\/h3>\n<\/li>\n<li>\n<h3>Une grande attention aux soins de sant\u00e9.<\/h3>\n<\/li>\n<li>\n<h3>Un g\u00e9n\u00e9reux esprit de service.<\/h3>\n<\/li>\n<li>\n<h3>Une attention sp\u00e9ciale aux personnes.<\/h3>\n<\/li>\n<\/ul>\n<h3><\/h3>\n<h3><strong>2.2. Quels sont les points faibles?<\/strong><\/h3>\n<ul>\n<li>\n<h3>Vieillissement des membres.<\/h3>\n<\/li>\n<li>\n<h3>Manque de vocations<\/h3>\n<\/li>\n<li>\n<h3>Manque de membres pour consolider nos \u0153uvres<\/h3>\n<\/li>\n<li>\n<h3>Pr\u00e9paration des membres pour assurer la rel\u00e8ve<\/h3>\n<\/li>\n<\/ul>\n<h3><strong>2.3 Quelle est la situation financi\u00e8re?<\/strong><\/h3>\n<h3><strong>2.3.1. Op\u00e9rations g\u00e9n\u00e9rales?<\/strong><\/h3>\n<ul>\n<li>\n<h3>Des la\u00efcs comp\u00e9tents assurent une bonne gestion avec les confr\u00e8res en responsabilit\u00e9 des finances.<\/h3>\n<\/li>\n<li>\n<h3>Les budgets sont pr\u00e9par\u00e9s, approuv\u00e9 avec un bon suivi.<\/h3>\n<\/li>\n<li>\n<h3>L\u2019\u00e9tat financier de la Province est communiqu\u00e9 aux soci\u00e9taires lors de l\u2019Assembl\u00e9e g\u00e9n\u00e9rale annuelle.<\/h3>\n<\/li>\n<\/ul>\n<h3><strong>2.3.2.Au niveau des membres<\/strong><\/h3>\n<ul>\n<li>\n<h3>Chaque membre est invit\u00e9 \u00e0 partager ses revenus de minist\u00e8re, de travail, de pension de s\u00e9curit\u00e9 de la vieillesse, ses rentes.<\/h3>\n<\/li>\n<li>\n<h3>La Province pourvoit au logement, aux frais de pension et autres frais particuliers d\u2019entretien (ex. soins de sant\u00e9 co\u00fbteux).<\/h3>\n<\/li>\n<li>\n<h3>Chaque soci\u00e9taire re\u00e7oit une allocation mensuelle pour d\u00e9frayer ses d\u00e9penses personnelles (v\u00eatements, m\u00e9dicaments, vacances, transport, etc.)<\/h3>\n<\/li>\n<\/ul>\n<h3><\/h3>\n<h3><strong>2.3.3.\u00a0 Fonds<\/strong><\/h3>\n<ul>\n<li>\n<h3>Le Fonds Hector-Durand aide dans les soins de sant\u00e9 des soci\u00e9taires \u00e2g\u00e9s et malades.<\/h3>\n<\/li>\n<\/ul>\n<h3><\/h3>\n<h3><strong>2.3.4 Propri\u00e9t\u00e9s<\/strong><\/h3>\n<ul>\n<li>\n<h3>La COSA (Corporation de L\u2019\u0152uvredes Saints-Ap\u00f4tres) poss\u00e8de et administre les maisons et les biens de la Province\u00a0:<\/h3>\n<\/li>\n<li>\n<h3>Maison Saint-Pascal qui accueille des confr\u00e8res de passage.<\/h3>\n<\/li>\n<li>\n<h3>Maison Eus\u00e8be-M\u00e9nard qui assure les locaux de l\u2019administration de la Province.<\/h3>\n<\/li>\n<li>\n<h3>Centre Marial Dioc\u00e9sain Marie-Reine-des-C\u0153urs.<\/h3>\n<\/li>\n<li>\n<h3>Maison G\u00e9n\u00e9raleallou\u00e9e au Conseil G\u00e9n\u00e9ral.<\/h3>\n<\/li>\n<\/ul>\n<h3><\/h3>\t\t\t\t<\/div>\n\t\t\t<\/div>\n\t\t<\/div>\n\t\t\t<div class=\"sow-accordion-panel\n\t\t\t\t\t\"\n\t\t\t\tdata-anchor-id=\"3-perspectives-davenir\">\n\t\t\t\t\t<div class=\"sow-accordion-panel-header-container\" role=\"heading\" aria-level=\"2\">\n\t\t\t\t\t<div class=\"sow-accordion-panel-header\" tabindex=\"0\" role=\"button\" id=\"accordion-label-3-perspectives-d%e2%80%99avenir\" aria-controls=\"accordion-content-3-perspectives-d%e2%80%99avenir\" aria-expanded=\"false\">\n\t\t\t\t\t\t<div class=\"sow-accordion-title sow-accordion-title-icon-left\">\n\t\t\t\t\t\t\t\t\t\t\t\t\t\t3. PERSPECTIVES D\u2019AVENIR\t\t\t\t\t\t\t\t\t\t\t\t\t<\/div>\n\t\t\t\t\t\t<div class=\"sow-accordion-open-close-button\">\n\t\t\t\t\t\t\t<div class=\"sow-accordion-open-button\">\n\t\t\t\t\t\t\t\t<span class=\"sow-icon-fontawesome sow-fas\" data-sow-icon=\"&#x2b;\"\n\t\t \n\t\taria-hidden=\"true\"><\/span>\t\t\t\t\t\t\t<\/div>\n\t\t\t\t\t\t\t<div class=\"sow-accordion-close-button\">\n\t\t\t\t\t\t\t\t<span class=\"sow-icon-fontawesome sow-fas\" data-sow-icon=\"&#xf068;\"\n\t\t \n\t\taria-hidden=\"true\"><\/span>\t\t\t\t\t\t\t<\/div>\n\t\t\t\t\t\t<\/div>\n\t\t\t\t\t<\/div>\n\t\t\t\t<\/div>\n\n\t\t\t<div\n\t\t\t\tclass=\"sow-accordion-panel-content\"\n\t\t\t\trole=\"region\"\n\t\t\t\taria-labelledby=\"accordion-label-3-perspectives-d%e2%80%99avenir\"\n\t\t\t\tid=\"accordion-content-3-perspectives-d%e2%80%99avenir\"\n\t\t\t\tstyle=\"display: none;\"\t\t\t>\n\t\t\t\t<div class=\"sow-accordion-panel-border\">\n\t\t\t\t\t<h3><\/h3>\n<h3><img loading=\"lazy\" decoding=\"async\" class=\"size-medium wp-image-3237 alignleft\" src=\"https:\/\/multimediamenard.org\/wp-content\/uploads\/2020\/08\/Foto_07_08_2020-300x226.png\" alt=\"\" width=\"300\" height=\"226\" srcset=\"https:\/\/multimediamenard.org\/wp-content\/uploads\/2020\/08\/Foto_07_08_2020-300x226.png 300w, https:\/\/multimediamenard.org\/wp-content\/uploads\/2020\/08\/Foto_07_08_2020.png 332w\" sizes=\"(max-width: 300px) 100vw, 300px\" \/><\/h3>\n<ul>\n<li>\n<h3>\u00a0Les perspectives d\u2019avenir d\u00e9coulent des r\u00e9flexions et de la mise en application des propositions de l\u2019Assembl\u00e9e g\u00e9n\u00e9rale.<\/h3>\n<\/li>\n<li>\n<h3>Leurs applications doivent se faire en concertation r\u00e9guli\u00e8re avec l\u2019animateur g\u00e9n\u00e9ral et son conseil.<\/h3>\n<\/li>\n<li>\n<h3>Toutefois, ces perspectives d\u2019avenir appartiennent surtout \u00e0 la Providence !!! Le P\u00e8re M\u00e9nard ne nous en-a-t-il pas transmis la foi\u00a0? \u00ab\u00a0<strong><em>Ce que je sais de demain, c\u2019est que la Providence se l\u00e8vera avant le soleil<\/em><\/strong>.\u00a0\u00bb<\/h3>\n<\/li>\n<\/ul>\n<h3>Plein d\u2019esp\u00e9rance, puissions-nous nous laisser interpeler par le Seigneur\u00a0: \u00ab\u00a0<em>Allez donc, de toutes les Nations faites des disciples\u2026 leur apprenant \u00e0 observer tout ce que je vous ai prescrit. Et moi, je suis avec vous pour toujours jusqu\u2019\u00e0 la fin du monde<\/em>\u00a0\u00bb (Mt 28, 19-20).<\/h3>\n<h3><\/em><\/h3>\n<p><em>\u00a0<\/em><\/p>\t\t\t\t<\/div>\n\t\t\t<\/div>\n\t\t<\/div>\n\t\t<\/div>\n<\/div>\n<\/div><\/div><\/div><div id=\"pgc-3273-0-2\"  class=\"panel-grid-cell panel-grid-cell-empty\" ><\/div><\/div><div id=\"pg-3273-1\"  class=\"panel-grid panel-no-style\" ><div id=\"pgc-3273-1-0\"  class=\"panel-grid-cell panel-grid-cell-empty\" ><\/div><div id=\"pgc-3273-1-1\"  class=\"panel-grid-cell panel-grid-cell-mobile-last\" ><\/div><div id=\"pgc-3273-1-2\"  class=\"panel-grid-cell panel-grid-cell-empty\" ><\/div><\/div><\/div>","protected":false},"excerpt":{"rendered":"<p>\u00ab\u00a0Les ouvriers m.s.a. de la \u00ab Vigne provinciale \u00bb ont atteint pour plusieurs l\u2019\u00e2ge biblique, celui que vivent les valeureux.\u00a0 Leur attachement \u00e0 la famille n\u2019a pas vieilli; ils sont des t\u00e9moins qui nous interpellent par leur pr\u00e9occupation toujours pr\u00e9sente de l\u2019\u0152uvre \u00e0 poursuivre; si physiquement ils ont d\u00e9pos\u00e9 le tablier, ils le portent toujours [&hellip;]<\/p>\n","protected":false},"author":1,"featured_media":0,"parent":0,"menu_order":0,"comment_status":"closed","ping_status":"closed","template":"","meta":{"footnotes":""},"guten_post_layout_featured_media_urls":{"full":false,"thumbnail":false,"medium":false,"medium_large":false,"large":false,"1536x1536":false,"2048x2048":false,"guten_post_layout_landscape_large":false,"guten_post_layout_portrait_large":false,"guten_post_layout_square_large":false,"guten_post_layout_landscape":false,"guten_post_layout_portrait":false,"guten_post_layout_square":false,"post-thumbnail":false,"vantage-thumbnail-no-sidebar":false,"vantage-slide":false,"vantage-carousel":false,"vantage-grid-loop":false,"sow-carousel-default":false,"sow-post-carousel-overlay-theme":false},"rttpg_featured_image_url":null,"rttpg_author":{"display_name":"admin","author_link":"https:\/\/multimediamenard.org\/fr\/author\/admin\/"},"rttpg_comment":0,"rttpg_category":null,"rttpg_excerpt":"\u00ab\u00a0Les ouvriers m.s.a. de la \u00ab Vigne provinciale \u00bb ont atteint pour plusieurs l\u2019\u00e2ge biblique, celui que vivent les valeureux.\u00a0 Leur attachement \u00e0 la famille n\u2019a pas vieilli; ils sont des t\u00e9moins qui nous interpellent par leur pr\u00e9occupation toujours pr\u00e9sente de l\u2019\u0152uvre \u00e0 poursuivre; si physiquement ils ont d\u00e9pos\u00e9 le tablier, ils le portent toujours\u2026","_links":{"self":[{"href":"https:\/\/multimediamenard.org\/fr\/wp-json\/wp\/v2\/pages\/3273"}],"collection":[{"href":"https:\/\/multimediamenard.org\/fr\/wp-json\/wp\/v2\/pages"}],"about":[{"href":"https:\/\/multimediamenard.org\/fr\/wp-json\/wp\/v2\/types\/page"}],"author":[{"embeddable":true,"href":"https:\/\/multimediamenard.org\/fr\/wp-json\/wp\/v2\/users\/1"}],"replies":[{"embeddable":true,"href":"https:\/\/multimediamenard.org\/fr\/wp-json\/wp\/v2\/comments?post=3273"}],"version-history":[{"count":43,"href":"https:\/\/multimediamenard.org\/fr\/wp-json\/wp\/v2\/pages\/3273\/revisions"}],"predecessor-version":[{"id":3321,"href":"https:\/\/multimediamenard.org\/fr\/wp-json\/wp\/v2\/pages\/3273\/revisions\/3321"}],"wp:attachment":[{"href":"https:\/\/multimediamenard.org\/fr\/wp-json\/wp\/v2\/media?parent=3273"}],"curies":[{"name":"wp","href":"https:\/\/api.w.org\/{rel}","templated":true}]}}