{"id":3331,"date":"2020-08-14T21:06:36","date_gmt":"2020-08-14T21:06:36","guid":{"rendered":"https:\/\/multimediamenard.org\/?page_id=3331"},"modified":"2021-07-12T21:38:04","modified_gmt":"2021-07-12T21:38:04","slug":"temas-destacados-agosto-2020","status":"publish","type":"page","link":"https:\/\/multimediamenard.org\/fr\/temas-destacados-agosto-2020\/","title":{"rendered":"Faits saillants"},"content":{"rendered":"<div id=\"pl-3331\"  class=\"panel-layout\" ><div id=\"pg-3331-0\"  class=\"panel-grid panel-no-style\" ><div id=\"pgc-3331-0-0\"  class=\"panel-grid-cell panel-grid-cell-empty\" ><\/div><div id=\"pgc-3331-0-1\"  class=\"panel-grid-cell\" ><div id=\"panel-3331-0-1-0\" class=\"so-panel widget widget_sow-editor panel-first-child\" data-index=\"0\" ><div\n\t\t\t\n\t\t\tclass=\"so-widget-sow-editor so-widget-sow-editor-base\"\n\t\t\t\n\t\t>\n<div class=\"siteorigin-widget-tinymce textwidget\">\n\t<h3><strong>Juin-2021<\/strong><\/h3>\n<\/div>\n<\/div><\/div><div id=\"panel-3331-0-1-1\" class=\"so-panel widget widget_sow-editor\" data-index=\"1\" ><div\n\t\t\t\n\t\t\tclass=\"so-widget-sow-editor so-widget-sow-editor-base\"\n\t\t\t\n\t\t>\n<div class=\"siteorigin-widget-tinymce textwidget\">\n\t<h3><img fetchpriority=\"high\" fetchpriority=\"high\" decoding=\"async\" class=\"aligncenter wp-image-5319 size-full\" src=\"https:\/\/multimediamenard.org\/wp-content\/uploads\/2021\/07\/juin2021-01.png\" alt=\"\" width=\"576\" height=\"324\" srcset=\"https:\/\/multimediamenard.org\/wp-content\/uploads\/2021\/07\/juin2021-01.png 576w, https:\/\/multimediamenard.org\/wp-content\/uploads\/2021\/07\/juin2021-01-300x169.png 300w\" sizes=\"(max-width: 576px) 100vw, 576px\" \/><\/h3>\n<h4><\/strong><\/h4>\n<p><strong><u>NOSTRA AETATE: ET LE CONCILE OUVRIT LA VOIE AU DIALOGUE ENTRE RELIGIONS<\/u><\/strong><\/p>\n<h4>La d\u00e9claration conciliaire Nostra Aetate approuv\u00e9e par les p\u00e8res du Concile Vatican II et promulgu\u00e9e par Paul VI le 28 octobre 1965 a marqu\u00e9 un tournant irr\u00e9versible dans les relations entre l'\u00c9glise catholique et le juda\u00efsme \u00e0 la suite des mesures prises par Jean XXIII.<\/h4>\n<h4><strong><\/h4>\n<h4><\/h4>\n<\/div>\n<\/div><\/div><div id=\"panel-3331-0-1-2\" class=\"so-panel widget widget_circleicon-widget\" data-index=\"2\" >\t\t<div class=\"circle-icon-box circle-icon-position-top circle-icon-hide-box circle-icon-size-small \">\n\t\t\t\t\t\t\t<div class=\"circle-icon-wrapper\">\n\t\t\t\t\t\t\t\t\t\t<a href=\"https:\/\/multimediamenard.org\/fr\/junio-2021\/\" class=\"link-icon\" >\t\t\t\t\t<div class=\"circle-icon icon-style-set\" style=\"background-image: url(https:\/\/multimediamenard.org\/fr\/junio-2021\/)\">\n\t\t\t\t\t\t\t\t\t\t\t\t\t<div class=\"fa fa-hand-o-right\" ><\/div>\n\t\t\t\t\t\t\t\t\t\t\t<\/div>\n\t\t\t\t\t<\/a>\t\t\t\t<\/div>\n\t\t\t\n\t\t\t\t\t\t\t<a href=\"https:\/\/multimediamenard.org\/fr\/junio-2021\/\" class=\"link-title\" >\n\t\t\t\t\t\t\t\t\t\t\t\t\t<\/a>\n\t\t\t\n\t\t\t\t\t\t\t\t\t\t<a\n\t\t\t\t\thref=\"https:\/\/multimediamenard.org\/fr\/junio-2021\/\"\n\t\t\t\t\tclass=\"more-button\"\n\t\t\t\t\t\t\t\t\t\t\t\t\t\t>\n\t\t\t\t\tMore Info <i><\/i>\n\t\t\t\t<\/a>\n\t\t\t\t\t<\/div>\n\t\t<\/div><div id=\"panel-3331-0-1-3\" class=\"widget_text so-panel widget widget_custom_html panel-last-child\" data-index=\"3\" ><div class=\"textwidget custom-html-widget\"><br>\n<hr><\/div><\/div><\/div><div id=\"pgc-3331-0-2\"  class=\"panel-grid-cell panel-grid-cell-empty\" ><\/div><div id=\"pgc-3331-0-3\"  class=\"panel-grid-cell panel-grid-cell-mobile-last\" ><div id=\"panel-3331-0-3-0\" class=\"so-panel widget widget_sow-editor panel-first-child\" data-index=\"4\" ><div\n\t\t\t\n\t\t\tclass=\"so-widget-sow-editor so-widget-sow-editor-base\"\n\t\t\t\n\t\t>\n<div class=\"siteorigin-widget-tinymce textwidget\">\n\t<h5><span style=\"font-family: 'arial black', sans-serif;\"><strong> Les publications \u00a0 2019-2020<\/strong><\/span><\/h5>\n<\/div>\n<\/div><\/div><div id=\"panel-3331-0-3-2\" class=\"widget_text so-panel widget widget_custom_html\" data-index=\"6\" ><div class=\"textwidget custom-html-widget\"><br><br>\n<iframe src=\"https:\/\/www.google.com\/maps\/embed?pb=!1m18!1m12!1m3!1d2794.2517872975336!2d-73.63898828500726!3d45.54526023605293!2m3!1f0!2f0!3f0!3m2!1i1024!2i768!4f13.1!3m3!1m2!1s0x4cc918dfda6d5bfd%3A0xaaaf1844e280381b!2s8594%20Rue%20Berri%2C%20Montr%C3%A9al%2C%20QC%20H2P%202Z4!5e0!3m2!1sfr!2sca!4v1585780186918!5m2!1sfr!2sca\" width=\"500\" height=\"200\" frameborder=\"0\" style=\"border:0;\" allowfullscreen=\"\" aria-hidden=\"false\" tabindex=\"0\"><\/iframe>\n<\/div><\/div><div id=\"panel-3331-0-3-3\" class=\"widget_text so-panel widget widget_custom_html panel-last-child\" data-index=\"7\" ><div class=\"textwidget custom-html-widget\"><audio src=\"https:\/\/multimediamenard.org\/wp-content\/uploads\/2019\/04\/Gente_de_fe.mp3\" autoplay=\"autoplay\" loop=\"loop\">\nTu navegador no implementa el elemento audio.\n<\/audio>\n<hr><\/div><\/div><\/div><div id=\"pgc-3331-0-4\"  class=\"panel-grid-cell panel-grid-cell-empty\" ><\/div><\/div><div id=\"pg-3331-1\"  class=\"panel-grid panel-no-style\" ><div id=\"pgc-3331-1-0\"  class=\"panel-grid-cell panel-grid-cell-empty\" ><\/div><div id=\"pgc-3331-1-1\"  class=\"panel-grid-cell\" ><div id=\"panel-3331-1-1-0\" class=\"so-panel widget widget_sow-editor panel-first-child\" data-index=\"8\" ><div\n\t\t\t\n\t\t\tclass=\"so-widget-sow-editor so-widget-sow-editor-base\"\n\t\t\t\n\t\t>\n<div class=\"siteorigin-widget-tinymce textwidget\">\n\t<h3><strong>Mai-2021<\/strong><\/h3>\n<\/div>\n<\/div><\/div><div id=\"panel-3331-1-1-1\" class=\"so-panel widget widget_sow-editor\" data-index=\"9\" ><div\n\t\t\t\n\t\t\tclass=\"so-widget-sow-editor so-widget-sow-editor-base\"\n\t\t\t\n\t\t>\n<div class=\"siteorigin-widget-tinymce textwidget\">\n\t<h3><img decoding=\"async\" class=\"wp-image-5286 size-medium aligncenter\" src=\"https:\/\/multimediamenard.org\/wp-content\/uploads\/2021\/06\/Mai20201_01-300x169.png\" alt=\"\" width=\"300\" height=\"169\" srcset=\"https:\/\/multimediamenard.org\/wp-content\/uploads\/2021\/06\/Mai20201_01-300x169.png 300w, https:\/\/multimediamenard.org\/wp-content\/uploads\/2021\/06\/Mai20201_01.png 720w\" sizes=\"(max-width: 300px) 100vw, 300px\" \/><\/h3>\n<h4><\/strong><\/h4>\n<h4><strong><u>La basilique Saint Fran\u00e7ois \u00e0 Assise.<\/u><\/strong><\/h4>\n<h4><strong><u>LE PAPE \u00c0 ASSISE: LA FRATERNIT\u00c9 SUR LE CHEMIN D'UNE \u00c9GLISE EN SORTIE<\/u><\/strong><\/h4>\n<h4>Le Pape Fran\u00e7ois se rendra le 3 octobre \u00e0 Assise pour signer son encylique \"Fratelli tutti\" sur la fraternit\u00e9 humaine, un document particuli\u00e8rement attendu. \u00c9clairage de Mgr Paolo Martinelli, ancien doyen de l'Institut franciscain de spiritualit\u00e9 de l'Universit\u00e9 pontificale Antonianum, et du p\u00e8re j\u00e9suite Luigi Territo, sp\u00e9cialiste de th\u00e9ologie fondamentale et de th\u00e9ologie islamique \u00e0 la facult\u00e9 de th\u00e9ologie de l'Italie du Sud.<\/h4>\n<h4><strong><\/h4>\n<h4><\/h4>\n<\/div>\n<\/div><\/div><div id=\"panel-3331-1-1-2\" class=\"widget_text so-panel widget widget_custom_html panel-last-child\" data-index=\"10\" ><div class=\"textwidget custom-html-widget\"><hr><\/div><\/div><\/div><div id=\"pgc-3331-1-2\"  class=\"panel-grid-cell panel-grid-cell-empty\" ><\/div><div id=\"pgc-3331-1-3\"  class=\"panel-grid-cell panel-grid-cell-mobile-last\" ><div id=\"panel-3331-1-3-0\" class=\"widget_text so-panel widget widget_custom_html panel-first-child\" data-index=\"11\" ><div class=\"textwidget custom-html-widget\"><br> <br> <br> <br> <br> <br> <br> <br> <br> <br> <br> <br> <br> <br> <br> <br> <br> <br><\/div><\/div><div id=\"panel-3331-1-3-1\" class=\"so-panel widget widget_circleicon-widget\" data-index=\"12\" >\t\t<div class=\"circle-icon-box circle-icon-position-top circle-icon-hide-box circle-icon-size-small \">\n\t\t\t\t\t\t\t<div class=\"circle-icon-wrapper\">\n\t\t\t\t\t\t\t\t\t\t<a href=\"https:\/\/multimediamenard.org\/fr\/mayo-2021\/\" class=\"link-icon\" >\t\t\t\t\t<div class=\"circle-icon icon-style-set\" style=\"background-image: url(https:\/\/multimediamenard.org\/fr\/mayo-2021\/)\">\n\t\t\t\t\t\t\t\t\t\t\t\t\t<div class=\"fa fa-hand-o-right\" ><\/div>\n\t\t\t\t\t\t\t\t\t\t\t<\/div>\n\t\t\t\t\t<\/a>\t\t\t\t<\/div>\n\t\t\t\n\t\t\t\t\t\t\t<a href=\"https:\/\/multimediamenard.org\/fr\/mayo-2021\/\" class=\"link-title\" >\n\t\t\t\t\t\t\t\t\t\t\t\t\t<\/a>\n\t\t\t\n\t\t\t\t\t\t\t\t\t\t<a\n\t\t\t\t\thref=\"https:\/\/multimediamenard.org\/fr\/mayo-2021\/\"\n\t\t\t\t\tclass=\"more-button\"\n\t\t\t\t\t\t\t\t\t\t\t\t\t\t>\n\t\t\t\t\tMore Info <i><\/i>\n\t\t\t\t<\/a>\n\t\t\t\t\t<\/div>\n\t\t<\/div><div id=\"panel-3331-1-3-2\" class=\"widget_text so-panel widget widget_custom_html panel-last-child\" data-index=\"13\" ><div class=\"textwidget custom-html-widget\"><hr><\/div><\/div><\/div><div id=\"pgc-3331-1-4\"  class=\"panel-grid-cell panel-grid-cell-empty\" ><\/div><\/div><div id=\"pg-3331-2\"  class=\"panel-grid panel-no-style\" ><div id=\"pgc-3331-2-0\"  class=\"panel-grid-cell panel-grid-cell-empty\" ><\/div><div id=\"pgc-3331-2-1\"  class=\"panel-grid-cell\" ><div id=\"panel-3331-2-1-0\" class=\"so-panel widget widget_sow-editor panel-first-child\" data-index=\"14\" ><div\n\t\t\t\n\t\t\tclass=\"so-widget-sow-editor so-widget-sow-editor-base\"\n\t\t\t\n\t\t>\n<div class=\"siteorigin-widget-tinymce textwidget\">\n\t<h3><strong>Avril-2021<\/strong><\/h3>\n<\/div>\n<\/div><\/div><div id=\"panel-3331-2-1-1\" class=\"so-panel widget widget_sow-editor\" data-index=\"15\" ><div\n\t\t\t\n\t\t\tclass=\"so-widget-sow-editor so-widget-sow-editor-base\"\n\t\t\t\n\t\t>\n<div class=\"siteorigin-widget-tinymce textwidget\">\n\t<h3><img decoding=\"async\" class=\" wp-image-5252 aligncenter\" src=\"https:\/\/multimediamenard.org\/wp-content\/uploads\/2021\/05\/avril2021-01-300x202.png\" alt=\"\" width=\"345\" height=\"232\" srcset=\"https:\/\/multimediamenard.org\/wp-content\/uploads\/2021\/05\/avril2021-01-300x202.png 300w, https:\/\/multimediamenard.org\/wp-content\/uploads\/2021\/05\/avril2021-01-272x182.png 272w, https:\/\/multimediamenard.org\/wp-content\/uploads\/2021\/05\/avril2021-01.png 350w\" sizes=\"(max-width: 345px) 100vw, 345px\" \/><\/h3>\n<h2><\/strong><\/h4>\n<h4><strong>Le Hogar San Pedro est un petit foyer d\u2019accueil et de convalescence qui se trouve \u00e0 une quarantaine de kilom\u00e8tres de Lima au P\u00e9rou. Il a \u00e9t\u00e9 fond\u00e9 par le P\u00e8re M\u00e9nard en 1979 afin de venir en aide aux malades totalement d\u00e9pourvus des r\u00e9gions proches et \u00e9loign\u00e9es. Les patients y b\u00e9n\u00e9ficient de soins adapt\u00e9s et de support moral et spirituel. Un lieu comme il le disait lui-m\u00eame le p\u00e8re Eus\u00e8be M\u00e9nard ou ses pr\u00eatres pouvaient toucher la r\u00e9alit\u00e9 de la pauvret\u00e9 humaine, le sentir, le vivre et accompagner toutes ces personnes avec beaucoup d\u2019amour. Le Hogar San Pedro offre des soins m\u00e9dicaux de base et une prise en charge des patients pour des s\u00e9jours de courte \u00e0 longue dur\u00e9e. Il accueille des personnes malades, abandonn\u00e9es et avec des ressources financi\u00e8res limit\u00e9es pour les aider \u00e0 r\u00e9cup\u00e9rer et faciliter leur r\u00e9insertion sociale.<\/strong><\/h4>\n<h4><strong><\/h3>\n<h3><\/h3>\n<\/div>\n<\/div><\/div><div id=\"panel-3331-2-1-2\" class=\"widget_text so-panel widget widget_custom_html panel-last-child\" data-index=\"16\" ><div class=\"textwidget custom-html-widget\"><hr><\/div><\/div><\/div><div id=\"pgc-3331-2-2\"  class=\"panel-grid-cell panel-grid-cell-empty\" ><\/div><div id=\"pgc-3331-2-3\"  class=\"panel-grid-cell panel-grid-cell-mobile-last\" ><div id=\"panel-3331-2-3-0\" class=\"widget_text so-panel widget widget_custom_html panel-first-child\" data-index=\"17\" ><div class=\"textwidget custom-html-widget\"><br> <br> <br> <br> <br> <br> <br> <br> <br> <br> <br> <br> <br> <br> <br> <br> <br> <br> <br> <br> <br> <br> <br> <br> <\/div><\/div><div id=\"panel-3331-2-3-1\" class=\"so-panel widget widget_circleicon-widget\" data-index=\"18\" >\t\t<div class=\"circle-icon-box circle-icon-position-top circle-icon-hide-box circle-icon-size-small \">\n\t\t\t\t\t\t\t<div class=\"circle-icon-wrapper\">\n\t\t\t\t\t\t\t\t\t\t<a href=\"https:\/\/multimediamenard.org\/fr\/abril-2021\/\" class=\"link-icon\" >\t\t\t\t\t<div class=\"circle-icon icon-style-set\" style=\"background-image: url(https:\/\/multimediamenard.org\/fr\/abril-2021\/)\">\n\t\t\t\t\t\t\t\t\t\t\t\t\t<div class=\"fa fa-hand-o-right\" ><\/div>\n\t\t\t\t\t\t\t\t\t\t\t<\/div>\n\t\t\t\t\t<\/a>\t\t\t\t<\/div>\n\t\t\t\n\t\t\t\t\t\t\t<a href=\"https:\/\/multimediamenard.org\/fr\/abril-2021\/\" class=\"link-title\" >\n\t\t\t\t\t\t\t\t\t\t\t\t\t<\/a>\n\t\t\t\n\t\t\t\t\t\t\t\t\t\t<a\n\t\t\t\t\thref=\"https:\/\/multimediamenard.org\/fr\/abril-2021\/\"\n\t\t\t\t\tclass=\"more-button\"\n\t\t\t\t\t\t\t\t\t\t\t\t\t\t>\n\t\t\t\t\tMore Info <i><\/i>\n\t\t\t\t<\/a>\n\t\t\t\t\t<\/div>\n\t\t<\/div><div id=\"panel-3331-2-3-2\" class=\"widget_text so-panel widget widget_custom_html panel-last-child\" data-index=\"19\" ><div class=\"textwidget custom-html-widget\"><hr><\/div><\/div><\/div><div id=\"pgc-3331-2-4\"  class=\"panel-grid-cell panel-grid-cell-empty\" ><\/div><\/div><div id=\"pg-3331-3\"  class=\"panel-grid panel-no-style\" ><div id=\"pgc-3331-3-0\"  class=\"panel-grid-cell panel-grid-cell-empty\" ><\/div><div id=\"pgc-3331-3-1\"  class=\"panel-grid-cell\" ><div id=\"panel-3331-3-1-0\" class=\"so-panel widget widget_sow-editor panel-first-child\" data-index=\"20\" ><div\n\t\t\t\n\t\t\tclass=\"so-widget-sow-editor so-widget-sow-editor-base\"\n\t\t\t\n\t\t>\n<div class=\"siteorigin-widget-tinymce textwidget\">\n\t<h3><strong>Mars-2021<\/strong><\/h3>\n<\/div>\n<\/div><\/div><div id=\"panel-3331-3-1-1\" class=\"so-panel widget widget_sow-editor\" data-index=\"21\" ><div\n\t\t\t\n\t\t\tclass=\"so-widget-sow-editor so-widget-sow-editor-base\"\n\t\t\t\n\t\t>\n<div class=\"siteorigin-widget-tinymce textwidget\">\n\t<h3><img loading=\"lazy\" loading=\"lazy\" decoding=\"async\" class=\"wp-image-5129  aligncenter\" src=\"https:\/\/multimediamenard.org\/wp-content\/uploads\/2021\/04\/masr01_2021-300x168.jpg\" alt=\"\" width=\"425\" height=\"238\" srcset=\"https:\/\/multimediamenard.org\/wp-content\/uploads\/2021\/04\/masr01_2021-300x168.jpg 300w, https:\/\/multimediamenard.org\/wp-content\/uploads\/2021\/04\/masr01_2021.jpg 720w\" sizes=\"(max-width: 425px) 100vw, 425px\" \/><\/h3>\n<h2><\/h3>\n<h3><strong><u>Le 13 mars 2013, apr\u00e8s son \u00e9lection, le Pape Fran\u00e7ois appara\u00eet pour la premi\u00e8re fois \u00e0 la \"loggia\" de la basilique Saint-Pierre.<\/u><\/strong><\/h3>\n<h3><\/h3>\n<h3><\/h3>\n<\/div>\n<\/div><\/div><div id=\"panel-3331-3-1-2\" class=\"widget_text so-panel widget widget_custom_html panel-last-child\" data-index=\"22\" ><div class=\"textwidget custom-html-widget\"><hr><\/div><\/div><\/div><div id=\"pgc-3331-3-2\"  class=\"panel-grid-cell panel-grid-cell-empty\" ><\/div><div id=\"pgc-3331-3-3\"  class=\"panel-grid-cell panel-grid-cell-mobile-last\" ><div id=\"panel-3331-3-3-0\" class=\"widget_text so-panel widget widget_custom_html panel-first-child\" data-index=\"23\" ><div class=\"textwidget custom-html-widget\"><br><br><br><br><br><br><br><br><br><br><\/div><\/div><div id=\"panel-3331-3-3-1\" class=\"so-panel widget widget_circleicon-widget\" data-index=\"24\" >\t\t<div class=\"circle-icon-box circle-icon-position-top circle-icon-hide-box circle-icon-size-small \">\n\t\t\t\t\t\t\t<div class=\"circle-icon-wrapper\">\n\t\t\t\t\t\t\t\t\t\t<a href=\"https:\/\/multimediamenard.org\/fr\/marzo-2021\/\" class=\"link-icon\" >\t\t\t\t\t<div class=\"circle-icon icon-style-set\" style=\"background-image: url(https:\/\/multimediamenard.org\/fr\/marzo-2021\/)\">\n\t\t\t\t\t\t\t\t\t\t\t\t\t<div class=\"fa fa-hand-o-right\" ><\/div>\n\t\t\t\t\t\t\t\t\t\t\t<\/div>\n\t\t\t\t\t<\/a>\t\t\t\t<\/div>\n\t\t\t\n\t\t\t\t\t\t\t<a href=\"https:\/\/multimediamenard.org\/fr\/marzo-2021\/\" class=\"link-title\" >\n\t\t\t\t\t\t\t\t\t\t\t\t\t<\/a>\n\t\t\t\n\t\t\t\t\t\t\t\t\t\t<a\n\t\t\t\t\thref=\"https:\/\/multimediamenard.org\/fr\/marzo-2021\/\"\n\t\t\t\t\tclass=\"more-button\"\n\t\t\t\t\t\t\t\t\t\t\t\t\t\t>\n\t\t\t\t\tMore Info <i><\/i>\n\t\t\t\t<\/a>\n\t\t\t\t\t<\/div>\n\t\t<\/div><div id=\"panel-3331-3-3-2\" class=\"widget_text so-panel widget widget_custom_html panel-last-child\" data-index=\"25\" ><div class=\"textwidget custom-html-widget\"><br> <br>\n<hr><\/div><\/div><\/div><div id=\"pgc-3331-3-4\"  class=\"panel-grid-cell panel-grid-cell-empty\" ><\/div><\/div><div id=\"pg-3331-4\"  class=\"panel-grid panel-no-style\" ><div id=\"pgc-3331-4-0\"  class=\"panel-grid-cell panel-grid-cell-empty\" ><\/div><div id=\"pgc-3331-4-1\"  class=\"panel-grid-cell\" ><div id=\"panel-3331-4-1-0\" class=\"so-panel widget widget_sow-editor panel-first-child\" data-index=\"26\" ><div\n\t\t\t\n\t\t\tclass=\"so-widget-sow-editor so-widget-sow-editor-base\"\n\t\t\t\n\t\t>\n<div class=\"siteorigin-widget-tinymce textwidget\">\n\t<h3><strong>F\u00e9vier-2021<\/strong><\/h3>\n<\/div>\n<\/div><\/div><div id=\"panel-3331-4-1-1\" class=\"so-panel widget widget_sow-editor\" data-index=\"27\" ><div\n\t\t\t\n\t\t\tclass=\"so-widget-sow-editor so-widget-sow-editor-base\"\n\t\t\t\n\t\t>\n<div class=\"siteorigin-widget-tinymce textwidget\">\n\t<h2><\/h2>\n<h2 style=\"text-align: center;\"><strong><u>DONNONS UN SENS POSITIF \u00c0 NOTRE VIE<\/u><\/strong><\/h2>\n<h2><img loading=\"lazy\" loading=\"lazy\" decoding=\"async\" class=\"wp-image-5060 size-full aligncenter\" src=\"https:\/\/multimediamenard.org\/wp-content\/uploads\/2021\/03\/fevrier2021_01.png\" alt=\"\" width=\"207\" height=\"298\" \/><\/h2>\n<h2 style=\"text-align: center;\"><strong>Es-tu heureux ou malheureux? Ou plut\u00f4t:<\/strong><\/h2>\n<h2>\n<p>&nbsp;<\/p>\n<\/div>\n<\/div><\/div><div id=\"panel-3331-4-1-2\" class=\"widget_text so-panel widget widget_custom_html panel-last-child\" data-index=\"28\" ><div class=\"textwidget custom-html-widget\"><hr><\/div><\/div><\/div><div id=\"pgc-3331-4-2\"  class=\"panel-grid-cell panel-grid-cell-empty\" ><\/div><div id=\"pgc-3331-4-3\"  class=\"panel-grid-cell panel-grid-cell-mobile-last\" ><div id=\"panel-3331-4-3-0\" class=\"widget_text so-panel widget widget_custom_html panel-first-child\" data-index=\"29\" ><div class=\"textwidget custom-html-widget\"><br><br><br><br><br><br><br><br>\n<br><br><br><br><br><br><br><br><\/div><\/div><div id=\"panel-3331-4-3-1\" class=\"so-panel widget widget_circleicon-widget\" data-index=\"30\" >\t\t<div class=\"circle-icon-box circle-icon-position-top circle-icon-hide-box circle-icon-size-small \">\n\t\t\t\t\t\t\t<div class=\"circle-icon-wrapper\">\n\t\t\t\t\t\t\t\t\t\t<a href=\"https:\/\/multimediamenard.org\/febrero-2021\/\" class=\"link-icon\" >\t\t\t\t\t<div class=\"circle-icon icon-style-set\" style=\"background-image: url(https:\/\/multimediamenard.org\/febrero-2021\/)\">\n\t\t\t\t\t\t\t\t\t\t\t\t\t<div class=\"fa fa-hand-o-right\" ><\/div>\n\t\t\t\t\t\t\t\t\t\t\t<\/div>\n\t\t\t\t\t<\/a>\t\t\t\t<\/div>\n\t\t\t\n\t\t\t\t\t\t\t<a href=\"https:\/\/multimediamenard.org\/febrero-2021\/\" class=\"link-title\" >\n\t\t\t\t\t\t\t\t\t\t\t\t\t<\/a>\n\t\t\t\n\t\t\t\t\t\t\t\t\t\t<a\n\t\t\t\t\thref=\"https:\/\/multimediamenard.org\/febrero-2021\/\"\n\t\t\t\t\tclass=\"more-button\"\n\t\t\t\t\t\t\t\t\t\t\t\t\t\t>\n\t\t\t\t\tMore Info <i><\/i>\n\t\t\t\t<\/a>\n\t\t\t\t\t<\/div>\n\t\t<\/div><div id=\"panel-3331-4-3-2\" class=\"widget_text so-panel widget widget_custom_html panel-last-child\" data-index=\"31\" ><div class=\"textwidget custom-html-widget\"><br> <br>\n<hr><\/div><\/div><\/div><div id=\"pgc-3331-4-4\"  class=\"panel-grid-cell panel-grid-cell-empty\" ><\/div><\/div><div id=\"pg-3331-5\"  class=\"panel-grid panel-no-style\" ><div id=\"pgc-3331-5-0\"  class=\"panel-grid-cell panel-grid-cell-empty\" ><\/div><div id=\"pgc-3331-5-1\"  class=\"panel-grid-cell\" ><div id=\"panel-3331-5-1-0\" class=\"so-panel widget widget_sow-editor panel-first-child\" data-index=\"32\" ><div\n\t\t\t\n\t\t\tclass=\"so-widget-sow-editor so-widget-sow-editor-base\"\n\t\t\t\n\t\t>\n<div class=\"siteorigin-widget-tinymce textwidget\">\n\t<h3><strong>Janvier-2020<\/strong><\/h3>\n<\/div>\n<\/div><\/div><div id=\"panel-3331-5-1-1\" class=\"so-panel widget widget_sow-editor\" data-index=\"33\" ><div\n\t\t\t\n\t\t\tclass=\"so-widget-sow-editor so-widget-sow-editor-base\"\n\t\t\t\n\t\t>\n<div class=\"siteorigin-widget-tinymce textwidget\">\n\t<p><img loading=\"lazy\" loading=\"lazy\" decoding=\"async\" class=\"size-medium wp-image-4815 alignleft\" src=\"https:\/\/multimediamenard.org\/wp-content\/uploads\/2021\/02\/janvier2021-01-300x193.png\" alt=\"\" width=\"300\" height=\"193\" srcset=\"https:\/\/multimediamenard.org\/wp-content\/uploads\/2021\/02\/janvier2021-01-300x193.png 300w, https:\/\/multimediamenard.org\/wp-content\/uploads\/2021\/02\/janvier2021-01-768x495.png 768w, https:\/\/multimediamenard.org\/wp-content\/uploads\/2021\/02\/janvier2021-01.png 855w\" sizes=\"(max-width: 300px) 100vw, 300px\" \/><\/p>\n<p style=\"text-align: center;\"><strong><u>CHAMPIGNON ATOMIQUE AU-DESSUS DU JAPON EN 1945.<\/u><\/strong><\/p>\n<p><strong><u>LES PAPES ET LA MENACE NUCL\u00c9AIRE, DES APPELS \u00c0 LA CONSCIENCE DU MONDE<\/u><\/strong><\/p>\n<p>Le Trait\u00e9 pour l'interdiction des armes nucl\u00e9aires entre en vigueur le 22 janvier. \u00c0 Hiroshima en 2019, le Pape Fran\u00e7ois a d\u00e9fini la possession de ces armes comme \u00ab immorale \u00bb. Des paroles embl\u00e9matiques du long magist\u00e8re des Papes, du XXe si\u00e8cle \u00e0 nos jours.<\/p>\n<\/p>\n<p>&nbsp;<\/p>\n<\/div>\n<\/div><\/div><div id=\"panel-3331-5-1-2\" class=\"widget_text so-panel widget widget_custom_html\" data-index=\"34\" ><div class=\"textwidget custom-html-widget\"><br><br><br><\/div><\/div><div id=\"panel-3331-5-1-3\" class=\"widget_text so-panel widget widget_custom_html panel-last-child\" data-index=\"35\" ><div class=\"textwidget custom-html-widget\"><hr><\/div><\/div><\/div><div id=\"pgc-3331-5-2\"  class=\"panel-grid-cell panel-grid-cell-empty\" ><\/div><div id=\"pgc-3331-5-3\"  class=\"panel-grid-cell panel-grid-cell-mobile-last\" ><div id=\"panel-3331-5-3-0\" class=\"widget_text so-panel widget widget_custom_html panel-first-child\" data-index=\"36\" ><div class=\"textwidget custom-html-widget\"><br><\/div><\/div><div id=\"panel-3331-5-3-1\" class=\"so-panel widget widget_circleicon-widget\" data-index=\"37\" >\t\t<div class=\"circle-icon-box circle-icon-position-top circle-icon-hide-box circle-icon-size-small \">\n\t\t\t\t\t\t\t<div class=\"circle-icon-wrapper\">\n\t\t\t\t\t\t\t\t\t\t<a href=\"https:\/\/multimediamenard.org\/enero-2021\/\" class=\"link-icon\" >\t\t\t\t\t<div class=\"circle-icon icon-style-set\" style=\"background-image: url(https:\/\/multimediamenard.org\/enero-2021\/)\">\n\t\t\t\t\t\t\t\t\t\t\t\t\t<div class=\"fa fa-hand-o-right\" ><\/div>\n\t\t\t\t\t\t\t\t\t\t\t<\/div>\n\t\t\t\t\t<\/a>\t\t\t\t<\/div>\n\t\t\t\n\t\t\t\t\t\t\t<a href=\"https:\/\/multimediamenard.org\/enero-2021\/\" class=\"link-title\" >\n\t\t\t\t\t\t\t\t\t\t\t\t\t<\/a>\n\t\t\t\n\t\t\t\t\t\t\t\t\t\t<a\n\t\t\t\t\thref=\"https:\/\/multimediamenard.org\/enero-2021\/\"\n\t\t\t\t\tclass=\"more-button\"\n\t\t\t\t\t\t\t\t\t\t\t\t\t\t>\n\t\t\t\t\tMore Info <i><\/i>\n\t\t\t\t<\/a>\n\t\t\t\t\t<\/div>\n\t\t<\/div><div id=\"panel-3331-5-3-2\" class=\"widget_text so-panel widget widget_custom_html\" data-index=\"38\" ><div class=\"textwidget custom-html-widget\"><hr><\/div><\/div><div id=\"panel-3331-5-3-3\" class=\"so-panel widget widget_sow-editor\" data-index=\"39\" ><div\n\t\t\t\n\t\t\tclass=\"so-widget-sow-editor so-widget-sow-editor-base\"\n\t\t\t\n\t\t>\n<div class=\"siteorigin-widget-tinymce textwidget\">\n\t<h2 style=\"text-align: center;\"><strong>T.I.I-2021<\/strong><\/h2>\n<h1 style=\"text-align: center;\"><strong>M.S.A<\/strong><\/h1>\n<\/p>\n<p><a href=\"https:\/\/multimediamenard.org\/t-i-i-2021\/\"><img loading=\"lazy\" loading=\"lazy\" decoding=\"async\" class=\"aligncenter wp-image-4635 size-medium\" src=\"https:\/\/multimediamenard.org\/wp-content\/uploads\/2021\/01\/TII_FRANCAIS-300x143.png\" alt=\"\" width=\"300\" height=\"143\" srcset=\"https:\/\/multimediamenard.org\/wp-content\/uploads\/2021\/01\/TII_FRANCAIS-300x143.png 300w, https:\/\/multimediamenard.org\/wp-content\/uploads\/2021\/01\/TII_FRANCAIS.png 601w\" sizes=\"(max-width: 300px) 100vw, 300px\" \/><\/a><\/p>\n<\/div>\n<\/div><\/div><div id=\"panel-3331-5-3-4\" class=\"widget_text so-panel widget widget_custom_html\" data-index=\"40\" ><div class=\"textwidget custom-html-widget\"><audio src=\"https:\/\/multimediamenard.org\/wp-content\/uploads\/2019\/04\/Gente_de_fe.mp3\" autoplay=\"autoplay\" loop=\"loop\">\nTu navegador no implementa el elemento audio.\n<\/audio><\/div><\/div><div id=\"panel-3331-5-3-5\" class=\"widget_text so-panel widget widget_custom_html panel-last-child\" data-index=\"41\" ><div class=\"textwidget custom-html-widget\"><hr><\/div><\/div><\/div><div id=\"pgc-3331-5-4\"  class=\"panel-grid-cell panel-grid-cell-empty\" ><\/div><\/div><div id=\"pg-3331-6\"  class=\"panel-grid panel-no-style\" ><div id=\"pgc-3331-6-0\"  class=\"panel-grid-cell panel-grid-cell-empty\" ><\/div><div id=\"pgc-3331-6-1\"  class=\"panel-grid-cell\" ><div id=\"panel-3331-6-1-0\" class=\"so-panel widget widget_sow-editor panel-first-child\" data-index=\"42\" ><div\n\t\t\t\n\t\t\tclass=\"so-widget-sow-editor so-widget-sow-editor-base\"\n\t\t\t\n\t\t>\n<div class=\"siteorigin-widget-tinymce textwidget\">\n\t<h3><strong>D\u00e9cembre-2020<\/strong><\/h3>\n<\/div>\n<\/div><\/div><div id=\"panel-3331-6-1-1\" class=\"so-panel widget widget_sow-editor\" data-index=\"43\" ><div\n\t\t\t\n\t\t\tclass=\"so-widget-sow-editor so-widget-sow-editor-base\"\n\t\t\t\n\t\t>\n<div class=\"siteorigin-widget-tinymce textwidget\">\n\t<p><img loading=\"lazy\" loading=\"lazy\" decoding=\"async\" class=\"size-medium wp-image-4351 alignleft\" src=\"https:\/\/multimediamenard.org\/wp-content\/uploads\/2020\/12\/dec_2020_00-300x242.png\" alt=\"\" width=\"300\" height=\"242\" srcset=\"https:\/\/multimediamenard.org\/wp-content\/uploads\/2020\/12\/dec_2020_00-300x242.png 300w, https:\/\/multimediamenard.org\/wp-content\/uploads\/2020\/12\/dec_2020_00.png 628w\" sizes=\"(max-width: 300px) 100vw, 300px\" \/> <strong><u>L'ANN\u00c9E 2020 DU PAPE: LA FORCE DE LA PRI\u00c8RE EN TEMPS DE PAND\u00c9MIE<\/u><\/strong><\/p>\n<h5>L'urgence sanitaire mondiale li\u00e9e \u00e0 la pand\u00e9mie de Covid-19 a interrompu les voyages apostoliques internationaux cette ann\u00e9e, mais le Pape est rest\u00e9 proche des fid\u00e8les gr\u00e2ce \u00e0 la force de la pri\u00e8re.<\/h5>\n<h5>Dimanche 8 mars, la ligne de d\u00e9marcation qui s\u00e9pare l\u2019\u00ab avant\u00bb de l'\u00abapr\u00e8s\u00bb. C'est le jour du premier ang\u00e9lus du Pape Fran\u00e7ois r\u00e9cit\u00e9, en direct audio et vid\u00e9o, depuis la Biblioth\u00e8que du Palais apostolique. Le confinement impos\u00e9 par la pand\u00e9mie de Covid-19 est alors imminent en Italie. \u00ab Cette pri\u00e8re de l'Ang\u00e9lus aujourd'hui est un peu \u00e9trange, avec le Pape \"en cage\" dans la Biblioth\u00e8que, mais je vous vois, je suis proche de vous \u00bb, d\u00e9clare Fran\u00e7ois, au d\u00e9but de la retransmission. Puis, \u00e0 la fin, cet impr\u00e9vu: le Pape appara\u00eet \u00e0 la fen\u00eatre du Palais apostolique pour b\u00e9nir la place Saint-Pierre.<\/h5>\n<h5>On ne le sait pas encore, mais cette place, au fil des mois, deviendra vide et silencieuse; elle sera remplie de la pri\u00e8re du Successeur de Pierre et des esp\u00e9rances du monde. C'est l\u00e0, en effet, que seul, sous la pluie, Fran\u00e7ois a pr\u00e9sid\u00e9, le soir du 27 mars, vendredi de Car\u00eame, ce moment extraordinaire de pri\u00e8re en temps de pand\u00e9mie, pour inviter l'humanit\u00e9 \u00e0 ne pas avoir peur et \u00e0 se confier au Seigneur: \u00ab Nous avons une esp\u00e9rance, dans la Croix nous avons \u00e9t\u00e9 gu\u00e9ris et embrass\u00e9s afin que rien ni personne ne nous s\u00e9pare de son amour r\u00e9dempteur \u00bb.<\/h5>\n<\/p>\n<p>&nbsp;<\/p>\n<\/div>\n<\/div><\/div><div id=\"panel-3331-6-1-2\" class=\"widget_text so-panel widget widget_custom_html panel-last-child\" data-index=\"44\" ><div class=\"textwidget custom-html-widget\"><hr><\/div><\/div><\/div><div id=\"pgc-3331-6-2\"  class=\"panel-grid-cell panel-grid-cell-empty\" ><\/div><div id=\"pgc-3331-6-3\"  class=\"panel-grid-cell panel-grid-cell-mobile-last\" ><div id=\"panel-3331-6-3-0\" class=\"widget_text so-panel widget widget_custom_html panel-first-child\" data-index=\"45\" ><div class=\"textwidget custom-html-widget\"><br><br><br><br><br><br><br><br><\/div><\/div><div id=\"panel-3331-6-3-1\" class=\"so-panel widget widget_circleicon-widget\" data-index=\"46\" >\t\t<div class=\"circle-icon-box circle-icon-position-top circle-icon-hide-box circle-icon-size-small \">\n\t\t\t\t\t\t\t<div class=\"circle-icon-wrapper\">\n\t\t\t\t\t\t\t\t\t\t<a href=\"https:\/\/multimediamenard.org\/nueva-pagina-2021\/\" class=\"link-icon\" >\t\t\t\t\t<div class=\"circle-icon icon-style-set\" style=\"background-image: url(https:\/\/multimediamenard.org\/nueva-pagina-2021\/)\">\n\t\t\t\t\t\t\t\t\t\t\t\t\t<div class=\"fa fa-hand-o-right\" ><\/div>\n\t\t\t\t\t\t\t\t\t\t\t<\/div>\n\t\t\t\t\t<\/a>\t\t\t\t<\/div>\n\t\t\t\n\t\t\t\t\t\t\t<a href=\"https:\/\/multimediamenard.org\/nueva-pagina-2021\/\" class=\"link-title\" >\n\t\t\t\t\t\t\t\t\t\t\t\t\t<\/a>\n\t\t\t\n\t\t\t\t\t\t\t\t\t\t<a\n\t\t\t\t\thref=\"https:\/\/multimediamenard.org\/nueva-pagina-2021\/\"\n\t\t\t\t\tclass=\"more-button\"\n\t\t\t\t\t\t\t\t\t\t\t\t\t\t>\n\t\t\t\t\tMore Info <i><\/i>\n\t\t\t\t<\/a>\n\t\t\t\t\t<\/div>\n\t\t<\/div><div id=\"panel-3331-6-3-2\" class=\"widget_text so-panel widget widget_custom_html panel-last-child\" data-index=\"47\" ><div class=\"textwidget custom-html-widget\"><hr><\/div><\/div><\/div><div id=\"pgc-3331-6-4\"  class=\"panel-grid-cell panel-grid-cell-empty\" ><\/div><\/div><div id=\"pg-3331-7\"  class=\"panel-grid panel-no-style\" ><div id=\"pgc-3331-7-0\"  class=\"panel-grid-cell panel-grid-cell-empty\" ><\/div><div id=\"pgc-3331-7-1\"  class=\"panel-grid-cell\" ><div id=\"panel-3331-7-1-0\" class=\"so-panel widget widget_sow-editor panel-first-child\" data-index=\"48\" ><div\n\t\t\t\n\t\t\tclass=\"so-widget-sow-editor so-widget-sow-editor-base\"\n\t\t\t\n\t\t>\n<div class=\"siteorigin-widget-tinymce textwidget\">\n\t<h5><strong>Novembre-2020<\/strong><\/h5>\n<p><img loading=\"lazy\" loading=\"lazy\" decoding=\"async\" class=\"aligncenter wp-image-4153 \" src=\"https:\/\/multimediamenard.org\/wp-content\/uploads\/2020\/12\/nov2020_01.png\" alt=\"\" width=\"776\" height=\"472\" srcset=\"https:\/\/multimediamenard.org\/wp-content\/uploads\/2020\/12\/nov2020_01.png 876w, https:\/\/multimediamenard.org\/wp-content\/uploads\/2020\/12\/nov2020_01-300x183.png 300w, https:\/\/multimediamenard.org\/wp-content\/uploads\/2020\/12\/nov2020_01-768x467.png 768w\" sizes=\"(max-width: 776px) 100vw, 776px\" \/><\/p>\n<h3 style=\"text-align: center;\"><strong><\/strong><\/h4>\n<h3 style=\"text-align: center;\"><strong>MISSIONARIES OF THE APOSTLE SAINTS<\/strong><\/h3>\n<h3 style=\"text-align: center;\"><strong>DELEGATION OF COLOMBIA AND VENEZUELA<\/strong><\/h3>\n<h3 style=\"text-align: center;\"><em>\"Dr. CARLOS JARAMILLO DE LA TORRE\"<\/em><\/h3>\n<h3 style=\"text-align: center;\"><strong><\/strong><\/h3>\n<h3><\/h3>\n<h3><strong>INTRODUCTION<\/strong><\/h3>\n<h3><strong>\u00a0<\/strong>Tr\u00e8s chers fr\u00e8res, de la Soci\u00e9t\u00e9 des Missionnaires des Saints Ap\u00f4tres. Depuis la D\u00e9l\u00e9gation de Colombie, nous rendons gr\u00e2ce \u00e0 Dieu pour la vie de chacun de vous; pour le travail pastoral que vous r\u00e9alisez dans l'Eglise pour notre Soci\u00e9t\u00e9. Cela fait d\u00e9j\u00e0 8 ans que nous avons \u00e9t\u00e9 institu\u00e9s comme D\u00e9l\u00e9gation. Durant ces ann\u00e9es, nous travaillons dans le style de vie des Missionnaires des Saints-Ap\u00f4tres, selon nos constitutions et Normes et le besoin de la Soci\u00e9t\u00e9 et de l'Eglise locale. Je voudrais partager, dans les lignes qui suivent, certains aspects relevants de l'actualit\u00e9 de notre D\u00e9l\u00e9gation dans l'ordre suivant: Pr\u00e9sentation de la d\u00e9l\u00e9gation, Objectifs, Analyse de la situation perspective pour l'avenir<\/h3>\n<h3>Ce bref parcours est une tentative de montrer au niveau g\u00e9n\u00e9ral le parcours de ces huit ann\u00e9es comme D\u00e9l\u00e9gation et des pistes pour l'avenir; sans perdre de vue le sens de l'appartenance et notre pr\u00e9sence en Colombie et au V\u00e9n\u00e9zu\u00e9la dans l'unit\u00e9 et la fraternit\u00e9, les deux ailes qui nous fortifient comme M.S.A.<\/h3>\n<h3><\/h3>\n<\/div>\n<\/div><\/div><div id=\"panel-3331-7-1-1\" class=\"widget_text so-panel widget widget_custom_html panel-last-child\" data-index=\"49\" ><div class=\"textwidget custom-html-widget\"><hr><\/div><\/div><\/div><div id=\"pgc-3331-7-2\"  class=\"panel-grid-cell\" ><div id=\"panel-3331-7-2-0\" class=\"widget_text so-panel widget widget_custom_html panel-first-child\" data-index=\"50\" ><div class=\"textwidget custom-html-widget\"><br><br><br><br><br><br><br><br><\/div><\/div><div id=\"panel-3331-7-2-1\" class=\"so-panel widget widget_circleicon-widget\" data-index=\"51\" >\t\t<div class=\"circle-icon-box circle-icon-position-top circle-icon-hide-box circle-icon-size-small \">\n\t\t\t\t\t\t\t<div class=\"circle-icon-wrapper\">\n\t\t\t\t\t\t\t\t\t\t<a href=\"https:\/\/multimediamenard.org\/msa-misioneros-de-los-santos-apostoles-delegacion-de-colombia-y-venezuela\/\" class=\"link-icon\" >\t\t\t\t\t<div class=\"circle-icon icon-style-set\" style=\"background-image: url(https:\/\/multimediamenard.org\/msa-misioneros-de-los-santos-apostoles-delegacion-de-colombia-y-venezuela\/)\">\n\t\t\t\t\t\t\t\t\t\t\t\t\t<div class=\"fa fa-hand-o-right\" ><\/div>\n\t\t\t\t\t\t\t\t\t\t\t<\/div>\n\t\t\t\t\t<\/a>\t\t\t\t<\/div>\n\t\t\t\n\t\t\t\t\t\t\t<a href=\"https:\/\/multimediamenard.org\/msa-misioneros-de-los-santos-apostoles-delegacion-de-colombia-y-venezuela\/\" class=\"link-title\" >\n\t\t\t\t\t\t\t\t\t\t\t\t\t<\/a>\n\t\t\t\n\t\t\t\t\t\t\t\t\t\t<a\n\t\t\t\t\thref=\"https:\/\/multimediamenard.org\/msa-misioneros-de-los-santos-apostoles-delegacion-de-colombia-y-venezuela\/\"\n\t\t\t\t\tclass=\"more-button\"\n\t\t\t\t\t\t\t\t\t\t\t\t\t\t>\n\t\t\t\t\tMore Info <i><\/i>\n\t\t\t\t<\/a>\n\t\t\t\t\t<\/div>\n\t\t<\/div><div id=\"panel-3331-7-2-2\" class=\"widget_text so-panel widget widget_custom_html panel-last-child\" data-index=\"52\" ><div class=\"textwidget custom-html-widget\"><hr><\/div><\/div><\/div><\/div><div id=\"pg-3331-8\"  class=\"panel-grid panel-no-style\" ><div id=\"pgc-3331-8-0\"  class=\"panel-grid-cell panel-grid-cell-empty\" ><\/div><div id=\"pgc-3331-8-1\"  class=\"panel-grid-cell\" ><div id=\"panel-3331-8-1-0\" class=\"so-panel widget widget_sow-editor panel-first-child\" data-index=\"53\" ><div\n\t\t\t\n\t\t\tclass=\"so-widget-sow-editor so-widget-sow-editor-base\"\n\t\t\t\n\t\t>\n<div class=\"siteorigin-widget-tinymce textwidget\">\n\t<h5><strong>Octobre-2020<\/strong><\/h5>\n<p><img loading=\"lazy\" loading=\"lazy\" decoding=\"async\" class=\" wp-image-4012 aligncenter\" src=\"https:\/\/multimediamenard.org\/wp-content\/uploads\/2020\/10\/oct2020_01-300x225.png\" alt=\"\" width=\"555\" height=\"416\" srcset=\"https:\/\/multimediamenard.org\/wp-content\/uploads\/2020\/10\/oct2020_01-300x225.png 300w, https:\/\/multimediamenard.org\/wp-content\/uploads\/2020\/10\/oct2020_01.png 720w\" sizes=\"(max-width: 555px) 100vw, 555px\" \/><\/p>\n<h3 style=\"text-align: center;\"><strong><\/strong><\/h4>\n<h3 style=\"text-align: center;\">Missionnaires des Saints-Ap\u00f4tres<\/h3>\n<h3 style=\"text-align: center;\">DELEGATION DU PEROU<\/h3>\n<h3 style=\"text-align: center;\"><strong><\/strong><\/h3>\n<\/div>\n<\/div><\/div><div id=\"panel-3331-8-1-1\" class=\"widget_text so-panel widget widget_custom_html panel-last-child\" data-index=\"54\" ><div class=\"textwidget custom-html-widget\"><hr><\/div><\/div><\/div><div id=\"pgc-3331-8-2\"  class=\"panel-grid-cell\" ><div id=\"panel-3331-8-2-0\" class=\"widget_text so-panel widget widget_custom_html panel-first-child\" data-index=\"55\" ><div class=\"textwidget custom-html-widget\"><br><br><br><br><br><br><br><br><\/div><\/div><div id=\"panel-3331-8-2-1\" class=\"so-panel widget widget_circleicon-widget\" data-index=\"56\" >\t\t<div class=\"circle-icon-box circle-icon-position-top circle-icon-hide-box circle-icon-size-small \">\n\t\t\t\t\t\t\t<div class=\"circle-icon-wrapper\">\n\t\t\t\t\t\t\t\t\t\t<a href=\"https:\/\/multimediamenard.org\/misioneros-de-los-santos-apostoles-delegacion-del-peru\/\" class=\"link-icon\" >\t\t\t\t\t<div class=\"circle-icon icon-style-set\" style=\"background-image: url(https:\/\/multimediamenard.org\/misioneros-de-los-santos-apostoles-delegacion-del-peru\/)\">\n\t\t\t\t\t\t\t\t\t\t\t\t\t<div class=\"fa fa-hand-o-right\" ><\/div>\n\t\t\t\t\t\t\t\t\t\t\t<\/div>\n\t\t\t\t\t<\/a>\t\t\t\t<\/div>\n\t\t\t\n\t\t\t\t\t\t\t<a href=\"https:\/\/multimediamenard.org\/misioneros-de-los-santos-apostoles-delegacion-del-peru\/\" class=\"link-title\" >\n\t\t\t\t\t\t\t\t\t\t\t\t\t<\/a>\n\t\t\t\n\t\t\t\t\t\t\t\t\t\t<a\n\t\t\t\t\thref=\"https:\/\/multimediamenard.org\/misioneros-de-los-santos-apostoles-delegacion-del-peru\/\"\n\t\t\t\t\tclass=\"more-button\"\n\t\t\t\t\t\t\t\t\t\t\t\t\t\t>\n\t\t\t\t\tMore Info <i><\/i>\n\t\t\t\t<\/a>\n\t\t\t\t\t<\/div>\n\t\t<\/div><div id=\"panel-3331-8-2-2\" class=\"widget_text so-panel widget widget_custom_html panel-last-child\" data-index=\"57\" ><div class=\"textwidget custom-html-widget\"><hr><\/div><\/div><\/div><\/div><div id=\"pg-3331-9\"  class=\"panel-grid panel-no-style\" ><div id=\"pgc-3331-9-0\"  class=\"panel-grid-cell panel-grid-cell-empty\" ><\/div><div id=\"pgc-3331-9-1\"  class=\"panel-grid-cell\" ><div id=\"panel-3331-9-1-0\" class=\"so-panel widget widget_sow-editor panel-first-child\" data-index=\"58\" ><div\n\t\t\t\n\t\t\tclass=\"so-widget-sow-editor so-widget-sow-editor-base\"\n\t\t\t\n\t\t>\n<div class=\"siteorigin-widget-tinymce textwidget\">\n\t<h5><strong>Septembre-2020<\/strong><\/h5>\n<h3 style=\"text-align: center;\"><strong><\/strong><\/h4>\n<h3 style=\"text-align: center;\"><strong>SOCI\u00c9T\u00c9 DES MISSIONNAIRES DES SAINTS-AP\u00d4TRES<\/strong><br \/>\n<strong>PROVINCE DES \u00c9TATS-UNIS<\/strong><\/h3>\n<h4>1. Pr\u00e9sentation<\/h4>\n<h4><img loading=\"lazy\" loading=\"lazy\" decoding=\"async\" class=\"size-medium wp-image-3867 alignleft\" src=\"https:\/\/multimediamenard.org\/wp-content\/uploads\/2020\/10\/sep2020_01-267x300.png\" alt=\"\" width=\"267\" height=\"300\" srcset=\"https:\/\/multimediamenard.org\/wp-content\/uploads\/2020\/10\/sep2020_01-267x300.png 267w, https:\/\/multimediamenard.org\/wp-content\/uploads\/2020\/10\/sep2020_01.png 295w\" sizes=\"(max-width: 267px) 100vw, 267px\" \/><\/h4>\n<h4>La Province des \u00c9tats-Unis a \u00e9t\u00e9 fond\u00e9e au d\u00e9but de la Famille des Saints-Ap\u00f4tres avec le S\u00e9minaire des Saints-Ap\u00f4tres en 1957, \u00e0 Cromwell, CT, ainsi que les Maisons de Washington, DC, un peu plus tard. Lorsque le P\u00e8re M\u00e9nard quitta le Canada, il r\u00e9sida pendant quelques ann\u00e9es \u00e0 Washington avec les membres des futurs Missionnaires des Saints-Ap\u00f4tres (1962-1965), avant de d\u00e9m\u00e9nager au P\u00e9rou o\u00f9 il fonda la nouvelle Soci\u00e9t\u00e9 le 15 ao\u00fbt, 1962. A partir de 1965 ont fonctionn\u00e9 comme r\u00e9gion et apr\u00e8s comme province.<\/h4>\n<h4 style=\"padding-left: 40px;\"><\/h4>\n<h3><\/h3>\n<h3><\/h3>\n<h3><\/h3>\n<h3 style=\"text-align: center;\"><strong><\/strong><\/h3>\n<\/div>\n<\/div><\/div><div id=\"panel-3331-9-1-1\" class=\"widget_text so-panel widget widget_custom_html panel-last-child\" data-index=\"59\" ><div class=\"textwidget custom-html-widget\"><hr><\/div><\/div><\/div><div id=\"pgc-3331-9-2\"  class=\"panel-grid-cell\" ><div id=\"panel-3331-9-2-0\" class=\"widget_text so-panel widget widget_custom_html panel-first-child\" data-index=\"60\" ><div class=\"textwidget custom-html-widget\"><br><br><br><br><br><br><br><br><\/div><\/div><div id=\"panel-3331-9-2-1\" class=\"so-panel widget widget_circleicon-widget\" data-index=\"61\" >\t\t<div class=\"circle-icon-box circle-icon-position-top circle-icon-hide-box circle-icon-size-small \">\n\t\t\t\t\t\t\t<div class=\"circle-icon-wrapper\">\n\t\t\t\t\t\t\t\t\t\t<a href=\"https:\/\/multimediamenard.org\/sociedad-de-los-misioneros-de-los-santos-apostoles-provincia-de-ee-uu\/\" class=\"link-icon\" >\t\t\t\t\t<div class=\"circle-icon icon-style-set\" style=\"background-image: url(https:\/\/multimediamenard.org\/sociedad-de-los-misioneros-de-los-santos-apostoles-provincia-de-ee-uu\/)\">\n\t\t\t\t\t\t\t\t\t\t\t\t\t<div class=\"fa fa-hand-o-right\" ><\/div>\n\t\t\t\t\t\t\t\t\t\t\t<\/div>\n\t\t\t\t\t<\/a>\t\t\t\t<\/div>\n\t\t\t\n\t\t\t\t\t\t\t<a href=\"https:\/\/multimediamenard.org\/sociedad-de-los-misioneros-de-los-santos-apostoles-provincia-de-ee-uu\/\" class=\"link-title\" >\n\t\t\t\t\t\t\t\t\t\t\t\t\t<\/a>\n\t\t\t\n\t\t\t\t\t\t\t\t\t\t<a\n\t\t\t\t\thref=\"https:\/\/multimediamenard.org\/sociedad-de-los-misioneros-de-los-santos-apostoles-provincia-de-ee-uu\/\"\n\t\t\t\t\tclass=\"more-button\"\n\t\t\t\t\t\t\t\t\t\t\t\t\t\t>\n\t\t\t\t\tMore Info <i><\/i>\n\t\t\t\t<\/a>\n\t\t\t\t\t<\/div>\n\t\t<\/div><div id=\"panel-3331-9-2-2\" class=\"widget_text so-panel widget widget_custom_html panel-last-child\" data-index=\"62\" ><div class=\"textwidget custom-html-widget\"><hr><\/div><\/div><\/div><\/div><div id=\"pg-3331-10\"  class=\"panel-grid panel-no-style\" ><div id=\"pgc-3331-10-0\"  class=\"panel-grid-cell panel-grid-cell-empty\" ><\/div><div id=\"pgc-3331-10-1\"  class=\"panel-grid-cell panel-grid-cell-mobile-last\" ><div id=\"panel-3331-10-1-0\" class=\"so-panel widget widget_sow-editor panel-first-child panel-last-child\" data-index=\"63\" ><div\n\t\t\t\n\t\t\tclass=\"so-widget-sow-editor so-widget-sow-editor-base\"\n\t\t\t\n\t\t>\n<div class=\"siteorigin-widget-tinymce textwidget\">\n\t<h5><strong>Ao\u00fbt -2020<\/strong><\/h5>\n<\/div>\n<\/div><\/div><\/div><div id=\"pgc-3331-10-2\"  class=\"panel-grid-cell panel-grid-cell-empty\" ><\/div><\/div><div id=\"pg-3331-11\"  class=\"panel-grid panel-no-style\" ><div id=\"pgc-3331-11-0\"  class=\"panel-grid-cell panel-grid-cell-empty\" ><\/div><div id=\"pgc-3331-11-1\"  class=\"panel-grid-cell\" ><div id=\"panel-3331-11-1-0\" class=\"so-panel widget widget_media_image panel-first-child\" data-index=\"64\" ><a href=\"https:\/\/multimediamenard.org\/promesas-y-sacerdocio\/\"><img loading=\"lazy\" decoding=\"async\" width=\"268\" height=\"246\" src=\"https:\/\/multimediamenard.org\/wp-content\/uploads\/2020\/08\/promesas_01_08_2020.png\" class=\"image wp-image-3438  attachment-320x294 size-320x294\" alt=\"\" style=\"max-width: 100%; height: auto;\" \/><\/a><\/div><div id=\"panel-3331-11-1-1\" class=\"so-panel widget widget_circleicon-widget\" data-index=\"65\" >\t\t<div class=\"circle-icon-box circle-icon-position-left circle-icon-hide-box circle-icon-size-small \">\n\t\t\t\t\t\t\t<div class=\"circle-icon-wrapper\">\n\t\t\t\t\t\t\t\t\t\t<a href=\"https:\/\/multimediamenard.org\/promesas-y-sacerdocio\/\" class=\"link-icon\" >\t\t\t\t\t<div class=\"circle-icon icon-style-set\" style=\"background-image: url(https:\/\/multimediamenard.org\/promesas-y-sacerdocio\/)\">\n\t\t\t\t\t\t\t\t\t\t\t\t\t<div class=\"fa fa-hand-o-right\" ><\/div>\n\t\t\t\t\t\t\t\t\t\t\t<\/div>\n\t\t\t\t\t<\/a>\t\t\t\t<\/div>\n\t\t\t\n\t\t\t\t\t\t\t<a href=\"https:\/\/multimediamenard.org\/promesas-y-sacerdocio\/\" class=\"link-title\" >\n\t\t\t\t\t\t\t\t\t\t\t\t\t<\/a>\n\t\t\t\n\t\t\t\t\t\t\t\t\t\t<a\n\t\t\t\t\thref=\"https:\/\/multimediamenard.org\/promesas-y-sacerdocio\/\"\n\t\t\t\t\tclass=\"more-button\"\n\t\t\t\t\t\t\t\t\t\t\t\t\t\t>\n\t\t\t\t\tPromesses  2020 <i><\/i>\n\t\t\t\t<\/a>\n\t\t\t\t\t<\/div>\n\t\t<\/div><div id=\"panel-3331-11-1-2\" class=\"widget_text so-panel widget widget_custom_html panel-last-child\" data-index=\"66\" ><div class=\"textwidget custom-html-widget\"><br><\/div><\/div><\/div><div id=\"pgc-3331-11-2\"  class=\"panel-grid-cell panel-grid-cell-empty\" ><\/div><div id=\"pgc-3331-11-3\"  class=\"panel-grid-cell\" ><div id=\"panel-3331-11-3-0\" class=\"so-panel widget widget_media_image panel-first-child\" data-index=\"67\" ><a href=\"https:\/\/multimediamenard.org\/15-de-agosto-de-2020\/\"><img loading=\"lazy\" decoding=\"async\" width=\"188\" height=\"217\" src=\"https:\/\/multimediamenard.org\/wp-content\/uploads\/2020\/08\/rogelio_01_08_2020.png\" class=\"image wp-image-3446  attachment-188x217 size-188x217\" alt=\"\" style=\"max-width: 100%; height: auto;\" \/><\/a><\/div><div id=\"panel-3331-11-3-1\" class=\"so-panel widget widget_circleicon-widget panel-last-child\" data-index=\"68\" >\t\t<div class=\"circle-icon-box circle-icon-position-left circle-icon-hide-box circle-icon-size-small \">\n\t\t\t\t\t\t\t<div class=\"circle-icon-wrapper\">\n\t\t\t\t\t\t\t\t\t\t<a href=\"https:\/\/multimediamenard.org\/15-de-agosto-de-2020\/\" class=\"link-icon\" >\t\t\t\t\t<div class=\"circle-icon icon-style-set\" style=\"background-image: url(https:\/\/multimediamenard.org\/15-de-agosto-de-2020\/)\">\n\t\t\t\t\t\t\t\t\t\t\t\t\t<div class=\"fa fa-hand-o-right\" ><\/div>\n\t\t\t\t\t\t\t\t\t\t\t<\/div>\n\t\t\t\t\t<\/a>\t\t\t\t<\/div>\n\t\t\t\n\t\t\t\t\t\t\t<a href=\"https:\/\/multimediamenard.org\/15-de-agosto-de-2020\/\" class=\"link-title\" >\n\t\t\t\t\t\t\t\t\t\t\t\t\t<\/a>\n\t\t\t\n\t\t\t\t\t\t\t\t\t\t<a\n\t\t\t\t\thref=\"https:\/\/multimediamenard.org\/15-de-agosto-de-2020\/\"\n\t\t\t\t\tclass=\"more-button\"\n\t\t\t\t\t\t\t\t\t\t\t\t\t\t>\n\t\t\t\t\tMESSAGE DE L&#039;\u00c9CONOME G\u00c9N\u00c9RAL <i><\/i>\n\t\t\t\t<\/a>\n\t\t\t\t\t<\/div>\n\t\t<\/div><\/div><div id=\"pgc-3331-11-4\"  class=\"panel-grid-cell panel-grid-cell-empty\" ><\/div><div id=\"pgc-3331-11-5\"  class=\"panel-grid-cell panel-grid-cell-mobile-last\" ><div id=\"panel-3331-11-5-0\" class=\"so-panel widget widget_media_image panel-first-child\" data-index=\"69\" ><a href=\"https:\/\/multimediamenard.org\/agosto-2020\"><img loading=\"lazy\" decoding=\"async\" width=\"322\" height=\"242\" src=\"https:\/\/multimediamenard.org\/wp-content\/uploads\/2020\/08\/Foto_01_08_2020-1.png\" class=\"image wp-image-3431  attachment-350x263 size-350x263\" alt=\"\" style=\"max-width: 100%; height: auto;\" srcset=\"https:\/\/multimediamenard.org\/wp-content\/uploads\/2020\/08\/Foto_01_08_2020-1.png 322w, https:\/\/multimediamenard.org\/wp-content\/uploads\/2020\/08\/Foto_01_08_2020-1-300x225.png 300w\" sizes=\"(max-width: 322px) 100vw, 322px\" \/><\/a><\/div><div id=\"panel-3331-11-5-1\" class=\"widget_text so-panel widget widget_custom_html\" data-index=\"70\" ><div class=\"textwidget custom-html-widget\"><\/div><\/div><div id=\"panel-3331-11-5-2\" class=\"so-panel widget widget_circleicon-widget panel-last-child\" data-index=\"71\" >\t\t<div class=\"circle-icon-box circle-icon-position-left circle-icon-hide-box circle-icon-size-small \">\n\t\t\t\t\t\t\t<div class=\"circle-icon-wrapper\">\n\t\t\t\t\t\t\t\t\t\t<a href=\"https:\/\/multimediamenard.org\/agosto-2020\" class=\"link-icon\" >\t\t\t\t\t<div class=\"circle-icon icon-style-set\" style=\"background-image: url(https:\/\/multimediamenard.org\/agosto-2020)\">\n\t\t\t\t\t\t\t\t\t\t\t\t\t<div class=\"fa fa-hand-o-right\" ><\/div>\n\t\t\t\t\t\t\t\t\t\t\t<\/div>\n\t\t\t\t\t<\/a>\t\t\t\t<\/div>\n\t\t\t\n\t\t\t\t\t\t\t<a href=\"https:\/\/multimediamenard.org\/agosto-2020\" class=\"link-title\" >\n\t\t\t\t\t\t\t\t\t\t\t\t\t<\/a>\n\t\t\t\n\t\t\t\t\t\t\t\t\t\t<a\n\t\t\t\t\thref=\"https:\/\/multimediamenard.org\/agosto-2020\"\n\t\t\t\t\tclass=\"more-button\"\n\t\t\t\t\t\t\t\t\t\t\t\t\t\t>\n\t\t\t\t\tPublication <i><\/i>\n\t\t\t\t<\/a>\n\t\t\t\t\t<\/div>\n\t\t<\/div><\/div><div id=\"pgc-3331-11-6\"  class=\"panel-grid-cell panel-grid-cell-empty\" ><\/div><\/div><\/div>","protected":false},"excerpt":{"rendered":"<p>Juin-2021 NOSTRA AETATE: ET LE CONCILE OUVRIT LA VOIE AU DIALOGUE ENTRE RELIGIONS La d\u00e9claration conciliaire Nostra Aetate approuv\u00e9e par les p\u00e8res du Concile Vatican II et promulgu\u00e9e par Paul VI le 28 octobre 1965 a marqu\u00e9 un tournant irr\u00e9versible dans les relations entre l&rsquo;\u00c9glise catholique et le juda\u00efsme \u00e0 la suite des mesures prises [&hellip;]<\/p>\n","protected":false},"author":1,"featured_media":0,"parent":0,"menu_order":0,"comment_status":"closed","ping_status":"closed","template":"","meta":{"footnotes":""},"guten_post_layout_featured_media_urls":{"full":false,"thumbnail":false,"medium":false,"medium_large":false,"large":false,"1536x1536":false,"2048x2048":false,"guten_post_layout_landscape_large":false,"guten_post_layout_portrait_large":false,"guten_post_layout_square_large":false,"guten_post_layout_landscape":false,"guten_post_layout_portrait":false,"guten_post_layout_square":false,"post-thumbnail":false,"vantage-thumbnail-no-sidebar":false,"vantage-slide":false,"vantage-carousel":false,"vantage-grid-loop":false,"sow-carousel-default":false,"sow-post-carousel-overlay-theme":false},"rttpg_featured_image_url":null,"rttpg_author":{"display_name":"admin","author_link":"https:\/\/multimediamenard.org\/fr\/author\/admin\/"},"rttpg_comment":0,"rttpg_category":null,"rttpg_excerpt":"Juin-2021 NOSTRA AETATE: ET LE CONCILE OUVRIT LA VOIE AU DIALOGUE ENTRE RELIGIONS La d\u00e9claration conciliaire Nostra Aetate approuv\u00e9e par les p\u00e8res du Concile Vatican II et promulgu\u00e9e par Paul VI le 28 octobre 1965 a marqu\u00e9 un tournant irr\u00e9versible dans les relations entre l'\u00c9glise catholique et le juda\u00efsme \u00e0 la suite des mesures prises\u2026","_links":{"self":[{"href":"https:\/\/multimediamenard.org\/fr\/wp-json\/wp\/v2\/pages\/3331"}],"collection":[{"href":"https:\/\/multimediamenard.org\/fr\/wp-json\/wp\/v2\/pages"}],"about":[{"href":"https:\/\/multimediamenard.org\/fr\/wp-json\/wp\/v2\/types\/page"}],"author":[{"embeddable":true,"href":"https:\/\/multimediamenard.org\/fr\/wp-json\/wp\/v2\/users\/1"}],"replies":[{"embeddable":true,"href":"https:\/\/multimediamenard.org\/fr\/wp-json\/wp\/v2\/comments?post=3331"}],"version-history":[{"count":492,"href":"https:\/\/multimediamenard.org\/fr\/wp-json\/wp\/v2\/pages\/3331\/revisions"}],"predecessor-version":[{"id":3509,"href":"https:\/\/multimediamenard.org\/fr\/wp-json\/wp\/v2\/pages\/3331\/revisions\/3509"}],"wp:attachment":[{"href":"https:\/\/multimediamenard.org\/fr\/wp-json\/wp\/v2\/media?parent=3331"}],"curies":[{"name":"wp","href":"https:\/\/api.w.org\/{rel}","templated":true}]}}