{"id":3900,"date":"2020-10-06T16:05:29","date_gmt":"2020-10-06T16:05:29","guid":{"rendered":"https:\/\/multimediamenard.org\/?page_id=3900"},"modified":"2020-10-06T17:33:26","modified_gmt":"2020-10-06T17:33:26","slug":"sociedad-de-los-misioneros-de-los-santos-apostoles-provincia-de-ee-uu","status":"publish","type":"page","link":"https:\/\/multimediamenard.org\/fr\/sociedad-de-los-misioneros-de-los-santos-apostoles-provincia-de-ee-uu\/","title":{"rendered":"SOCI\u00c9T\u00c9 DES MISSIONNAIRES DES SAINTS-AP\u00d4TRES PROVINCE DES \u00c9TATS-UNIS"},"content":{"rendered":"<div id=\"pl-3900\"  class=\"panel-layout\" ><div id=\"pg-3900-0\"  class=\"panel-grid panel-no-style\" ><div id=\"pgc-3900-0-0\"  class=\"panel-grid-cell panel-grid-cell-empty\" ><\/div><div id=\"pgc-3900-0-1\"  class=\"panel-grid-cell panel-grid-cell-mobile-last\" ><div id=\"panel-3900-0-1-0\" class=\"so-panel widget widget_sow-editor panel-first-child panel-last-child\" data-index=\"0\" ><div\n\t\t\t\n\t\t\tclass=\"so-widget-sow-editor so-widget-sow-editor-base\"\n\t\t\t\n\t\t>\n<div class=\"siteorigin-widget-tinymce textwidget\">\n\t<h3>\n<h4><strong>1.1. Les membres M.S.A. aux \u00c9tats-Unis <\/strong><\/h4>\n<h4>Pr\u00e9sentement, la Province compte 36 membres dont deux r\u00e9sidents hors des \u00c9tats-Unis, au Canada et au Br\u00e9sil. Nous avons deux postulants am\u00e9ricains.<\/h4>\n<ul>\n<li>\n<h4>Parmi ces membres, certains sont retrait\u00e9s pour raison de sant\u00e9 ou de l\u2019\u00e2ge : 18 demeurent dans une maison de la province ou dans des foyers. Nous avons 33 membres \u00e2g\u00e9s de plus de 60 ans. Ceci veut dire que nous n\u2019avons que trois membres de moins de 60 ans. Nous avons 15 membres de moins de 70 ans. Donc, nous avons 21 membres avec tr\u00e8s peu de minist\u00e8re ou retrait\u00e9s.<\/h4>\n<\/li>\n<li>\n<h4>Nous avons 18 membres engag\u00e9s dans les travaux de la Province et travaillant directement ou aidant de leurs revenus la Province.<\/h4>\n<\/li>\n<li>\n<h4>Nous avons un membre temporaire de 40 ans. Nous aidons dans la formation de cinq membres temporaires de la Communaut\u00e9 Locale du Vietnam. Nous avons besoin de vocations pour survivre!<\/h4>\n<\/li>\n<\/ul>\n<h4><\/h4>\n<h4><strong>Organisation provinciale <\/strong><\/h4>\n<ul>\n<li>\n<h4>Animateur provincial : Rev. P. Edward J. PRZYGOCKI, M.S.A.<\/h4>\n<\/li>\n<li>\n<h4>Conseiller, Assistant provincial : Rev. P. Peter KUCER, M.S.A.,<\/h4>\n<\/li>\n<li>\n<h4>Conseiller, \u00c9conome : Rev. P. Jeffrey THOMPSON, M.S.A.<\/h4>\n<\/li>\n<li>\n<h4>Conseiller, Secr\u00e9taire : Rev. P. Jerome McCallum, M.S.A.<\/h4>\n<\/li>\n<li>\n<h4>Conseiller, Responsable de la formation : Rev. P. Martin D. ROONEY, M.S.A.<\/h4>\n<\/li>\n<\/ul>\n<h4><\/h4>\n<h4><strong>1.2. Communaut\u00e9s Locales : <\/strong><\/h4>\n<h4><img fetchpriority=\"high\" fetchpriority=\"high\" decoding=\"async\" class=\"size-medium wp-image-3913 alignleft\" src=\"https:\/\/multimediamenard.org\/wp-content\/uploads\/2020\/10\/sep2020_02-300x201.png\" alt=\"\" width=\"300\" height=\"201\" srcset=\"https:\/\/multimediamenard.org\/wp-content\/uploads\/2020\/10\/sep2020_02-300x201.png 300w, https:\/\/multimediamenard.org\/wp-content\/uploads\/2020\/10\/sep2020_02-272x182.png 272w, https:\/\/multimediamenard.org\/wp-content\/uploads\/2020\/10\/sep2020_02.png 539w\" sizes=\"(max-width: 300px) 100vw, 300px\" \/><\/h4>\n<h4>Nous avons deux communaut\u00e9s locales : Cromwell avec 22 membres et Washington DC avec 14 membres.<\/h4>\n<h4>a) Cromwell a deux maisons : Saint Jude, avec <em>un coordinateur, <\/em>le p\u00e8re Stanley Grove et Saint Mark, dont l\u2019animateur Local est le p\u00e8re Charles Bak. Le p\u00e8re Stanley est son assistant, un \u00e9conome et les autres membres sont ses conseillers. Autres membres vivent seuls dans des foyers.<\/h4>\n<h4>b) La Communaut\u00e9 locale de Washington, DC : l\u2019Animateur local est le fr\u00e8re J\u00e9r\u00f4me McCallum. Les autres membres sont les p\u00e8res Addison Hallock et Glenn Breed. Le p\u00e8re Dick Hite vive dans un foyer. Les autres membres vivent seuls ou dans des foyers.<\/h4>\n<h4>Deux autres maisons de Washington sont administr\u00e9es par la Province.<\/h4>\n<h4><strong>1.3. \u0152uvres et Apostolats <\/strong><\/h4>\n<h4><strong>1.3.1. Le Coll\u00e8ge et S\u00e9minaire des Saints-Ap\u00f4tres <\/strong><\/h4>\n<h4>La situation actuelle : Le S\u00e9minaire d\u00e9pend du Bureau des Directeurs pr\u00e9sid\u00e9s par le Chancelier. Le recteur actuel est le p\u00e8re Peter Kucer, M.S.A., Le bureau a cinq membres M.S.A. Pr\u00e9sentement, le S\u00e9minaire a 51 s\u00e9minaristes dont la majorit\u00e9 vient du Vietnam et de Colombie (dioc\u00e8se de Paterson) et il y a des am\u00e9ricains. Il y a environ 20 pr\u00eatres vietnamiens et 40 soeurs. Ils sont pr\u00e9s de 600 \u00e9tudiants dans le programme en ligne.<\/h4>\n<h4><strong>Avenir : <\/strong>le manque de s\u00e9minaristes am\u00e9ricains inqui\u00e8te grandement quant \u00e0 l\u2019avenir du S\u00e9minaire, car tous les \u00e9tudiants \u00e9trangers ont des bourses d\u2019\u00e9tude et n\u2019aideront pas \u00e0 la croissance de l\u2019institution. Le recteur actuel, membre de notre Soci\u00e9t\u00e9, a remplac\u00e9 un autre recteur qui \u00e9tait en fonction depuis presque 25 ans et a qui a pris sa retraite.<\/h4>\n<h4><strong>1.3.2. La Formation M.S.A USA <\/strong><\/h4>\n<ul>\n<li>\n<h4><strong>Organisation actuelle : <\/strong>La province pr\u00e9sentement a un pr\u00eatre responsable de la formation : le p\u00e8re Martin Rooney, M.S.A, un pr\u00eatre en charge du postulat, de la Probation et des Temporaires, un autre pr\u00eatre en charge de l\u2019accompagnement des nouveaux ordonn\u00e9s ou des membres d\u00e9finitifs de moins de cinq ans, et un autre pr\u00eatre en charge de la direction des vocations pour la Soci\u00e9t\u00e9. Ainsi, avec l\u2019Animateur local de Cromwell, nous avons le comit\u00e9 de formation de la province. Ils ont des rencontres permanentes de coordination, d\u2019\u00e9valuation et de r\u00e9vision.<\/h4>\n<\/li>\n<li>\n<h4><strong>Formation des formateurs <\/strong>: nous envoyons nos pr\u00eatres \u00e0 Washington, DC, pour suivre le cours de formateurs avec les Peres de Saint Sulpice, et nous remercions les confr\u00e8res pour leur appui dans cette t\u00e2che, car il est tellement important d\u2019\u00eatre comp\u00e9tant en formation; ceci concerne directement notre charisme et notre mission en \u00c9glise.<\/h4>\n<\/li>\n<li>\n<h4><strong>Aide financi\u00e8re aux candidats M.S.A. <\/strong>: nous n\u2019avons que deux postulants qui re\u00e7oivent l\u2019aide du groupe <em>\u2018Friends of Jesus Saint Mathias\u2019, <\/em>qui supporte leur frais de scolarit\u00e9, leur assurance-maladie, leur pension et leurs besoins personnels.<\/h4>\n<\/li>\n<\/ul>\n<h4>La Promotion des Vocations est une des grandes am\u00e9liorations de notre Province. Nous am\u00e9liorons la recherche de vocations selon nos besoins avec des prospectus, des conf\u00e9rences, contact digital, et des moments d\u2019interaction avec \u00ab venez voir \u00bb, qui nous permettent de conna\u00eetre les personnes int\u00e9ress\u00e9es aux vocations sacerdotales. De notre c\u00f4t\u00e9, nous percevons et nous analysons avec l\u2019aide de l\u2019Esprit Saint s\u2019ils ont ce qu\u2019il faut pour devenir M.S.A.<\/h4>\n<h4><strong>1.3.3. Environnement en s\u00e9curit\u00e9 (Accr\u00e9ditation Pr\u00e9sidium) <\/strong><\/h4>\n<h4>Avec le p\u00e8re Vincent Salamoni, MSA, nous avons commenc\u00e9 le processus en vue de l\u2019accr\u00e9ditation requise par la Conf\u00e9rence des Sup\u00e9rieurs Majeurs des \u00c9-U et la Conf\u00e9rence des \u00c9v\u00eaques pour le minist\u00e8re sacerdotal aux \u00c9tats-Unis, essayant de pr\u00e9venir et quoi faire lorsqu\u2019il y a des accusations d\u2019inconduite sexuelle affectant des mineurs. Apr\u00e8s quatre ans de pr\u00e9parations, gr\u00e2ce au pr\u00e9cieux secours de M. James Tabor, et le p\u00e8re Luis LUNA, M.S.A, nous avions obtenu l\u2019accr\u00e9ditations de\u00a0 Pr\u00e9sidium 2014, nous avons \u00e9t\u00e9 approuv\u00e9s et certifi\u00e9s pour \u00e9mettre des lettres \u00e0 caract\u00e8re appropri\u00e9 lorsque nos membres sont appel\u00e9s \u00e0 c\u00e9l\u00e9brer la messe ou \u00e0 faire du minist\u00e8re dans diff\u00e9rentes paroisses aux \u00c9-U. Le p\u00e8re Dennis Patrick CONNELL, M.S.A., est responsable de la mise au jour chaque ann\u00e9e avec les soci\u00e9taires.<\/h4>\n<h4><strong>1.3.4. La Maison de Retraite My Father\u2019s House <\/strong><\/h4>\n<h4><img decoding=\"async\" class=\"size-medium wp-image-3914 alignleft\" src=\"https:\/\/multimediamenard.org\/wp-content\/uploads\/2020\/10\/sep2020_03-300x170.png\" alt=\"\" width=\"300\" height=\"170\" srcset=\"https:\/\/multimediamenard.org\/wp-content\/uploads\/2020\/10\/sep2020_03-300x170.png 300w, https:\/\/multimediamenard.org\/wp-content\/uploads\/2020\/10\/sep2020_03-768x434.png 768w, https:\/\/multimediamenard.org\/wp-content\/uploads\/2020\/10\/sep2020_03.png 784w\" sizes=\"(max-width: 300px) 100vw, 300px\" \/><\/h4>\n<h4>Pr\u00e9sentement la Province et responsable et propri\u00e9taire de la Maison de retrait My Father\u2019s House apostolat que le p\u00e8re William McCarthy, M.S.A. a commenc\u00e9 depuis de 1980. Est situ\u00e9 en Moodus, Connecticut, est une grande propri\u00e9t\u00e9 et serve pour donner des retraites spirituelles aux personnes qui en ont besoin. L\u2019actuel directeur est le p\u00e8re Michael Hai Van Tran, M.S.A. Nous prions pour beaucoup de succ\u00e8s.<\/h4><\/p>\n<\/div>\n<\/div><\/div><\/div><div id=\"pgc-3900-0-2\"  class=\"panel-grid-cell panel-grid-cell-empty\" ><\/div><\/div><div id=\"pg-3900-1\"  class=\"panel-grid panel-no-style\" ><div id=\"pgc-3900-1-0\"  class=\"panel-grid-cell panel-grid-cell-empty\" ><\/div><div id=\"pgc-3900-1-1\"  class=\"panel-grid-cell panel-grid-cell-mobile-last\" ><div id=\"panel-3900-1-1-0\" class=\"so-panel widget widget_sow-accordion panel-first-child panel-last-child\" data-index=\"1\" ><div\n\t\t\t\n\t\t\tclass=\"so-widget-sow-accordion so-widget-sow-accordion-default-9ab81f6899c1-3900\"\n\t\t\t data-max-open-panels=\"0\" data-use-anchor-tags=\"false\" data-initial-scroll-panel=\"0\"\n\t\t><h3 class=\"widget-title\">2. VIE FRATERNELLE<\/h3><div>\n\t<div class=\"sow-accordion\">\n\t\t\t<div class=\"sow-accordion-panel\n\t\t\t\t\t\"\n\t\t\t\tdata-anchor-id=\"2-1-promotion-de-la-vie-fraternelle\">\n\t\t\t\t\t<div class=\"sow-accordion-panel-header-container\" role=\"heading\" aria-level=\"2\">\n\t\t\t\t\t<div class=\"sow-accordion-panel-header\" tabindex=\"0\" role=\"button\" id=\"accordion-label-2-1-promotion-de-la-vie-fraternelle\" aria-controls=\"accordion-content-2-1-promotion-de-la-vie-fraternelle\" aria-expanded=\"false\">\n\t\t\t\t\t\t<div class=\"sow-accordion-title sow-accordion-title-icon-left\">\n\t\t\t\t\t\t\t\t\t\t\t\t\t\t2.1. Promotion de la vie fraternelle\t\t\t\t\t\t\t\t\t\t\t\t\t<\/div>\n\t\t\t\t\t\t<div class=\"sow-accordion-open-close-button\">\n\t\t\t\t\t\t\t<div class=\"sow-accordion-open-button\">\n\t\t\t\t\t\t\t\t<span class=\"sow-icon-fontawesome sow-fas\" data-sow-icon=\"&#x2b;\"\n\t\t \n\t\taria-hidden=\"true\"><\/span>\t\t\t\t\t\t\t<\/div>\n\t\t\t\t\t\t\t<div class=\"sow-accordion-close-button\">\n\t\t\t\t\t\t\t\t<span class=\"sow-icon-fontawesome sow-fas\" data-sow-icon=\"&#xf068;\"\n\t\t \n\t\taria-hidden=\"true\"><\/span>\t\t\t\t\t\t\t<\/div>\n\t\t\t\t\t\t<\/div>\n\t\t\t\t\t<\/div>\n\t\t\t\t<\/div>\n\n\t\t\t<div\n\t\t\t\tclass=\"sow-accordion-panel-content\"\n\t\t\t\trole=\"region\"\n\t\t\t\taria-labelledby=\"accordion-label-2-1-promotion-de-la-vie-fraternelle\"\n\t\t\t\tid=\"accordion-content-2-1-promotion-de-la-vie-fraternelle\"\n\t\t\t\tstyle=\"display: none;\"\t\t\t>\n\t\t\t\t<div class=\"sow-accordion-panel-border\">\n\t\t\t\t\t<h4><\/h4>\n<h4><img decoding=\"async\" class=\"size-medium wp-image-3915 alignleft\" src=\"https:\/\/multimediamenard.org\/wp-content\/uploads\/2020\/10\/sep2020_04-294x300.png\" alt=\"\" width=\"294\" height=\"300\" srcset=\"https:\/\/multimediamenard.org\/wp-content\/uploads\/2020\/10\/sep2020_04-294x300.png 294w, https:\/\/multimediamenard.org\/wp-content\/uploads\/2020\/10\/sep2020_04.png 575w\" sizes=\"(max-width: 294px) 100vw, 294px\" \/><\/h4>\n<h4>L\u2019Animateur des communaut\u00e9s locales M.S.A convoquera une r\u00e9union des membres au moins une fois par mois avec un plan d\u00e9termin\u00e9 pour le d\u00e9veloppement de la communaut\u00e9 : spirituel, fraternel et social. (C&amp;N. Art. 23 &amp; Art. 29).<\/h4>\n<h4>Il se fait selon la recommandation de l\u2019Assembl\u00e9e. Nous devons demander que les proc\u00e8s-verbaux de chaque Communaut\u00e9 locale soient envoy\u00e9s chaque mois au Secr\u00e9taire provincial.<\/h4>\n<h4><\/h4>\n<h4><\/h4>\n<h4><\/h4>\n<h4><\/h4>\n<h4><\/h4>\t\t\t\t<\/div>\n\t\t\t<\/div>\n\t\t<\/div>\n\t\t\t<div class=\"sow-accordion-panel\n\t\t\t\t\t\"\n\t\t\t\tdata-anchor-id=\"2-2-laicat\">\n\t\t\t\t\t<div class=\"sow-accordion-panel-header-container\" role=\"heading\" aria-level=\"2\">\n\t\t\t\t\t<div class=\"sow-accordion-panel-header\" tabindex=\"0\" role=\"button\" id=\"accordion-label-2-2-la%c3%afcat\" aria-controls=\"accordion-content-2-2-la%c3%afcat\" aria-expanded=\"false\">\n\t\t\t\t\t\t<div class=\"sow-accordion-title sow-accordion-title-icon-left\">\n\t\t\t\t\t\t\t\t\t\t\t\t\t\t2.2. LA\u00cfCAT\t\t\t\t\t\t\t\t\t\t\t\t\t<\/div>\n\t\t\t\t\t\t<div class=\"sow-accordion-open-close-button\">\n\t\t\t\t\t\t\t<div class=\"sow-accordion-open-button\">\n\t\t\t\t\t\t\t\t<span class=\"sow-icon-fontawesome sow-fas\" data-sow-icon=\"&#x2b;\"\n\t\t \n\t\taria-hidden=\"true\"><\/span>\t\t\t\t\t\t\t<\/div>\n\t\t\t\t\t\t\t<div class=\"sow-accordion-close-button\">\n\t\t\t\t\t\t\t\t<span class=\"sow-icon-fontawesome sow-fas\" data-sow-icon=\"&#xf068;\"\n\t\t \n\t\taria-hidden=\"true\"><\/span>\t\t\t\t\t\t\t<\/div>\n\t\t\t\t\t\t<\/div>\n\t\t\t\t\t<\/div>\n\t\t\t\t<\/div>\n\n\t\t\t<div\n\t\t\t\tclass=\"sow-accordion-panel-content\"\n\t\t\t\trole=\"region\"\n\t\t\t\taria-labelledby=\"accordion-label-2-2-la%c3%afcat\"\n\t\t\t\tid=\"accordion-content-2-2-la%c3%afcat\"\n\t\t\t\tstyle=\"display: none;\"\t\t\t>\n\t\t\t\t<div class=\"sow-accordion-panel-border\">\n\t\t\t\t\t<h4><\/p>\n<h4><strong>Les Associ\u00e9s MSA <\/strong><\/h4>\n<h4>\u00a0Nous devons leur enseigner :<\/h4>\n<ol>\n<li>\n<h4>a) Les Constitutions et Normes MSA (Art. 58 et 59)<\/h4>\n<\/li>\n<li>\n<h4>b) L\u2019histoire, le charisme et la spiritualit\u00e9 des MSA.<\/h4>\n<\/li>\n<\/ol>\n<h4><\/h4>\n<h4>Nous avons nomm\u00e9 le p\u00e8re Jeffrey Thompson, M.S.A. comme responsable du La\u00efcat de la Province. Il travaille avec M. James Tabor en vue de cr\u00e9er les Disciples M\u00e9nardiens.<\/h4>\n<p><\/p>\t\t\t\t<\/div>\n\t\t\t<\/div>\n\t\t<\/div>\n\t\t\t<div class=\"sow-accordion-panel\n\t\t\t\t\t\"\n\t\t\t\tdata-anchor-id=\"2-3-evenements-importants\">\n\t\t\t\t\t<div class=\"sow-accordion-panel-header-container\" role=\"heading\" aria-level=\"2\">\n\t\t\t\t\t<div class=\"sow-accordion-panel-header\" tabindex=\"0\" role=\"button\" id=\"accordion-label-2-3-%c3%a9v%c3%a9nements-importants\" aria-controls=\"accordion-content-2-3-%c3%a9v%c3%a9nements-importants\" aria-expanded=\"false\">\n\t\t\t\t\t\t<div class=\"sow-accordion-title sow-accordion-title-icon-left\">\n\t\t\t\t\t\t\t\t\t\t\t\t\t\t2.3. \u00c9v\u00e9nements Importants\t\t\t\t\t\t\t\t\t\t\t\t\t<\/div>\n\t\t\t\t\t\t<div class=\"sow-accordion-open-close-button\">\n\t\t\t\t\t\t\t<div class=\"sow-accordion-open-button\">\n\t\t\t\t\t\t\t\t<span class=\"sow-icon-fontawesome sow-fas\" data-sow-icon=\"&#x2b;\"\n\t\t \n\t\taria-hidden=\"true\"><\/span>\t\t\t\t\t\t\t<\/div>\n\t\t\t\t\t\t\t<div class=\"sow-accordion-close-button\">\n\t\t\t\t\t\t\t\t<span class=\"sow-icon-fontawesome sow-fas\" data-sow-icon=\"&#xf068;\"\n\t\t \n\t\taria-hidden=\"true\"><\/span>\t\t\t\t\t\t\t<\/div>\n\t\t\t\t\t\t<\/div>\n\t\t\t\t\t<\/div>\n\t\t\t\t<\/div>\n\n\t\t\t<div\n\t\t\t\tclass=\"sow-accordion-panel-content\"\n\t\t\t\trole=\"region\"\n\t\t\t\taria-labelledby=\"accordion-label-2-3-%c3%a9v%c3%a9nements-importants\"\n\t\t\t\tid=\"accordion-content-2-3-%c3%a9v%c3%a9nements-importants\"\n\t\t\t\tstyle=\"display: none;\"\t\t\t>\n\t\t\t\t<div class=\"sow-accordion-panel-border\">\n\t\t\t\t\t<h4><\/h4>\n<h4>Notre Province a un calendrier chronologique d\u2019\u00e9v\u00e9nements importants chaque ann\u00e9e.<\/h4>\n<ul>\n<li>\n<h4>Le premier et le plus important fut l\u2019\u00e9lection de l\u2019Animateur provincial et l\u2019organisation de l\u2019Assembl\u00e9e provinciale en d\u00e9cembre 2017 qui a eu lieu \u00e0 Provincial House, Cromwell, Connecticut.<\/h4>\n<\/li>\n<li>\n<h4>Deuxi\u00e8me \u00e9v\u00e9nement. Chaque ann\u00e9e, nous avons la journ\u00e9e P\u00e8re M\u00e9nard en mars, une semaine avant le 26, nous rassemblons la famille MSA; amis, membres de la famille du P\u00e8re M\u00e9nard. Ceci a lieu toujours au Coll\u00e8ge et S\u00e9minaire des Saints-Ap\u00f4tres.<\/h4>\n<\/li>\n<li>\n<h4>En 2015-2016, nous avons c\u00e9l\u00e9br\u00e9 le centenaire du P\u00e8re M\u00e9nard, qui a pris fin en mars. Nous avons attribu\u00e9 deux Prix : le Prix P\u00e8re M\u00e9nard, Monsieur John Bevins, au pr\u00eatre qui s\u2019est le plus identifi\u00e9 au Charisme et \u00e0 la Mission, et le Prix M. Hector Durand au la\u00efc, Madame Mary Welche, qui s\u2019est le mieux identifi\u00e9 au Charisme et \u00e0 la Mission. Nous avons traduit en anglais et publi\u00e9 deux livres du P\u00e8re M\u00e9nard <em>\u2018Thirst of Love\u2019 et \u2018R\u00e9volution of Love\u2019. <\/em>Nous remercions le p\u00e8re Edward Doherty, M.S.A., pour son appui et sa g\u00e9n\u00e9rosit\u00e9 \u00e0 d\u00e9frayer le coup du banquet \u00e0 \u2018Saint Clement Castle\u2019.<\/h4>\n<\/li>\n<li>\n<h4>L\u2019Ann\u00e9e de la Mis\u00e9ricorde dans toutes nos maisons M.S.A., des \u00c9-U de mars 2016-2017 : Nous \u00e9tions unis au Saint P\u00e8re Fran\u00e7ois et nous avons ouvert Nos Portes de la Mis\u00e9ricorde \u00e0 tous ceux qui voulaient venir les visiter.<\/h4>\n<\/li>\n<li>\n<h4>Nous avons eu trois ordinations : les p\u00e8res John McDermott, M.S.A., Jeffrey Thompson, M.S.A., et Glenn Breed, M.S.A., Ce fut un grand \u00e9v\u00e9nement dans la vie de notre Province et un signe de b\u00e9n\u00e9diction de Dieu avec ces hommes g\u00e9n\u00e9reux, pr\u00eats \u00e0 servir l\u2019\u00c9glise.<\/h4>\n<\/li>\n<li>\n<h4>En 2014, nous avons re\u00e7u l\u2019approbation de l\u2019accr\u00e9ditation du Pr\u00e9sidium comme acte de pr\u00e9vention pour nos enfants.<\/h4>\n<\/li>\n<li>\n<h4>Nous avons plusieurs pr\u00eatres qui sont entr\u00e9s dans la Maison du P\u00e8re et nous les avons accompagn\u00e9s dans leurs fun\u00e9railles.<\/h4>\n<\/li>\n<li>\n<h4>Nous avons introduit le jour des M.S.A., USA d\u00e9c\u00e9d\u00e9s, fr\u00e8res et p\u00e8res le samedi apr\u00e8s le 2 novembre. Nous nous sommes r\u00e9unis dans la Chapelle et nous sommes all\u00e9s au cimeti\u00e8re pour prier dans la Foi, l\u2019Esp\u00e9rance et la Charit\u00e9.<\/h4>\n<\/li>\n<li>\n<h4>Nous avons chaque ann\u00e9e, apr\u00e8s la graduation \u00e0 HACS, le dimanche, <em>Une Journ\u00e9e de pri\u00e8re pour les vocations sacerdotales, religieuses et le la\u00efcat consacr\u00e9 des MSA \u00c9-U. <\/em>Nous avons une journ\u00e9e d\u2019adoration devant le Saint Sacrement et nous utilisons l\u2019internet pour nous connecter avec tous nos membres de la Province, de la Soci\u00e9t\u00e9 et tous nos amis, en demandant le Ma\u00eetre de la Moisson de nous envoyer des ouvriers \u00e0 Sa moisson.<\/h4>\n<\/li>\n<li>\n<h4>Nous avons le diner de No\u00ebl et de P\u00e2ques ensemble comme signe de fraternit\u00e9 et d\u2019amour.<\/h4>\n<\/li>\n<li>\n<h4>Nous avons institu\u00e9 le quatre octobre comme <em>jour de partage avec les pauvres <\/em>de nos biens, et nous faisons la charit\u00e9 \u00e0 ceux qui demeurent pr\u00e8s de nous.<\/h4>\n<\/li>\n<li>\n<h4>Nous avons introduit le 6 janvier le jour o\u00f9 le postulant commence sa formation avec une Liturgie de r\u00e9ception avec les familles de sang et spirituelles.<\/h4>\n<\/li>\n<\/ul>\n<h4><\/h4>\t\t\t\t<\/div>\n\t\t\t<\/div>\n\t\t<\/div>\n\t\t<\/div>\n<\/div>\n<\/div><\/div><\/div><div id=\"pgc-3900-1-2\"  class=\"panel-grid-cell panel-grid-cell-empty\" ><\/div><\/div><div id=\"pg-3900-2\"  class=\"panel-grid panel-no-style\" ><div id=\"pgc-3900-2-0\"  class=\"panel-grid-cell panel-grid-cell-empty\" ><\/div><div id=\"pgc-3900-2-1\"  class=\"panel-grid-cell panel-grid-cell-mobile-last\" ><div id=\"panel-3900-2-1-0\" class=\"so-panel widget widget_sow-accordion panel-first-child panel-last-child\" data-index=\"2\" ><div\n\t\t\t\n\t\t\tclass=\"so-widget-sow-accordion so-widget-sow-accordion-default-9ab81f6899c1-3900\"\n\t\t\t data-max-open-panels=\"0\" data-use-anchor-tags=\"false\" data-initial-scroll-panel=\"0\"\n\t\t><h3 class=\"widget-title\">3. Analyse de la Situation<\/h3><div>\n\t<div class=\"sow-accordion\">\n\t\t\t<div class=\"sow-accordion-panel\n\t\t\t\t\t\"\n\t\t\t\tdata-anchor-id=\"3-1-points-forts\">\n\t\t\t\t\t<div class=\"sow-accordion-panel-header-container\" role=\"heading\" aria-level=\"2\">\n\t\t\t\t\t<div class=\"sow-accordion-panel-header\" tabindex=\"0\" role=\"button\" id=\"accordion-label-3-1-points-forts\" aria-controls=\"accordion-content-3-1-points-forts\" aria-expanded=\"false\">\n\t\t\t\t\t\t<div class=\"sow-accordion-title sow-accordion-title-icon-left\">\n\t\t\t\t\t\t\t\t\t\t\t\t\t\t3.1. Points forts\t\t\t\t\t\t\t\t\t\t\t\t\t<\/div>\n\t\t\t\t\t\t<div class=\"sow-accordion-open-close-button\">\n\t\t\t\t\t\t\t<div class=\"sow-accordion-open-button\">\n\t\t\t\t\t\t\t\t<span class=\"sow-icon-fontawesome sow-fas\" data-sow-icon=\"&#x2b;\"\n\t\t \n\t\taria-hidden=\"true\"><\/span>\t\t\t\t\t\t\t<\/div>\n\t\t\t\t\t\t\t<div class=\"sow-accordion-close-button\">\n\t\t\t\t\t\t\t\t<span class=\"sow-icon-fontawesome sow-fas\" data-sow-icon=\"&#xf068;\"\n\t\t \n\t\taria-hidden=\"true\"><\/span>\t\t\t\t\t\t\t<\/div>\n\t\t\t\t\t\t<\/div>\n\t\t\t\t\t<\/div>\n\t\t\t\t<\/div>\n\n\t\t\t<div\n\t\t\t\tclass=\"sow-accordion-panel-content\"\n\t\t\t\trole=\"region\"\n\t\t\t\taria-labelledby=\"accordion-label-3-1-points-forts\"\n\t\t\t\tid=\"accordion-content-3-1-points-forts\"\n\t\t\t\tstyle=\"display: none;\"\t\t\t>\n\t\t\t\t<div class=\"sow-accordion-panel-border\">\n\t\t\t\t\t<p><\/p>\n<h4>Parce que nous sommes une petite Province, avec seulement 36 membres, cela favorise une meilleure famille communautaire, avec une bonne structure de gouvernement qui rend le service de l\u2019autorit\u00e9 efficace.<\/h4>\n<h4>Notre charisme dans l\u2019\u00c9glise est vital, car, sans pr\u00eatres, il n\u2019y a pas d\u2019\u00c9glise. Donc, notre avenir est toujours encourageant et positif.<\/h4>\n<h4>Nous avons une Maison de formation M.S.A, et, afin d\u2019avoir un travail apostolique, le Coll\u00e8ge et S\u00e9minaire des Saints-Ap\u00f4tres est un pr\u00e9cieux instrument pour notre Mission au pr\u00e9sent et au future.<\/h4>\n<h4>Le terrain que nous avons \u00e0 Cromwell est un pr\u00e9cieux appui au point de vue financier.<\/h4>\n<p><\/p>\n<p>&nbsp;<\/p>\t\t\t\t<\/div>\n\t\t\t<\/div>\n\t\t<\/div>\n\t\t\t<div class=\"sow-accordion-panel\n\t\t\t\t\t\"\n\t\t\t\tdata-anchor-id=\"3-2-points-faibles\">\n\t\t\t\t\t<div class=\"sow-accordion-panel-header-container\" role=\"heading\" aria-level=\"2\">\n\t\t\t\t\t<div class=\"sow-accordion-panel-header\" tabindex=\"0\" role=\"button\" id=\"accordion-label-3-2-points-faibles\" aria-controls=\"accordion-content-3-2-points-faibles\" aria-expanded=\"false\">\n\t\t\t\t\t\t<div class=\"sow-accordion-title sow-accordion-title-icon-left\">\n\t\t\t\t\t\t\t\t\t\t\t\t\t\t3.2. Points faibles\t\t\t\t\t\t\t\t\t\t\t\t\t<\/div>\n\t\t\t\t\t\t<div class=\"sow-accordion-open-close-button\">\n\t\t\t\t\t\t\t<div class=\"sow-accordion-open-button\">\n\t\t\t\t\t\t\t\t<span class=\"sow-icon-fontawesome sow-fas\" data-sow-icon=\"&#x2b;\"\n\t\t \n\t\taria-hidden=\"true\"><\/span>\t\t\t\t\t\t\t<\/div>\n\t\t\t\t\t\t\t<div class=\"sow-accordion-close-button\">\n\t\t\t\t\t\t\t\t<span class=\"sow-icon-fontawesome sow-fas\" data-sow-icon=\"&#xf068;\"\n\t\t \n\t\taria-hidden=\"true\"><\/span>\t\t\t\t\t\t\t<\/div>\n\t\t\t\t\t\t<\/div>\n\t\t\t\t\t<\/div>\n\t\t\t\t<\/div>\n\n\t\t\t<div\n\t\t\t\tclass=\"sow-accordion-panel-content\"\n\t\t\t\trole=\"region\"\n\t\t\t\taria-labelledby=\"accordion-label-3-2-points-faibles\"\n\t\t\t\tid=\"accordion-content-3-2-points-faibles\"\n\t\t\t\tstyle=\"display: none;\"\t\t\t>\n\t\t\t\t<div class=\"sow-accordion-panel-border\">\n\t\t\t\t\t<h4><\/p>\n<h4><img loading=\"lazy\" decoding=\"async\" class=\"size-medium wp-image-3916 alignleft\" src=\"https:\/\/multimediamenard.org\/wp-content\/uploads\/2020\/10\/sep2020_05-300x224.png\" alt=\"\" width=\"300\" height=\"224\" srcset=\"https:\/\/multimediamenard.org\/wp-content\/uploads\/2020\/10\/sep2020_05-300x224.png 300w, https:\/\/multimediamenard.org\/wp-content\/uploads\/2020\/10\/sep2020_05.png 715w\" sizes=\"(max-width: 300px) 100vw, 300px\" \/><\/h4>\n<h4>Parce que la moyenne d\u2019\u00e2ge est si \u00e9lev\u00e9e, 77 de moyenne, avec 50% d\u2019efficacit\u00e9, nous risquons l\u2019effondrement. Depuis 2014, cinq pr\u00eatres sont entr\u00e9s dans la Maison du P\u00e8re, alors que nous n\u2019avons eu que 3 ordinations. Pr\u00e9sentement, nous avons deux postulants qui devrait \u00eatre ordonn\u00e9 dans dix ans; en pendant ce temps, nous aurons au moins douze pr\u00eatres de moins. Le nombre r\u00e9duit de vocations pour remplacer les personnes retrait\u00e9es ou d\u00e9c\u00e9d\u00e9es nous pr\u00e9sente un grand d\u00e9fi.<\/h4>\n<h4>Les ressources financi\u00e8res limit\u00e9es ne nous permettent pas d\u2019avoir des vocations plus jeunes parce que nous ne pouvons d\u00e9frayer les coups de leur \u00e9ducation comme le font les autres communaut\u00e9s religieuses et les dioc\u00e8ses.<\/h4>\n<h4>Avec le nombre limit\u00e9 de membres disponibles pour travailler dans notre mission et Charisme, avec un salaire d\u00e9cent, cela devient impossible.<\/h4>\n<p><\/p>\t\t\t\t<\/div>\n\t\t\t<\/div>\n\t\t<\/div>\n\t\t\t<div class=\"sow-accordion-panel\n\t\t\t\t\t\"\n\t\t\t\tdata-anchor-id=\"3-3-situation-financiere\">\n\t\t\t\t\t<div class=\"sow-accordion-panel-header-container\" role=\"heading\" aria-level=\"2\">\n\t\t\t\t\t<div class=\"sow-accordion-panel-header\" tabindex=\"0\" role=\"button\" id=\"accordion-label-3-3-situation-financi%c3%a8re\" aria-controls=\"accordion-content-3-3-situation-financi%c3%a8re\" aria-expanded=\"false\">\n\t\t\t\t\t\t<div class=\"sow-accordion-title sow-accordion-title-icon-left\">\n\t\t\t\t\t\t\t\t\t\t\t\t\t\t3.3. Situation financi\u00e8re\t\t\t\t\t\t\t\t\t\t\t\t\t<\/div>\n\t\t\t\t\t\t<div class=\"sow-accordion-open-close-button\">\n\t\t\t\t\t\t\t<div class=\"sow-accordion-open-button\">\n\t\t\t\t\t\t\t\t<span class=\"sow-icon-fontawesome sow-fas\" data-sow-icon=\"&#x2b;\"\n\t\t \n\t\taria-hidden=\"true\"><\/span>\t\t\t\t\t\t\t<\/div>\n\t\t\t\t\t\t\t<div class=\"sow-accordion-close-button\">\n\t\t\t\t\t\t\t\t<span class=\"sow-icon-fontawesome sow-fas\" data-sow-icon=\"&#xf068;\"\n\t\t \n\t\taria-hidden=\"true\"><\/span>\t\t\t\t\t\t\t<\/div>\n\t\t\t\t\t\t<\/div>\n\t\t\t\t\t<\/div>\n\t\t\t\t<\/div>\n\n\t\t\t<div\n\t\t\t\tclass=\"sow-accordion-panel-content\"\n\t\t\t\trole=\"region\"\n\t\t\t\taria-labelledby=\"accordion-label-3-3-situation-financi%c3%a8re\"\n\t\t\t\tid=\"accordion-content-3-3-situation-financi%c3%a8re\"\n\t\t\t\tstyle=\"display: none;\"\t\t\t>\n\t\t\t\t<div class=\"sow-accordion-panel-border\">\n\t\t\t\t\t<h4><\/h4>\n<h4>Le manque de personnel est un des plus grands d\u00e9fis de notre Province. La d\u00eeme est tellement difficile \u00e0 obtenir, car, la plupart de nos membres sont \u00e2g\u00e9s et ont besoin de leurs revenus limit\u00e9s pour leur subsistance personnelle; nous n\u2019avons que deux propri\u00e9t\u00e9s que nous louons \u00e0 Washington, DC. Ceci nous aide pour soutenir notre budget limit\u00e9. De notre Coll\u00e8ge et S\u00e9minaire des Saints-Ap\u00f4tres, nous recevons un peu de soutien, nourriture gratuite pour les membres MSA lorsque la cuisine fonctionne. Cinq membres y travaillent \u00e0 plein temps.<\/h4>\n<h4><\/h4>\t\t\t\t<\/div>\n\t\t\t<\/div>\n\t\t<\/div>\n\t\t\t<div class=\"sow-accordion-panel\n\t\t\t\t\t\"\n\t\t\t\tdata-anchor-id=\"3-1-lavenir\">\n\t\t\t\t\t<div class=\"sow-accordion-panel-header-container\" role=\"heading\" aria-level=\"2\">\n\t\t\t\t\t<div class=\"sow-accordion-panel-header\" tabindex=\"0\" role=\"button\" id=\"accordion-label-3-1-l%e2%80%99avenir\" aria-controls=\"accordion-content-3-1-l%e2%80%99avenir\" aria-expanded=\"false\">\n\t\t\t\t\t\t<div class=\"sow-accordion-title sow-accordion-title-icon-left\">\n\t\t\t\t\t\t\t\t\t\t\t\t\t\t3.1. L\u2019Avenir :\t\t\t\t\t\t\t\t\t\t\t\t\t<\/div>\n\t\t\t\t\t\t<div class=\"sow-accordion-open-close-button\">\n\t\t\t\t\t\t\t<div class=\"sow-accordion-open-button\">\n\t\t\t\t\t\t\t\t<span class=\"sow-icon-fontawesome sow-fas\" data-sow-icon=\"&#x2b;\"\n\t\t \n\t\taria-hidden=\"true\"><\/span>\t\t\t\t\t\t\t<\/div>\n\t\t\t\t\t\t\t<div class=\"sow-accordion-close-button\">\n\t\t\t\t\t\t\t\t<span class=\"sow-icon-fontawesome sow-fas\" data-sow-icon=\"&#xf068;\"\n\t\t \n\t\taria-hidden=\"true\"><\/span>\t\t\t\t\t\t\t<\/div>\n\t\t\t\t\t\t<\/div>\n\t\t\t\t\t<\/div>\n\t\t\t\t<\/div>\n\n\t\t\t<div\n\t\t\t\tclass=\"sow-accordion-panel-content\"\n\t\t\t\trole=\"region\"\n\t\t\t\taria-labelledby=\"accordion-label-3-1-l%e2%80%99avenir\"\n\t\t\t\tid=\"accordion-content-3-1-l%e2%80%99avenir\"\n\t\t\t\tstyle=\"display: none;\"\t\t\t>\n\t\t\t\t<div class=\"sow-accordion-panel-border\">\n\t\t\t\t\t<h4><\/h4>\n<ul>\n<li>\n<h4>Nous travaillons intens\u00e9ment \u00e0 la promotion des vocations au sacerdoce et le la\u00efcat engag\u00e9 au niveau de notre province.<\/h4>\n<\/li>\n<li>\n<h4>Nous avons besoin de trouver une maison hors de la Nouvelle Angleterre, r\u00e9pondant au d\u00e9fi de d\u00e9velopper notre Soci\u00e9t\u00e9 aux \u00c9tats-Unis d\u2019Am\u00e9rique.<\/h4>\n<\/li>\n<li>\n<h4>Nous avons besoin de b\u00e2tir une nouvelle maison \u00e0 Washington afin de la louer, comme source de revenue pour notre province, et surtout pour soutenir nos membres \u00e2g\u00e9s.<\/h4>\n<\/li>\n<li>\n<h4>Nous avons besoin de continuer \u00e0 aider nos membres \u00e0 obtenir des dipl\u00f4mes acad\u00e9miques pour servir le Coll\u00e8ge et S\u00e9minaire des Saints-Ap\u00f4tres d\u00e9di\u00e9 \u00e0 la formation de pr\u00eatres missionnaires et la\u00efcs pour la Nouvelle \u00c9vang\u00e9lisation.<\/h4>\n<\/li>\n<li>\n<h4>Nous avons besoin d\u2019encourager un dialogue avec d\u2019autres M.S.A., de diff\u00e9rentes r\u00e9gions et pays et de partager nos vocations par un document interne d\u00fbment sign\u00e9 entre les membres et les animateurs comp\u00e9tents.<\/h4>\n<\/li>\n<li>\n<h4>Nous avons besoin d\u2019une maison pour les retrait\u00e9s et assumer des paroisses, m\u00eame avec des exigences ethniques, comme source de revenue pour la Province.<\/h4>\n<\/li>\n<li>\n<h4>L\u2019union de Vietnam avec la Province est tr\u00e8s importante est une ressource positive de vocations.<\/h4>\n<\/li>\n<\/ul>\n<h4><\/h4>\t\t\t\t<\/div>\n\t\t\t<\/div>\n\t\t<\/div>\n\t\t<\/div>\n<\/div>\n<\/div><\/div><\/div><div id=\"pgc-3900-2-2\"  class=\"panel-grid-cell panel-grid-cell-empty\" ><\/div><\/div><div id=\"pg-3900-3\"  class=\"panel-grid panel-no-style\" ><div id=\"pgc-3900-3-0\"  class=\"panel-grid-cell panel-grid-cell-empty\" ><\/div><div id=\"pgc-3900-3-1\"  class=\"panel-grid-cell panel-grid-cell-mobile-last\" ><\/div><div id=\"pgc-3900-3-2\"  class=\"panel-grid-cell panel-grid-cell-empty\" ><\/div><\/div><\/div>","protected":false},"excerpt":{"rendered":"<p>1.1. Les membres M.S.A. aux \u00c9tats-Unis Pr\u00e9sentement, la Province compte 36 membres dont deux r\u00e9sidents hors des \u00c9tats-Unis, au Canada et au Br\u00e9sil. Nous avons deux postulants am\u00e9ricains. Parmi ces membres, certains sont retrait\u00e9s pour raison de sant\u00e9 ou de l\u2019\u00e2ge : 18 demeurent dans une maison de la province ou dans des foyers. Nous [&hellip;]<\/p>\n","protected":false},"author":1,"featured_media":0,"parent":0,"menu_order":0,"comment_status":"closed","ping_status":"closed","template":"","meta":{"footnotes":""},"guten_post_layout_featured_media_urls":{"full":false,"thumbnail":false,"medium":false,"medium_large":false,"large":false,"1536x1536":false,"2048x2048":false,"guten_post_layout_landscape_large":false,"guten_post_layout_portrait_large":false,"guten_post_layout_square_large":false,"guten_post_layout_landscape":false,"guten_post_layout_portrait":false,"guten_post_layout_square":false,"post-thumbnail":false,"vantage-thumbnail-no-sidebar":false,"vantage-slide":false,"vantage-carousel":false,"vantage-grid-loop":false,"sow-carousel-default":false,"sow-post-carousel-overlay-theme":false},"rttpg_featured_image_url":null,"rttpg_author":{"display_name":"admin","author_link":"https:\/\/multimediamenard.org\/fr\/author\/admin\/"},"rttpg_comment":0,"rttpg_category":null,"rttpg_excerpt":"1.1. Les membres M.S.A. aux \u00c9tats-Unis Pr\u00e9sentement, la Province compte 36 membres dont deux r\u00e9sidents hors des \u00c9tats-Unis, au Canada et au Br\u00e9sil. Nous avons deux postulants am\u00e9ricains. Parmi ces membres, certains sont retrait\u00e9s pour raison de sant\u00e9 ou de l\u2019\u00e2ge : 18 demeurent dans une maison de la province ou dans des foyers. Nous\u2026","_links":{"self":[{"href":"https:\/\/multimediamenard.org\/fr\/wp-json\/wp\/v2\/pages\/3900"}],"collection":[{"href":"https:\/\/multimediamenard.org\/fr\/wp-json\/wp\/v2\/pages"}],"about":[{"href":"https:\/\/multimediamenard.org\/fr\/wp-json\/wp\/v2\/types\/page"}],"author":[{"embeddable":true,"href":"https:\/\/multimediamenard.org\/fr\/wp-json\/wp\/v2\/users\/1"}],"replies":[{"embeddable":true,"href":"https:\/\/multimediamenard.org\/fr\/wp-json\/wp\/v2\/comments?post=3900"}],"version-history":[{"count":42,"href":"https:\/\/multimediamenard.org\/fr\/wp-json\/wp\/v2\/pages\/3900\/revisions"}],"predecessor-version":[{"id":3962,"href":"https:\/\/multimediamenard.org\/fr\/wp-json\/wp\/v2\/pages\/3900\/revisions\/3962"}],"wp:attachment":[{"href":"https:\/\/multimediamenard.org\/fr\/wp-json\/wp\/v2\/media?parent=3900"}],"curies":[{"name":"wp","href":"https:\/\/api.w.org\/{rel}","templated":true}]}}