{"id":5285,"date":"2021-06-08T13:35:40","date_gmt":"2021-06-08T13:35:40","guid":{"rendered":"https:\/\/multimediamenard.org\/?page_id=5285"},"modified":"2021-06-08T13:35:41","modified_gmt":"2021-06-08T13:35:41","slug":"mayo-2021","status":"publish","type":"page","link":"https:\/\/multimediamenard.org\/fr\/mayo-2021\/","title":{"rendered":"Mai 2021"},"content":{"rendered":"<div id=\"pl-5285\"  class=\"panel-layout\" ><div id=\"pg-5285-0\"  class=\"panel-grid panel-no-style\" ><div id=\"pgc-5285-0-0\"  class=\"panel-grid-cell panel-grid-cell-empty\" ><\/div><div id=\"pgc-5285-0-1\"  class=\"panel-grid-cell panel-grid-cell-mobile-last\" ><div id=\"panel-5285-0-1-0\" class=\"so-panel widget widget_media_image panel-first-child panel-last-child\" data-index=\"0\" ><img fetchpriority=\"high\" decoding=\"async\" width=\"720\" height=\"405\" src=\"https:\/\/multimediamenard.org\/wp-content\/uploads\/2021\/06\/Mai20201_01.png\" class=\"image wp-image-5286  attachment-full size-full\" alt=\"\" style=\"max-width: 100%; height: auto;\" srcset=\"https:\/\/multimediamenard.org\/wp-content\/uploads\/2021\/06\/Mai20201_01.png 720w, https:\/\/multimediamenard.org\/wp-content\/uploads\/2021\/06\/Mai20201_01-300x169.png 300w\" sizes=\"(max-width: 720px) 100vw, 720px\" \/><\/div><\/div><div id=\"pgc-5285-0-2\"  class=\"panel-grid-cell panel-grid-cell-empty\" ><\/div><\/div><div id=\"pg-5285-1\"  class=\"panel-grid panel-no-style\" ><div id=\"pgc-5285-1-0\"  class=\"panel-grid-cell panel-grid-cell-empty\" ><\/div><div id=\"pgc-5285-1-1\"  class=\"panel-grid-cell panel-grid-cell-mobile-last\" ><div id=\"panel-5285-1-1-0\" class=\"so-panel widget widget_sow-editor panel-first-child panel-last-child\" data-index=\"1\" ><div\n\t\t\t\n\t\t\tclass=\"so-widget-sow-editor so-widget-sow-editor-base\"\n\t\t\t\n\t\t>\n<div class=\"siteorigin-widget-tinymce textwidget\">\n\t<h3><\/h3>\n<h3>Pour souligner la port\u00e9e du d\u00e9placement du Pape Fran\u00e7ois \u00e0 Assise, Mgr Paolo Martinelli, \u00e9v\u00eaque auxiliaire de Milan et membre de la famille franciscaine revient sur le sens du lieu o\u00f9 saint Fran\u00e7ois a donn\u00e9 naissance \u00e0 une exp\u00e9rience de vie spirituelle, dont le c\u0153ur fondamental \u00e9tait pr\u00e9cis\u00e9ment la reconnaissance d'\u00eatre fr\u00e8res les uns des autres.<\/h3>\n<h3><\/h3>\n<h3>Le p\u00e8re j\u00e9suite Luigi Territo explique quant \u00e0 lui la valeur d'une \u00c9glise activement \u00ab en sortie \u00bb, comme aime \u00e0 le r\u00e9p\u00e9ter le Pape : \u00ab Il semble qu'il dise au monde qu'il y a une priorit\u00e9 mystique et spirituelle de l'exp\u00e9rience de la foi sur toutes les formes institutionnelles de nos croyances. Assise repr\u00e9sente tout cela, et pas seulement pour les chr\u00e9tiens, o\u00f9 il y a la m\u00e9moire historique d'un Saint qui a v\u00e9cu comme les petits de l'\u00c9vangile, totalement confi\u00e9 au P\u00e8re et pour cette raison reconnue comme fr\u00e8re de tous \u00bb.<\/h3>\n<h3><\/h3>\n<\/div>\n<\/div><\/div><\/div><div id=\"pgc-5285-1-2\"  class=\"panel-grid-cell panel-grid-cell-empty\" ><\/div><\/div><div id=\"pg-5285-2\"  class=\"panel-grid panel-no-style\" ><div id=\"pgc-5285-2-0\"  class=\"panel-grid-cell panel-grid-cell-empty\" ><\/div><div id=\"pgc-5285-2-1\"  class=\"panel-grid-cell panel-grid-cell-mobile-last\" ><div id=\"panel-5285-2-1-0\" class=\"so-panel widget widget_sow-accordion panel-first-child panel-last-child\" data-index=\"2\" ><div\n\t\t\t\n\t\t\tclass=\"so-widget-sow-accordion so-widget-sow-accordion-default-9ab81f6899c1-5285\"\n\t\t\t data-max-open-panels=\"0\" data-use-anchor-tags=\"false\" data-initial-scroll-panel=\"0\"\n\t\t><div>\n\t<div class=\"sow-accordion\">\n\t\t\t<div class=\"sow-accordion-panel\n\t\t\t\t\t\"\n\t\t\t\tdata-anchor-id=\"un-magistere-impregne-de-fraternite\">\n\t\t\t\t\t<div class=\"sow-accordion-panel-header-container\" role=\"heading\" aria-level=\"2\">\n\t\t\t\t\t<div class=\"sow-accordion-panel-header\" tabindex=\"0\" role=\"button\" id=\"accordion-label-un-magist%c3%a8re-impr%c3%a9gn%c3%a9-de-fraternit%c3%a9\" aria-controls=\"accordion-content-un-magist%c3%a8re-impr%c3%a9gn%c3%a9-de-fraternit%c3%a9\" aria-expanded=\"false\">\n\t\t\t\t\t\t<div class=\"sow-accordion-title sow-accordion-title-icon-left\">\n\t\t\t\t\t\t\t\t\t\t\t\t\t\tUn Magist\u00e8re impr\u00e9gn\u00e9 de fraternit\u00e9\t\t\t\t\t\t\t\t\t\t\t\t\t<\/div>\n\t\t\t\t\t\t<div class=\"sow-accordion-open-close-button\">\n\t\t\t\t\t\t\t<div class=\"sow-accordion-open-button\">\n\t\t\t\t\t\t\t\t<span class=\"sow-icon-fontawesome sow-fas\" data-sow-icon=\"&#x2b;\"\n\t\t \n\t\taria-hidden=\"true\"><\/span>\t\t\t\t\t\t\t<\/div>\n\t\t\t\t\t\t\t<div class=\"sow-accordion-close-button\">\n\t\t\t\t\t\t\t\t<span class=\"sow-icon-fontawesome sow-fas\" data-sow-icon=\"&#xf068;\"\n\t\t \n\t\taria-hidden=\"true\"><\/span>\t\t\t\t\t\t\t<\/div>\n\t\t\t\t\t\t<\/div>\n\t\t\t\t\t<\/div>\n\t\t\t\t<\/div>\n\n\t\t\t<div\n\t\t\t\tclass=\"sow-accordion-panel-content\"\n\t\t\t\trole=\"region\"\n\t\t\t\taria-labelledby=\"accordion-label-un-magist%c3%a8re-impr%c3%a9gn%c3%a9-de-fraternit%c3%a9\"\n\t\t\t\tid=\"accordion-content-un-magist%c3%a8re-impr%c3%a9gn%c3%a9-de-fraternit%c3%a9\"\n\t\t\t\tstyle=\"display: none;\"\t\t\t>\n\t\t\t\t<div class=\"sow-accordion-panel-border\">\n\t\t\t\t\t<h3><\/h3>\n<h3>En regardant les encycliques du Pape Fran\u00e7ois, on peut facilement retrouver les graines qui ont en quelque sorte \u00e9t\u00e9 sem\u00e9es pour pr\u00e9parer le terrain de cette encyclique Fratelli tutti. \u00ab On pense au texte d'Evangelii gaudium o\u00f9 il est question dans certains passages d'une mystique du vivre ensemble, de se m\u00ealer, de se rencontrer, de se prendre dans les bras, de se pencher et d'apporter une relation de fraternit\u00e9 \u00e0 tous les gens, rappelle Mgr Martinelli. Je vois un lien profond, du moins si l'on consid\u00e8re le titre, avec ce texte fondamental et programmatique de son pontificat \u00bb. Le pr\u00e9lat souligne l'id\u00e9e d'\u00eatre unis les uns aux autres pour la myst\u00e9rieuse reconnaissance de la pr\u00e9sence de Dieu en chacun de nous. Un mysticisme qui sait percevoir Dieu dans les relations fraternelles.<\/h3>\n<h3><\/h3>\n<h3>Mais dans cette nouvelle encyclique s'y retrouve aussi Christus Vivit, l'exhortation apostolique adress\u00e9e aux jeunes apr\u00e8s le synode qui leur a \u00e9t\u00e9 consacr\u00e9, la valorisation du style d'ouverture \u00e0 tous, de l'attention \u00e0 l'\u00eatre humain concret de chacun, de la sinc\u00e9rit\u00e9, du courage, de la confiance mutuelle : les fondements d'un puissant sentiment de fraternit\u00e9. \u00ab Ici, la citation de Fran\u00e7ois d'Assise est appropri\u00e9e, rel\u00e8ve Mgr Martinelli, quand il a \u00e9crit son testament, il a \u00e9crit : \"Le Seigneur m'a donn\u00e9 des fr\u00e8res\"\u00bb.<\/h3>\n<h3><\/h3>\n<h3>Le p\u00e8re Territo partage la r\u00e9f\u00e9rence \u00e0 Evangelii gaudium o\u00f9 le Pape parle d'une \u00c9glise qui sait faire le premier pas, qui sait prendre l'initiative sans peur, qui va \u00e0 la recherche du lointain, qui est \u00e0 la crois\u00e9e des chemins. \u00ab Ce n'est pas tant la question de la fraternit\u00e9 r\u00e9ciproque, pr\u00e9cise le j\u00e9suite, que le concept d'une \u00c9glise qui n'attend pas, qui se lance vers ses fr\u00e8res, qui marque un chemin. En ce sens, l'\u00c9glise pour le Pape est pr\u00e9cis\u00e9ment le levain de la fraternit\u00e9. Je le vois aussi dans Amoris Laetitia, ou dans Laudato Si' : il y a l'id\u00e9e de l'accompagnement de toute l'humanit\u00e9, de l'amour conjugal, des couples bless\u00e9s, de l'accompagnement des exclus, du souci des blessures de la terre. En r\u00e9sum\u00e9, l'id\u00e9e d'une \u00c9glise qui prend soin de toute l\u2019humanit\u00e9 \u00bb.<\/h3>\n<h3><\/h3>\t\t\t\t<\/div>\n\t\t\t<\/div>\n\t\t<\/div>\n\t\t\t<div class=\"sow-accordion-panel\n\t\t\t\t\t\"\n\t\t\t\tdata-anchor-id=\"quest-ce-que-la-fraternite\">\n\t\t\t\t\t<div class=\"sow-accordion-panel-header-container\" role=\"heading\" aria-level=\"2\">\n\t\t\t\t\t<div class=\"sow-accordion-panel-header\" tabindex=\"0\" role=\"button\" id=\"accordion-label-quest-ce-que-la-fraternit%c3%a9\" aria-controls=\"accordion-content-quest-ce-que-la-fraternit%c3%a9\" aria-expanded=\"false\">\n\t\t\t\t\t\t<div class=\"sow-accordion-title sow-accordion-title-icon-left\">\n\t\t\t\t\t\t\t\t\t\t\t\t\t\tQu'est-ce que la fraternit\u00e9?\t\t\t\t\t\t\t\t\t\t\t\t\t<\/div>\n\t\t\t\t\t\t<div class=\"sow-accordion-open-close-button\">\n\t\t\t\t\t\t\t<div class=\"sow-accordion-open-button\">\n\t\t\t\t\t\t\t\t<span class=\"sow-icon-fontawesome sow-fas\" data-sow-icon=\"&#x2b;\"\n\t\t \n\t\taria-hidden=\"true\"><\/span>\t\t\t\t\t\t\t<\/div>\n\t\t\t\t\t\t\t<div class=\"sow-accordion-close-button\">\n\t\t\t\t\t\t\t\t<span class=\"sow-icon-fontawesome sow-fas\" data-sow-icon=\"&#xf068;\"\n\t\t \n\t\taria-hidden=\"true\"><\/span>\t\t\t\t\t\t\t<\/div>\n\t\t\t\t\t\t<\/div>\n\t\t\t\t\t<\/div>\n\t\t\t\t<\/div>\n\n\t\t\t<div\n\t\t\t\tclass=\"sow-accordion-panel-content\"\n\t\t\t\trole=\"region\"\n\t\t\t\taria-labelledby=\"accordion-label-quest-ce-que-la-fraternit%c3%a9\"\n\t\t\t\tid=\"accordion-content-quest-ce-que-la-fraternit%c3%a9\"\n\t\t\t\tstyle=\"display: none;\"\t\t\t>\n\t\t\t\t<div class=\"sow-accordion-panel-border\">\n\t\t\t\t\t<h3><\/h3>\n<h3>Est-ce un sentiment, une valeur, une disposition d'esprit, un commandement, un mode de vie, un cadeau ? \u00ab Du point de vue chr\u00e9tien, la fraternit\u00e9 est avant tout une responsabilit\u00e9, explique encore le p\u00e8re Territo, au sens fort du terme. C'est r\u00e9ponse d\u00e9cisive et consciente \u00e0 un mode de vie que J\u00e9sus nous a montr\u00e9. Un visage de Dieu que J\u00e9sus a montr\u00e9, fraternel, accueillant, ouvert, non moralisateur, et aussi, si vous voulez, une r\u00e9ponse \u00e0 l'appel original de la Gen\u00e8se : \"Qu'as-tu fait de ton fr\u00e8re ? Ce n'est pas une co\u00efncidence si le document d'Abou Dhabi commence \u00e9galement par \"Au nom de Dieu...\". Pas au nom de la coexistence sociale, de la paix, de la solidarit\u00e9. Mais au nom de Dieu. Au sens chr\u00e9tien du terme, c'est donc une r\u00e9ponse \u00e0 un appel \u00e0 la fraternit\u00e9 \u00bb.<\/h3>\n<h3><\/h3>\n<h3>Mgr Martinelli reprend une des intuitions fondamentales de Laudato Si' dans laquelle il r\u00e9p\u00e8te que tout est li\u00e9 : \u00ab Du point de vue vital de la structure de l'existant, tout nous appelle \u00e0 nous saisir les uns des autres en relation. L'exp\u00e9rience de saint Fran\u00e7ois d'Assise, qui vit une profonde familiarit\u00e9 avec tout et tous, est embl\u00e9matique. M\u00eame avec la mort de sa s\u0153ur. Au sens chr\u00e9tien du terme, on reconna\u00eet que ce que le Christ vient nous r\u00e9v\u00e9ler est le myst\u00e8re du P\u00e8re, qui nous prend un par un, original, unique et irrempla\u00e7able. Cela nous permet de recommencer toujours, dans toutes les relations \u00bb.<\/h3>\n<h3><\/h3>\t\t\t\t<\/div>\n\t\t\t<\/div>\n\t\t<\/div>\n\t\t\t<div class=\"sow-accordion-panel\n\t\t\t\t\t\"\n\t\t\t\tdata-anchor-id=\"fraternite-et-pseudo-communautarisme\">\n\t\t\t\t\t<div class=\"sow-accordion-panel-header-container\" role=\"heading\" aria-level=\"2\">\n\t\t\t\t\t<div class=\"sow-accordion-panel-header\" tabindex=\"0\" role=\"button\" id=\"accordion-label-fraternit%c3%a9-et-pseudo-communautarisme\" aria-controls=\"accordion-content-fraternit%c3%a9-et-pseudo-communautarisme\" aria-expanded=\"false\">\n\t\t\t\t\t\t<div class=\"sow-accordion-title sow-accordion-title-icon-left\">\n\t\t\t\t\t\t\t\t\t\t\t\t\t\tFraternit\u00e9 et pseudo-communautarisme\t\t\t\t\t\t\t\t\t\t\t\t\t<\/div>\n\t\t\t\t\t\t<div class=\"sow-accordion-open-close-button\">\n\t\t\t\t\t\t\t<div class=\"sow-accordion-open-button\">\n\t\t\t\t\t\t\t\t<span class=\"sow-icon-fontawesome sow-fas\" data-sow-icon=\"&#x2b;\"\n\t\t \n\t\taria-hidden=\"true\"><\/span>\t\t\t\t\t\t\t<\/div>\n\t\t\t\t\t\t\t<div class=\"sow-accordion-close-button\">\n\t\t\t\t\t\t\t\t<span class=\"sow-icon-fontawesome sow-fas\" data-sow-icon=\"&#xf068;\"\n\t\t \n\t\taria-hidden=\"true\"><\/span>\t\t\t\t\t\t\t<\/div>\n\t\t\t\t\t\t<\/div>\n\t\t\t\t\t<\/div>\n\t\t\t\t<\/div>\n\n\t\t\t<div\n\t\t\t\tclass=\"sow-accordion-panel-content\"\n\t\t\t\trole=\"region\"\n\t\t\t\taria-labelledby=\"accordion-label-fraternit%c3%a9-et-pseudo-communautarisme\"\n\t\t\t\tid=\"accordion-content-fraternit%c3%a9-et-pseudo-communautarisme\"\n\t\t\t\tstyle=\"display: none;\"\t\t\t>\n\t\t\t\t<div class=\"sow-accordion-panel-border\">\n\t\t\t\t\t<h3><\/h3>\n<h3>Le chemin de la fraternit\u00e9 universelle n'est pas sans difficult\u00e9s et risques, car l'ennemi est toujours \u00e0 l'aff\u00fbt. Il y a des formes d'incompr\u00e9hension de la fraternit\u00e9 qui sont de mauvaises fa\u00e7ons de penser le communautarisme, des formes de pseudo-fraternit\u00e9 qui s\u00e9lectionnent et distinguent l'humanit\u00e9 en diff\u00e9rentes classes, qui rejettent, qui excluent au nom d'une fraternit\u00e9 nationale, ethnique, religieuse, souligne encore l'\u00e9v\u00eaque auxiliaire de Milan. Selon lui, si la fraternit\u00e9 exclut, cela signifie qu'il y a d\u00e9j\u00e0 le germe de la maladie. \u00ab Il est donc n\u00e9cessaire de s'\u00e9duquer pour reconna\u00eetre le bien de l'autre comme une richesse in\u00e9puisable \u00bb, en surmontant les pr\u00e9jug\u00e9s et les peurs.<\/h3>\n<h3><\/h3>\t\t\t\t<\/div>\n\t\t\t<\/div>\n\t\t<\/div>\n\t\t\t<div class=\"sow-accordion-panel\n\t\t\t\t\t\"\n\t\t\t\tdata-anchor-id=\"les-chefs-religieux-et-lattente-de-lencyclique\">\n\t\t\t\t\t<div class=\"sow-accordion-panel-header-container\" role=\"heading\" aria-level=\"2\">\n\t\t\t\t\t<div class=\"sow-accordion-panel-header\" tabindex=\"0\" role=\"button\" id=\"accordion-label-les-chefs-religieux-et-lattente-de-lencyclique\" aria-controls=\"accordion-content-les-chefs-religieux-et-lattente-de-lencyclique\" aria-expanded=\"false\">\n\t\t\t\t\t\t<div class=\"sow-accordion-title sow-accordion-title-icon-left\">\n\t\t\t\t\t\t\t\t\t\t\t\t\t\tLes chefs religieux et l'attente de l'encyclique\t\t\t\t\t\t\t\t\t\t\t\t\t<\/div>\n\t\t\t\t\t\t<div class=\"sow-accordion-open-close-button\">\n\t\t\t\t\t\t\t<div class=\"sow-accordion-open-button\">\n\t\t\t\t\t\t\t\t<span class=\"sow-icon-fontawesome sow-fas\" data-sow-icon=\"&#x2b;\"\n\t\t \n\t\taria-hidden=\"true\"><\/span>\t\t\t\t\t\t\t<\/div>\n\t\t\t\t\t\t\t<div class=\"sow-accordion-close-button\">\n\t\t\t\t\t\t\t\t<span class=\"sow-icon-fontawesome sow-fas\" data-sow-icon=\"&#xf068;\"\n\t\t \n\t\taria-hidden=\"true\"><\/span>\t\t\t\t\t\t\t<\/div>\n\t\t\t\t\t\t<\/div>\n\t\t\t\t\t<\/div>\n\t\t\t\t<\/div>\n\n\t\t\t<div\n\t\t\t\tclass=\"sow-accordion-panel-content\"\n\t\t\t\trole=\"region\"\n\t\t\t\taria-labelledby=\"accordion-label-les-chefs-religieux-et-lattente-de-lencyclique\"\n\t\t\t\tid=\"accordion-content-les-chefs-religieux-et-lattente-de-lencyclique\"\n\t\t\t\tstyle=\"display: none;\"\t\t\t>\n\t\t\t\t<div class=\"sow-accordion-panel-border\">\n\t\t\t\t\t<h3><\/h3>\n<h3>Les religions sont parfois manipul\u00e9es. \u00ab Cette encyclique peut-elle sceller la vocation \u00e0 construire une coexistence pacifique, vocation propre \u00e0 chaque religion ? Je crois que le Pape suit une voie, il y a un processus continu de dialogue et de construction de ponts, comme il aime \u00e0 le dire \u00bb, explique le p\u00e8re Territo, en se r\u00e9f\u00e9rant au Document d'Abou Dhabi qui affirme \u00ab qu\u2019il n'y a pas d'alternative dans le monde dans lequel nous vivons \u00bb.<\/h3>\n<h3><\/h3>\n<h3>\u00ab Je crois que \"Fratelli tutti\" va continuer dans ce processus qui est fait, oui, d'un magist\u00e8re d'\u00e9crits, mais il est aussi fait d'un magist\u00e8re de gestes de fraternit\u00e9. Je crois que les chefs religieux attendent cette encyclique avec curiosit\u00e9, int\u00e9r\u00eat et espoir, sachant que le Pape propose un chemin commun \u00bb pr\u00e9cise le j\u00e9suite. \u00ab Nous sommes un peu les enfants d'une \u00e9poque o\u00f9 la relation entre la soci\u00e9t\u00e9 civile et la religion a \u00e9t\u00e9 probl\u00e9matique \u00bb, conclu Mgr Martinelli. \u00ab Ce n'est pas que pour bien s'entendre, comme si nous devions tous mettre notre exp\u00e9rience religieuse entre parenth\u00e8ses. Ce n'est pas possible, car c'est pr\u00e9cis\u00e9ment dans la reconnaissance de l'exp\u00e9rience religieuse et l'estime mutuelle que nous pouvons nous enrichir \u00bb.<\/h3>\n<h3><\/h3>\t\t\t\t<\/div>\n\t\t\t<\/div>\n\t\t<\/div>\n\t\t<\/div>\n<\/div>\n<\/div><\/div><\/div><div id=\"pgc-5285-2-2\"  class=\"panel-grid-cell panel-grid-cell-empty\" ><\/div><\/div><\/div>","protected":false},"excerpt":{"rendered":"<p>Pour souligner la port\u00e9e du d\u00e9placement du Pape Fran\u00e7ois \u00e0 Assise, Mgr Paolo Martinelli, \u00e9v\u00eaque auxiliaire de Milan et membre de la famille franciscaine revient sur le sens du lieu o\u00f9 saint Fran\u00e7ois a donn\u00e9 naissance \u00e0 une exp\u00e9rience de vie spirituelle, dont le c\u0153ur fondamental \u00e9tait pr\u00e9cis\u00e9ment la reconnaissance d&rsquo;\u00eatre fr\u00e8res les uns des [&hellip;]<\/p>\n","protected":false},"author":1,"featured_media":0,"parent":0,"menu_order":0,"comment_status":"closed","ping_status":"closed","template":"","meta":{"footnotes":""},"guten_post_layout_featured_media_urls":{"full":false,"thumbnail":false,"medium":false,"medium_large":false,"large":false,"1536x1536":false,"2048x2048":false,"guten_post_layout_landscape_large":false,"guten_post_layout_portrait_large":false,"guten_post_layout_square_large":false,"guten_post_layout_landscape":false,"guten_post_layout_portrait":false,"guten_post_layout_square":false,"post-thumbnail":false,"vantage-thumbnail-no-sidebar":false,"vantage-slide":false,"vantage-carousel":false,"vantage-grid-loop":false,"sow-carousel-default":false,"sow-post-carousel-overlay-theme":false},"rttpg_featured_image_url":null,"rttpg_author":{"display_name":"admin","author_link":"https:\/\/multimediamenard.org\/fr\/author\/admin\/"},"rttpg_comment":0,"rttpg_category":null,"rttpg_excerpt":"Pour souligner la port\u00e9e du d\u00e9placement du Pape Fran\u00e7ois \u00e0 Assise, Mgr Paolo Martinelli, \u00e9v\u00eaque auxiliaire de Milan et membre de la famille franciscaine revient sur le sens du lieu o\u00f9 saint Fran\u00e7ois a donn\u00e9 naissance \u00e0 une exp\u00e9rience de vie spirituelle, dont le c\u0153ur fondamental \u00e9tait pr\u00e9cis\u00e9ment la reconnaissance d'\u00eatre fr\u00e8res les uns des\u2026","_links":{"self":[{"href":"https:\/\/multimediamenard.org\/fr\/wp-json\/wp\/v2\/pages\/5285"}],"collection":[{"href":"https:\/\/multimediamenard.org\/fr\/wp-json\/wp\/v2\/pages"}],"about":[{"href":"https:\/\/multimediamenard.org\/fr\/wp-json\/wp\/v2\/types\/page"}],"author":[{"embeddable":true,"href":"https:\/\/multimediamenard.org\/fr\/wp-json\/wp\/v2\/users\/1"}],"replies":[{"embeddable":true,"href":"https:\/\/multimediamenard.org\/fr\/wp-json\/wp\/v2\/comments?post=5285"}],"version-history":[{"count":16,"href":"https:\/\/multimediamenard.org\/fr\/wp-json\/wp\/v2\/pages\/5285\/revisions"}],"predecessor-version":[{"id":5302,"href":"https:\/\/multimediamenard.org\/fr\/wp-json\/wp\/v2\/pages\/5285\/revisions\/5302"}],"wp:attachment":[{"href":"https:\/\/multimediamenard.org\/fr\/wp-json\/wp\/v2\/media?parent=5285"}],"curies":[{"name":"wp","href":"https:\/\/api.w.org\/{rel}","templated":true}]}}